{"id":23822,"date":"2026-03-16T18:00:36","date_gmt":"2026-03-16T17:00:36","guid":{"rendered":"https:\/\/onezone.ch\/?page_id=23822"},"modified":"2026-03-16T18:00:37","modified_gmt":"2026-03-16T17:00:37","slug":"apercu-des-assurances-assurances-suisses-2","status":"publish","type":"page","link":"https:\/\/onezone.ch\/fr\/apercu-des-assurances-assurances-suisses-2\/","title":{"rendered":"Aper\u00e7u des assurances : Assurances suisses"},"content":{"rendered":"\n\n<section id=\"res-header-image-block_c31201ee775dd494d79285b23f41f450\" class=\"res-block res-header-image alignfull \">\n  <div class=\"res-header-img-outside m-no\" data-aos=\"res-fadeIn\">\n\t<div class=\"res-header-height\">\n\t\t\n\t\n\t  <style> \n\t\t  @media only screen and (min-width: 970px) {\n\t\t\t #res-header-image-block_c31201ee775dd494d79285b23f41f450.res-header-image .layout-1.header-img-height { height: 66vh;}  \n\t\t\t #res-header-image-block_c31201ee775dd494d79285b23f41f450.res-header-image .layout-1 .res-header-image-vertical-center { top: 66%;} \n\t\t\t  \t\t\t  \n\t\t\t  \n\t\t  }\n\t\t  @media only screen and (max-width: 970px) {  \n\t\t\t#res-header-image-block_c31201ee775dd494d79285b23f41f450.res-header-image .layout-1.header-img-height { height: 55vh;} \n\t\t\t  \n\t\t\t  \n\t\t\t    #res-header-image-block_c31201ee775dd494d79285b23f41f450.res-header-image .layout-1 .res-header-image-vertical-center { top: 55%;}\t\t\t  \t\t  }\n\t\t  \t  <\/style> \n\t\t\n\t  <div class=\"layout-1 jarallax header-img-height\" data-speed=\"0.6\" style=\"couleur de fond : #000;\">\n\t\t  \n\t\t\t\t<div class=\"res-header-image-vertical-center\">\n\t\t\t\t\t<div class=\"container-fluid\">\n\t\t\t\t\t\t\n\t\t\t\t\t\t<div class=\"sloganBox\">\n                           <div class=\"row\">\n                             <div class=\"col col-md-8 text-left\">\n\t\t\t\t\t\t\t\t <div class=\"\" data-aos=\"res-leftIncoming\" (en anglais)>\n\t\t\t\t\t\t\t\t \n                                \t\n\t\t\t\t\t\t\t\t \n                                  \n\t\t\t\t\t\t\t\t \t<h2>Assurances obligatoires en Suisse<\/h2>\n                                \t\t\t\t\t\t\t\t \n                                \t\n\t\t\t\t\t\t\t\t \n\t\t\t\t\t\t\t\t\t\t\t\t\t\t\t\t  <h4>Assurances dont tu as besoin en tant que personne priv\u00e9e en Suisse &#8211; et que tu devrais souscrire en plus<\/h4>\n\t\t\t\t\t\t\t\t\t\n\n\t\t\t\t\t\t\t\t \t\t\t\t\t\t\t\t \n\t\t\t\t\t\t\t\t\t<\/div>\n\t\t\t\t                 <\/div>\n\t\t\t\t\t\t\t<\/div>\n\t\t\t\t\t\t<\/div>\n\n\t\t\t\t\t<\/div>\n\t\t\t\t<\/div>\n\t\t\t\t\n\t\t\t\t\t\t<img decoding=\"async\" class=\"jarallax-img img-fluid\" src=\"https:\/\/onezone.ch\/wp-content\/uploads\/2023\/04\/Bild-Zurich-Reisende-Neu.png\" alt=\"\"  style=\"opacity: 0.9;\" \/>\n\t\t    \t\t  \n\t\t\t\t\t  \n\t\t   <\/div>\n\t\t\t \n\t \n\n\n\t\t<\/div>\n\t<\/div>\n<\/section>\t\n\n\n<div class=\"wp-block-columns is-layout-flex wp-container-core-columns-is-layout-9d6595d7 wp-block-columns-is-layout-flex\">\n<div class=\"wp-block-column is-layout-flow wp-block-column-is-layout-flow\">\t<section id=\"res-nav-tab-block_5aea37ceea12befc2c438b94fc56d5fc\" class=\"res-block res-navtab alignfull layout02 py-2 Grau sticky-subnav \" style=\"background-color: #eeeff6;\">\r\n\t\t<div class=\"inner-container container-fluid\" data-aos=\"res-fadeIn\">\r\n\r\n\t\t\t\r\n\t\t\t\t\t\t\r\n\t\t\t\t\t\t\r\n\t\t\t\t\t\t\t\t\t\t\t\t\t<div class=\"tabs tabs-acf\">\r\n\t\t\t\t\t\t\t\t<div class=\"tabsNav tab-links\">\r\n\t\t\t\t\t\t\t\t\t<ul class=\"nav nav-pills nav-fill nav-quer\">\r\n\t\t\t\t\t\t\t\t\t\t\r\n\t\t\t\t\t\t\t\t\t\t\t\t\t<li class=\"nav-single-tab nav-item\">\r\n\t\t\t\t\t\t\t\t\t\t\t\t\t\t<a class=\"nav-link scrollerTo\"href=\"#caisse-maladie\" target=\"_parent\"><span>Caisse d&rsquo;assurance maladie<\/span><\/a>\r\n\t\t\t\t\t\t\t\t\t\t\t\t\t<\/li>\r\n\t\t\t\t\t\t\t\t\t\t\t\t\t\r\n\t\t\t\t\t\t\t\t\t\t\t\t\t<li class=\"nav-single-tab nav-item\">\r\n\t\t\t\t\t\t\t\t\t\t\t\t\t\t<a class=\"nav-link scrollerTo\"href=\"#vehicules-a-moteur\" target=\"_parent\"><span>V\u00e9hicules \u00e0 moteur<\/span><\/a>\r\n\t\t\t\t\t\t\t\t\t\t\t\t\t<\/li>\r\n\t\t\t\t\t\t\t\t\t\t\t\t\t\r\n\t\t\t\t\t\t\t\t\t\t\t\t\t<li class=\"nav-single-tab nav-item\">\r\n\t\t\t\t\t\t\t\t\t\t\t\t\t\t<a class=\"nav-link scrollerTo\"href=\"#prevoyance\" target=\"_parent\"><span>Pr\u00e9voyance pilier 3a &amp; 3b<\/span><\/a>\r\n\t\t\t\t\t\t\t\t\t\t\t\t\t<\/li>\r\n\t\t\t\t\t\t\t\t\t\t\t\t\t\r\n\t\t\t\t\t\t\t\t\t\t\t\t\t<li class=\"nav-single-tab nav-item\">\r\n\t\t\t\t\t\t\t\t\t\t\t\t\t\t<a class=\"nav-link scrollerTo\"href=\"#maison-batiment\" target=\"_parent\"><span>Assurance m\u00e9nage et b\u00e2timent<\/span><\/a>\r\n\t\t\t\t\t\t\t\t\t\t\t\t\t<\/li>\r\n\t\t\t\t\t\t\t\t\t\t\t\t\t\r\n\t\t\t\t\t\t\t\t\t\t\t\t\t<li class=\"nav-single-tab nav-item\">\r\n\t\t\t\t\t\t\t\t\t\t\t\t\t\t<a class=\"nav-link scrollerTo\"href=\"#assurances\" target=\"_parent\"><span>Assurances diverses<\/span><\/a>\r\n\t\t\t\t\t\t\t\t\t\t\t\t\t<\/li>\r\n\t\t\t\t\t\t\t\t\t\t\t\t\t\t\t\t\t\t\t\t\t\t<\/ul>\r\n\t\t\t\t\t\t\t\t<\/div>\r\n\t\t\t\t\t\t\t<\/div>\r\n\t\t\t\t\t\t\r\n\t\t\t\t\t\t\r\n\t\t<\/div>\r\n\t<\/section>\r\n\r\n<\/div>\n<\/div>\n\n\n\n<div style=\"height:44px\" aria-hidden=\"true\" class=\"wp-block-spacer\"><\/div>\n\n\n\r\n\r\n<section id=\"res-txt-block_cf5028ac6430d89f35493d2c4eb1ed73\" class=\"res-block res-txt alignfull layout01 py-2 Transparent\" style=\"background: transparent;\">\r\n  <div class=\"inner-container container-fluid\" data-aos=\"res-fadeIn\">\r\n \r\n\t\t  \r\n\t\t \t  \r\n      \r\n      <div class=\"layout-1 txt-section\">\r\n\t\t<div class=\"row\">\t\r\n\t\t\t\r\n\t\t\r\n\t\t\t<div class=\"col-md-10 var-1spalten mx-auto text-center\">\r\n\t\t\t\t\r\n\t\t\t\t<div class=\"txt-title-field\">\r\n\t\r\n\t\t\t\t\t\r\n\r\n\t\t\t\t  \r\n\t\t\t\t\t<h2>Aper\u00e7u des assurances obligatoires et facultatives en Suisse &#8211; expliqu\u00e9 simplement<\/h2>\r\n\t\t\t\t\r\n\t\t\t\t\t\r\n\t\t\t\t\t \r\n\t\t\t\t\t<\/div> \r\n\t\t\t\t\t\r\n\t\t\t\t\t<div class=\"txt-textfield postContent pt-md-2\">\r\n\t\t\t\t\t\t\t\r\n\t\t\t\t\t<\/div> \r\n\t\t\t\t\t\r\n\t\t\t\t\t <div class=\"txt-textfield-btns pt-2 \">\r\n\t\t\t\t\t\t  \r\n\t\t\t\t\t<\/div> \r\n\t\t\t\t\r\n\t\t\t\t\t\t\t\t\t\t\t  <p class=\"res-txt-arrow pt-1 pl-md-2 mx-auto text-center\"><a class=\"scrollerTo\" href=\"#caisse-maladie\"><i class=\"fal fa-arrow-down\" aria-hidden=\"true\"><\/i><\/a><\/p>\r\n\t\t\t\t\t\t\t\r\n\t\r\n\t\t\t\t<\/div>\r\n\r\n\t\t \r\n\t\t\t\r\n\t\t\t\r\n\t\t\t\r\n\r\n\t\t\t\t\t\r\n\t\t <\/div> \t\r\n\t\t<\/div>\r\n\t \r\n\t  \r\n \r\n \r\n\t<\/div>\r\n<\/section>\r\n\r\n\n\n\r\n  \r\n\t<style>\r\n\t\t.link-anker-with-no-padding {padding: 0 !important;}\r\n  <\/style>\r\n\r\n<section id=\"caisse-maladie\" class=\"res-block res-link-anker py-4 Transparent link-anker-with-no-padding\" style=\"background: transparent;\">\r\n  <div class=\"inner-container container-off\" data-aos=\"res-fadeIn\">\r\n\t\r\n\t\t\r\n\t  \r\n\r\n\t<\/div>\r\n<\/section>\n\n\n<h2 class=\"wp-block-heading\" id=\"h-caisse-d-assurance-maladie\">Caisse d&rsquo;assurance maladie<\/h2>\n\n\n\r\n\r\n<section id=\"res-txt-block_2db2cee0757c8865bad6245a824e7b83\" class=\"res-block res-txt layout01 py-2 Transparent\" style=\"background: transparent;\">\r\n  <div class=\"inner-container container-off\" data-aos=\"res-fadeIn\">\r\n \r\n\t\t  \r\n\t\t \t  \r\n      \r\n      <div class=\"layout-1 txt-section\">\r\n\t\t<div class=\"row\">\t\r\n\t\t\t\r\n\t\t\r\n\t\t\t<div class=\"col-md-12 var-1spalten text-left\">\r\n\t\t\t\t\r\n\t\t\t\t<div class=\"txt-title-field\">\r\n\t\r\n\t\t\t\t\t\r\n\r\n\t\t\t\t\r\n\t\t\t\t \r\n\t\t\t\t   <h3>Le syst\u00e8me de sant\u00e9 en Suisse<\/h3>\r\n\t\t\t\t\t\r\n\t\t\t\t\t \r\n\t\t\t\t\t<\/div> \r\n\t\t\t\t\t\r\n\t\t\t\t\t<div class=\"txt-textfield postContent pt-md-1\">\r\n\t\t\t\t\t\t\t\t\t\t  <p>Toute personne r\u00e9sidant en Suisse est tenue de s&rsquo;assurer aupr\u00e8s d&rsquo;une caisse maladie pour la couverture de base. Cette couverture de base assure les frais m\u00e9dicaux et hospitaliers en cas de maladie et d&rsquo;accident. Elle est toujours valable \u00e0 partir de la date officielle d&rsquo;entr\u00e9e en Suisse, m\u00eame si l&rsquo;inscription aupr\u00e8s de l&rsquo;assurance maladie doit \u00eatre conclue <strong>dans les trois mois suivant la date d&rsquo;entr\u00e9e<\/strong>. Cela signifie que les primes sont toujours dues r\u00e9troactivement \u00e0 partir du d\u00e9but.<\/p>\n<p>Le choix de la caisse maladie t&rsquo;appartient, dans la mesure o\u00f9 tu ne d\u00e9passes pas ce d\u00e9lai.<\/p>\n<p>Il est recommand\u00e9 de comparer les primes et les prestations, car les caisses-maladie offrent diff\u00e9rentes possibilit\u00e9s d&rsquo;\u00e9conomie avec des mod\u00e8les d&rsquo;assurance et des franchises diff\u00e9rents.<\/p>\n\t\t\t\t\t\t\t\r\n\t\t\t\t\t<\/div> \r\n\t\t\t\t\t\r\n\t\t\t\t\t <div class=\"txt-textfield-btns pt-2 text-left\">\r\n\t\t\t\t\t\t   \r\n\t\t\t\t\t\t\t\t\t\t\t\t\t\t\t<a class=\"btn  btn-primary \" href=\"https:\/\/app.onezone.ch\/fr\/rechner\/step-1\" target=\"_blank\">Calculer l&#039;offre maintenant<\/a>\r\n\t\t\t\t\t\t\t\t\t\t\t\t\t\t\t<a class=\"btn  btn-primary \" href=\"https:\/\/onezone.ch\/fr\/formulaire-de-demande-premiere-demande-nouvelle-en-suisse\/\" target=\"_blank\">Demander des offres pour toutes les assurances  <\/a>\r\n\t\t\t\t\t\t\t\t\t\t\t\t\t \r\n\t\t\t\t\t<\/div> \r\n\t\t\t\t\r\n\t\t\t\t\t\t\r\n\t\r\n\t\t\t\t<\/div>\r\n\r\n\t\t \r\n\t\t\t\r\n\t\t\t\r\n\t\t\t\r\n\r\n\t\t\t\t\t\r\n\t\t <\/div> \t\r\n\t\t<\/div>\r\n\t \r\n\t  \r\n \r\n \r\n\t<\/div>\r\n<\/section>\r\n\r\n\n\n\r\n\r\n<section id=\"res-txt-block_56162a266788d51c56195b4aa3bb74bc\" class=\"res-block res-txt layout01 py-2 Grau\" style=\"background-color: #eeeff6;\">\r\n  <div class=\"inner-container container-off\" data-aos=\"res-fadeIn\">\r\n \r\n\t\t  \r\n\t\t \t  \r\n      \r\n      <div class=\"layout-1 txt-section\">\r\n\t\t<div class=\"row\">\t\r\n\t\t\t\r\n\t\t\r\n\t\t\t<div class=\"col-md-12 var-1spalten text-left\">\r\n\t\t\t\t\r\n\t\t\t\t<div class=\"txt-title-field\">\r\n\t\r\n\t\t\t\t\t\r\n\r\n\t\t\t\t\r\n\t\t\t\t \r\n\t\t\t\t   <h3>Assurance de base : diff\u00e9rents mod\u00e8les d&rsquo;assurance<\/h3>\r\n\t\t\t\t\t\r\n\t\t\t\t\t \r\n\t\t\t\t\t<\/div> \r\n\t\t\t\t\t\r\n\t\t\t\t\t<div class=\"txt-textfield postContent pt-md-1\">\r\n\t\t\t\t\t\t\t\t\t\t  <p>Les <strong>prestations<\/strong> de l&rsquo;assurance de base sont identiques dans tous les mod\u00e8les.<\/p>\n<p>Les mod\u00e8les d&rsquo;assurance dans la LAMal (loi sur l&rsquo;assurance maladie) se distinguent par la 1\u00e8re prise de contact qui doit avoir lieu avec votre m\u00e9decin, un centre m\u00e9dical ou une hotline m\u00e9dicale, ainsi qu&rsquo;avec une pharmacie ou dans une variante combin\u00e9e.<\/p>\n<p>&nbsp;<\/p>\n<p>&nbsp;<\/p>\n\t\t\t\t\t\t\t\r\n\t\t\t\t\t<\/div> \r\n\t\t\t\t\t\r\n\t\t\t\t\t <div class=\"txt-textfield-btns pt-2 \">\r\n\t\t\t\t\t\t  \r\n\t\t\t\t\t<\/div> \r\n\t\t\t\t\r\n\t\t\t\t\t\t\r\n\t\r\n\t\t\t\t<\/div>\r\n\r\n\t\t \r\n\t\t\t\r\n\t\t\t\r\n\t\t\t\r\n\r\n\t\t\t\t\t\r\n\t\t <\/div> \t\r\n\t\t<\/div>\r\n\t \r\n\t  \r\n \r\n \r\n\t<\/div>\r\n<\/section>\r\n\r\n\n\n\r\n<section id=\"res-icons-text-block_fad88c75643dbce992f94a9920110194\" class=\"res-block res-icons-text p-no-padd \" style=\"background : transparent;\">\r\n  <div class=\"inner-container container-off\" data-aos=\"res-fadeIn\">\r\n\t  \r\n\t  <style>\r\n\t\t  #res-icons-text-block_fad88c75643dbce992f94a9920110194.res-icons-text .iconbox-bottom { margin-bottom:2%;}\r\n\t\t  #res-icons-text-block_fad88c75643dbce992f94a9920110194.res-icons-text .iconbox-side { margin-right:5%;}\r\n\t\t  #res-icons-text-block_fad88c75643dbce992f94a9920110194.res-icons-text .iconbox { font-size:90%; line-height: 150%;} \r\n\t  <\/style> \r\n\r\n <div class=\"icons-text-layout row row-cols-1 row-cols-md-5 no-gutters\">\r\n\t \r\n     \r\n      <div class=\"col-md iconbox-bottom\"> \r\n\t\t<div class=\"iconbox iconbox-side h-100 flatbox p-0\">\r\n\t\t  \r\n          <div class=\"row row-cols-2\">\r\n\t  \r\n\t\t\t   \t\t\t\t<div class=\"col-2 icons-txt-img pb-2 col-md-3\">\r\n\t\t\t\t\t \r\n\t\t\t\t\t<img decoding=\"async\" src=\"https:\/\/onezone.ch\/wp-content\/uploads\/2022\/08\/flag-150x150-1.png\" class=\"img-fluid w-100\" alt=\"icon suisse\" \/>\r\n\t\t\t\t\t\t\t\t\t<\/div>\r\n\t\t\t   \r\n\t\t\t\t<div class=\"col-10 icons-txt-content col-md-10\">\r\n\t\t\t\t\t<p><strong>Mod\u00e8le standard<\/strong>:<\/p>\n<p>Tu as le libre choix du m\u00e9decin parmi tous les m\u00e9decins FMH suisses. En cas de probl\u00e8me de sant\u00e9, il te suffit de te rendre chez n&rsquo;importe quel m\u00e9decin FMH en Suisse. C&rsquo;est certes le mod\u00e8le le plus simple et le plus libre, mais c&rsquo;est aussi le plus cher.<\/p>\n\t\t\t\t\r\n\t\t\t\t<\/div>\r\n\t\t\t\t  \r\n\t\t\t<\/div>\r\n\t\t\t\r\n          <\/div>\r\n      <\/div>\r\n\r\n\t  \r\n      \r\n      <div class=\"col-md iconbox-bottom\"> \r\n\t\t<div class=\"iconbox iconbox-side h-100 flatbox p-0\">\r\n\t\t  \r\n          <div class=\"row row-cols-2\">\r\n\t  \r\n\t\t\t   \t\t\t\t<div class=\"col-2 icons-txt-img pb-2 col-md-3\">\r\n\t\t\t\t\t \r\n\t\t\t\t\t<img decoding=\"async\" src=\"https:\/\/onezone.ch\/wp-content\/uploads\/2022\/08\/doctor-150x150-1.png\" class=\"img-fluid w-100\" alt=\"icon doktor\" \/>\r\n\t\t\t\t\t\t\t\t\t<\/div>\r\n\t\t\t   \r\n\t\t\t\t<div class=\"col-10 icons-txt-content col-md-10\">\r\n\t\t\t\t\t<p><strong>Mod\u00e8le du m\u00e9decin de famille<\/strong>:<\/p>\n<p>Dans ce mod\u00e8le, tu dois d\u00e9finir un m\u00e9decin de famille que tu consulteras pour chaque premi\u00e8re consultation. Ce m\u00e9decin t&rsquo;orientera vers des sp\u00e9cialistes si n\u00e9cessaire. Le m\u00e9decin choisi peut \u00eatre issu d&rsquo;une liste pr\u00e9d\u00e9finie par la caisse d&rsquo;assurance maladie ou \u00eatre choisi librement selon les cas &#8211;&gt; clarifie cela avec ton conseiller dans un premier temps.<br \/>\nGr\u00e2ce \u00e0 cette restriction, tu as une r\u00e9duction variable entre 10 et 17%, contrairement \u00e0 la prime du mod\u00e8le standard.<\/p>\n\t\t\t\t\r\n\t\t\t\t<\/div>\r\n\t\t\t\t  \r\n\t\t\t<\/div>\r\n\t\t\t\r\n          <\/div>\r\n      <\/div>\r\n\r\n\t  \r\n      \r\n      <div class=\"col-md iconbox-bottom\"> \r\n\t\t<div class=\"iconbox iconbox-side h-100 flatbox p-0\">\r\n\t\t  \r\n          <div class=\"row row-cols-2\">\r\n\t  \r\n\t\t\t   \t\t\t\t<div class=\"col-2 icons-txt-img pb-2 col-md-3\">\r\n\t\t\t\t\t \r\n\t\t\t\t\t<img decoding=\"async\" src=\"https:\/\/onezone.ch\/wp-content\/uploads\/2022\/08\/menschen-150x150-1.png\" class=\"img-fluid w-100\" alt=\"ic\u00f4ne groupe humain\" \/>\r\n\t\t\t\t\t\t\t\t\t<\/div>\r\n\t\t\t   \r\n\t\t\t\t<div class=\"col-10 icons-txt-content col-md-10\">\r\n\t\t\t\t\t<p><strong>Mod\u00e8le HMO :  <\/strong><\/p>\n<p>Tu choisis un r\u00e9seau de m\u00e9decins, un centre m\u00e9dical ou un m\u00e9decin sur une liste HMO \u00e9tablie par la compagnie d&rsquo;assurance et tu t&rsquo;adresses au centre\/m\u00e9decin indiqu\u00e9. Cette restriction te permet \u00e9galement de b\u00e9n\u00e9ficier d&rsquo;une r\u00e9duction variable de 10 \u00e0 17%.<\/p>\n\t\t\t\t\r\n\t\t\t\t<\/div>\r\n\t\t\t\t  \r\n\t\t\t<\/div>\r\n\t\t\t\r\n          <\/div>\r\n      <\/div>\r\n\r\n\t  \r\n      \r\n      <div class=\"col-md iconbox-bottom\"> \r\n\t\t<div class=\"iconbox iconbox-side h-100 flatbox p-0\">\r\n\t\t  \r\n          <div class=\"row row-cols-2\">\r\n\t  \r\n\t\t\t   \t\t\t\t<div class=\"col-2 icons-txt-img pb-2 col-md-3\">\r\n\t\t\t\t\t \r\n\t\t\t\t\t<img decoding=\"async\" src=\"https:\/\/onezone.ch\/wp-content\/uploads\/2022\/08\/Bruns_Icons_Telemedizin_blau_RZ.png\" class=\"img-fluid w-100\" alt=\"icon t\u00e9l\u00e9m\u00e9decine\" \/>\r\n\t\t\t\t\t\t\t\t\t<\/div>\r\n\t\t\t   \r\n\t\t\t\t<div class=\"col-10 icons-txt-content col-md-10\">\r\n\t\t\t\t\t<p><strong>Mod\u00e8le Telmed<\/strong>:<\/p>\n<p>Ici, tu dois contacter un centre d&rsquo;appel m\u00e9dical avant chaque consultation m\u00e9dicale (sauf pour les urgences, les gyn\u00e9cologues, les ophtalmologues et les dentistes). Dans certains mod\u00e8les, la proc\u00e9dure discut\u00e9e est obligatoire, dans d&rsquo;autres, tu as seulement l&rsquo;obligation d&rsquo;appeler et tu peux accepter la proc\u00e9dure comme \u00ab\u00a0recommandation\u00a0\u00bb et la suivre ou non. Ici aussi, la r\u00e9duction est de 10% \u00e0 17%.<\/p>\n\t\t\t\t\r\n\t\t\t\t<\/div>\r\n\t\t\t\t  \r\n\t\t\t<\/div>\r\n\t\t\t\r\n          <\/div>\r\n      <\/div>\r\n\r\n\t  \r\n      \r\n      <div class=\"col-md iconbox-bottom\"> \r\n\t\t<div class=\"iconbox iconbox-side h-100 flatbox p-0\">\r\n\t\t  \r\n          <div class=\"row row-cols-2\">\r\n\t  \r\n\t\t\t   \t\t\t\t<div class=\"col-2 icons-txt-img pb-2 col-md-3\">\r\n\t\t\t\t\t \r\n\t\t\t\t\t<img decoding=\"async\" src=\"https:\/\/onezone.ch\/wp-content\/uploads\/2022\/08\/apotheke.png\" class=\"img-fluid w-100\" alt=\"pharmacie icon\" \/>\r\n\t\t\t\t\t\t\t\t\t<\/div>\r\n\t\t\t   \r\n\t\t\t\t<div class=\"col-10 icons-txt-content col-md-10\">\r\n\t\t\t\t\t<p><strong>Mod\u00e8le mixte pharmacie\/m\u00e9decin de famille\/HMO\/t\u00e9l\u00e9m\u00e9decine<\/strong>:<\/p>\n<p>est un mod\u00e8le combin\u00e9 comme le \u00ab\u00a0<em>PharMed<\/em>\u00a0\u00bb Mod\u00e8le de  <em>Assura ou \u00ab\u00a0PrimaFlex\u00a0\u00bb du Groupe Mutuel  <\/em>  o\u00f9 tu dois d\u00e9signer un m\u00e9decin de famille (mod\u00e8le du m\u00e9decin de famille) tout en t&rsquo;engageant \u00e0 acheter les m\u00e9dicaments aupr\u00e8s d&rsquo;une pharmacie partenaire d&rsquo;Assura (mod\u00e8le de la pharmacie) ou, comme au Groupe Mutuel, tu peux utiliser le m\u00e9decin de famille, le pharmacien et la t\u00e9l\u00e9m\u00e9decine comme premier contact. Ou avec le \u00ab\u00a0<em>Favori Sante<\/em>\u00a0\u00bb de <em>Swica<\/em>, tu choisis un m\u00e9decin sur la liste HMO (mod\u00e8le HMO), et tu peux choisir librement si tu vas maintenant chez le m\u00e9decin choisi ou si tu veux consulter directement la hotline m\u00e9dicale (mod\u00e8le Telmed), etc. Le rabais varie de 10% \u00e0 17%.<\/p>\n\t\t\t\t\r\n\t\t\t\t<\/div>\r\n\t\t\t\t  \r\n\t\t\t<\/div>\r\n\t\t\t\r\n          <\/div>\r\n      <\/div>\r\n\r\n\t  \r\n               <\/div>  \r\n\t  \r\n\t  \r\n\t<\/div>\r\n<\/section>\r\n\r\n\n\n\r\n\r\n<section id=\"res-txt-block_b167d2fce1f1f95df992f5373408de12\" class=\"res-block res-txt alignfull layout01 py-3 Transparent\" style=\"background: transparent;\">\r\n  <div class=\"inner-container container-off\" data-aos=\"res-fadeIn\">\r\n \r\n\t\t  \r\n\t\t \t  \r\n      \r\n      <div class=\"layout-1 txt-section\">\r\n\t\t<div class=\"row\">\t\r\n\t\t\t\r\n\t\t\r\n\t\t\t<div class=\"col-md-12 var-1spalten text-left\">\r\n\t\t\t\t\r\n\t\t\t\t<div class=\"txt-title-field\">\r\n\t\r\n\t\t\t\t\t\r\n\r\n\t\t\t\t\r\n\t\t\t\t \r\n\t\t\t\t   <h3>Assurance de base : franchise et participation<\/h3>\r\n\t\t\t\t\t\r\n\t\t\t\t\t \r\n\t\t\t\t\t<\/div> \r\n\t\t\t\t\t\r\n\t\t\t\t\t<div class=\"txt-textfield postContent pt-md-2\">\r\n\t\t\t\t\t\t\t\t\t\t  <p>La <strong>franchise annuelle<\/strong> de l&rsquo;assurance de base peut \u00eatre choisie librement et est valable 1 an. Jusqu&rsquo;\u00e0 cette somme, tu dois payer toi-m\u00eame tes factures de m\u00e9decin qui ne sont pay\u00e9es <em>que <\/em>par l&rsquo;assurance de base (pas celles qui sont directement couvertes par une assurance compl\u00e9mentaire). Si tu atteins cette somme pendant un an, le reste est pris en charge par l&rsquo;assurance de base jusqu&rsquo;\u00e0 la fin de l&rsquo;ann\u00e9e. D\u00e8s qu&rsquo;une nouvelle ann\u00e9e arrive, on recommence \u00e0 z\u00e9ro.<\/p>\n<p>On peut en principe changer de franchise au 1er janvier de chaque ann\u00e9e. d&rsquo;une ann\u00e9e \u00e0 venir avec un pr\u00e9avis de 3 mois, ou jusqu&rsquo;\u00e0 fin novembre de l&rsquo;ann\u00e9e en cours pour en conclure une autre. Pour les franchises 300 avec mod\u00e8le standard, tu peux \u00e9galement les changer \u00e0 la moiti\u00e9 de l&rsquo;ann\u00e9e.<\/p>\n<p>&#8211;&gt; Les franchises pour <em>les adultes<\/em> sont : 300, 500, 1000, 1500, 2000 ou 2500.<\/p>\n<p><em>&#8211;&gt; Les enfants<\/em> peuvent choisir une franchise de 0, 100, 200, 300, 400, 500 ou 600.<\/p>\n<p>La <strong>quote-part<\/strong> s&rsquo;\u00e9l\u00e8ve \u00e0 10% des frais m\u00e9dicaux et est factur\u00e9e <em>en plus<\/em> de la franchise. La franchise a un montant annuel maximum de 700 CHF pour les adultes et de 350 CHF pour les enfants.<\/p>\n\t\t\t\t\t\t\t\r\n\t\t\t\t\t<\/div> \r\n\t\t\t\t\t\r\n\t\t\t\t\t <div class=\"txt-textfield-btns pt-2 \">\r\n\t\t\t\t\t\t  \r\n\t\t\t\t\t<\/div> \r\n\t\t\t\t\r\n\t\t\t\t\t\t\r\n\t\r\n\t\t\t\t<\/div>\r\n\r\n\t\t \r\n\t\t\t\r\n\t\t\t\r\n\t\t\t\r\n\r\n\t\t\t\t\t\r\n\t\t <\/div> \t\r\n\t\t<\/div>\r\n\t \r\n\t  \r\n \r\n \r\n\t<\/div>\r\n<\/section>\r\n\r\n\n\n\r\n\t<section id=\"res-collapse-block_cb38732b4f6f446b078cce1af12c887f\" class=\"res-collapse py-2 \" style=\"background : transparent;\">\r\n\t\t<div class=\"inner-container container-off\" data-aos=\"res-fadeIn\">\r\n\r\n\t\t\t<div id=\"res_collapse_UsWuxqnCmz\" class=\"collapse-all\">\r\n\t\t\t\t\t\t\t\t\r\n\t\t\t\t<div class=\"card\">\r\n\t\t\t\t\t<a data-anchor=\"#\" class=\"collapsed\" data-toggle=\"collapse\" data-target=\"#collapse-res-collapse-block_cb38732b4f6f446b078cce1af12c887f-1\" aria-expanded=\"true\" aria-controls=\"collapse-res-collapse-block_cb38732b4f6f446b078cce1af12c887f-1\">\r\n\t\t\t\t\t\t<div class=\"card-header d-flex justify-content-between\" id=\"heading-res-collapse-block_cb38732b4f6f446b078cce1af12c887f-1\">\r\n\r\n\t\t\t\t\t\t\t<!-- Title -->\r\n\t\t\t\t\t\t\t<h4 class=\"title-collapse\">Quelle franchise annuelle (quote-part) dois-je choisir ?<\/h4>\r\n\r\n\t\t\t\t\t\t\t<div class=\"collapse-icon\" id=\"arrow-collapse\"> <i class=\"fal fa-chevron-down rotate-icon\"><\/i><\/div>\r\n\t\t\t\t\t\t<\/div>\r\n\t\t\t\t\t<\/a>\r\n\r\n\t\t\t\t\t<div id=\"collapse-res-collapse-block_cb38732b4f6f446b078cce1af12c887f-1\" class=\"collapse\" aria-labelledby=\"heading-res-collapse-block_cb38732b4f6f446b078cce1af12c887f-1\" data-parent=\"#res_collapse_UsWuxqnCmz\">\r\n\t\t\t\t\t\t<div class=\"card-body\">\r\n\t\t\t\t\t\t\t<p>Lors du choix de la franchise annuelle, on tient compte des conditions financi\u00e8res, de sant\u00e9 et personnelles. On compare les \u00e9conomies de primes aux co\u00fbts possibles ou probables et on calcule ainsi strat\u00e9giquement la variante id\u00e9ale.<br \/>\nNous te montrerons volontiers un calcul adapt\u00e9 \u00e0 tes besoins.<\/p>\n<p><strong>Conseil<\/strong>: Mets de c\u00f4t\u00e9 chaque mois la prime \u00e9conomis\u00e9e et si tu dois payer une facture de m\u00e9decin ou si tu as besoin de m\u00e9dicaments, tu as d\u00e9j\u00e0 l&rsquo;argent n\u00e9cessaire pour cela. Apr\u00e8s un certain temps, ce syst\u00e8me te permettra d&rsquo;accumuler un capital consid\u00e9rable que tu pourras utiliser en cas d&rsquo;urgence pour les frais de sant\u00e9 ou, dans l&rsquo;id\u00e9al, dont tu pourras disposer librement.<\/p>\n\t\t\t\t\t\t<\/div>\r\n\t\t\t\t\t<\/div>\r\n\r\n\t\t\t\t<\/div>\r\n\r\n\t\t\t\t\t\t\t\t\t\t\t<\/div>\r\n\r\n\t\t<\/div>\r\n\t<\/section>\r\n\r\n\n\n\r\n\r\n\r\n<section id=\"res-btn-block_95c7870aae569036022d2efb4ef1190e\" class=\"res-block res-btn py-3 Transparent\" style=\"background: transparent;\">\r\n  <div class=\"inner-container container-off  \" data-aos=\"res-fadeIn\">\r\n\t  \r\n\t\r\n\t  \t\r\n\t  \r\n\t  \r\n\t\t<div class=\"ausrichtung-btn text-left\">\r\n\r\n\t\t\t\t\t<a class=\"btn  btn-primary \" href=\"https:\/\/app.onezone.ch\/fr\/rechner\/step-1\" target=\"_blank\">Calculer l&#039;offre de la caisse maladie<\/a>\r\n\t\t\t\t\t<a class=\"btn  btn-primary \" href=\"https:\/\/onezone.ch\/fr\/formulaire-de-demande-premiere-demande-nouvelle-en-suisse\/\" target=\"_blank\">Faire une demande pour toutes les assurances \u00e0 la fois<\/a>\r\n\t\t\t\t<\/div>\r\n\t\t  \r\n\t  \r\n\t  \r\n\t  \r\n\t<\/div>\r\n<\/section>\r\n\r\n\n\n\r\n  \r\n\t<style>\r\n\t\t.link-anker-with-no-padding {padding: 0 !important;}\r\n  <\/style>\r\n\r\n<section id=\"assurances complementairesk\" class=\"res-block res-link-anker py-4 Transparent link-anker-with-no-padding\" style=\"background: transparent;\">\r\n  <div class=\"inner-container container-off\" data-aos=\"res-fadeIn\">\r\n\t\r\n\t\t\r\n\t  \r\n\r\n\t<\/div>\r\n<\/section>\n\n\r\n\r\n<section id=\"res-txt-block_96f250da29a7b8aa77ebe31003fccf21\" class=\"res-block res-txt layout01 py-2 Transparent\" style=\"background: transparent;\">\r\n  <div class=\"inner-container container-off\" data-aos=\"res-fadeIn\">\r\n \r\n\t\t  \r\n\t\t \t  \r\n      \r\n      <div class=\"layout-1 txt-section\">\r\n\t\t<div class=\"row\">\t\r\n\t\t\t\r\n\t\t\r\n\t\t\t<div class=\"col-md-10 var-1spalten text-left\">\r\n\t\t\t\t\r\n\t\t\t\t<div class=\"txt-title-field\">\r\n\t\r\n\t\t\t\t\t\r\n\r\n\t\t\t\t\r\n\t\t\t\t \r\n\t\t\t\t   <h3>Assurances compl\u00e9mentaires facultatives<br \/>\r\n<\/h3>\r\n\t\t\t\t\t\r\n\t\t\t\t\t \r\n\t\t\t\t\t<\/div> \r\n\t\t\t\t\t\r\n\t\t\t\t\t<div class=\"txt-textfield postContent pt-md-2\">\r\n\t\t\t\t\t\t\t\t\t\t  <p>L&rsquo;assurance de base couvre les <strong>soins de base<\/strong> dans le canton de r\u00e9sidence pour les frais de m\u00e9decin et d&rsquo;h\u00f4pital en cas de maladie, d&rsquo;accident ou de maternit\u00e9.<\/p>\n<p>Les prestations telles que la m\u00e9decine alternative, les s\u00e9jours \u00e0 l&rsquo;\u00e9tranger, la couverture semi-priv\u00e9e et priv\u00e9e \u00e0 l&rsquo;h\u00f4pital, les sp\u00e9cialistes et les traitements par le m\u00e9decin-chef, les lunettes et les lentilles de contact ainsi que de nombreuses autres prestations doivent \u00eatre assur\u00e9es <em>s\u00e9par\u00e9ment<\/em> par le biais d&rsquo;un compl\u00e9ment.<\/p>\n<p>Certaines mutuelles proposent \u00e9galement des prestations ou des participations \u00e0 des activit\u00e9s pr\u00e9ventives telles que le fitness, les clubs de sport, les bilans de sant\u00e9, les conseils nutritionnels, etc.<\/p>\n\t\t\t\t\t\t\t\r\n\t\t\t\t\t<\/div> \r\n\t\t\t\t\t\r\n\t\t\t\t\t <div class=\"txt-textfield-btns pt-2 \">\r\n\t\t\t\t\t\t  \r\n\t\t\t\t\t<\/div> \r\n\t\t\t\t\r\n\t\t\t\t\t\t\r\n\t\r\n\t\t\t\t<\/div>\r\n\r\n\t\t \r\n\t\t\t\r\n\t\t\t\r\n\t\t\t\r\n\r\n\t\t\t\t\t\r\n\t\t <\/div> \t\r\n\t\t<\/div>\r\n\t \r\n\t  \r\n \r\n \r\n\t<\/div>\r\n<\/section>\r\n\r\n\n\n\r\n\t<section id=\"res-collapse-block_83d9500759824ed8bb596805771ad6dc\" class=\"res-collapse pb-4 \" style=\"background : transparent;\">\r\n\t\t<div class=\"inner-container container-off\" data-aos=\"res-fadeIn\">\r\n\r\n\t\t\t<div id=\"res_collapse_EF6OEq7rEh\" class=\"collapse-all\">\r\n\t\t\t\t\t\t\t\t\r\n\t\t\t\t<div class=\"card\">\r\n\t\t\t\t\t<a data-anchor=\"#\" class=\"collapsed\" data-toggle=\"collapse\" data-target=\"#collapse-res-collapse-block_83d9500759824ed8bb596805771ad6dc-1\" aria-expanded=\"true\" aria-controls=\"collapse-res-collapse-block_83d9500759824ed8bb596805771ad6dc-1\">\r\n\t\t\t\t\t\t<div class=\"card-header d-flex justify-content-between\" id=\"heading-res-collapse-block_83d9500759824ed8bb596805771ad6dc-1\">\r\n\r\n\t\t\t\t\t\t\t<!-- Title -->\r\n\t\t\t\t\t\t\t<h4 class=\"title-collapse\">Urgences \u00e0 l&rsquo;\u00e9tranger<\/h4>\r\n\r\n\t\t\t\t\t\t\t<div class=\"collapse-icon\" id=\"arrow-collapse\"> <i class=\"fal fa-chevron-down rotate-icon\"><\/i><\/div>\r\n\t\t\t\t\t\t<\/div>\r\n\t\t\t\t\t<\/a>\r\n\r\n\t\t\t\t\t<div id=\"collapse-res-collapse-block_83d9500759824ed8bb596805771ad6dc-1\" class=\"collapse\" aria-labelledby=\"heading-res-collapse-block_83d9500759824ed8bb596805771ad6dc-1\" data-parent=\"#res_collapse_EF6OEq7rEh\">\r\n\t\t\t\t\t\t<div class=\"card-body\">\r\n\t\t\t\t\t\t\t<p>L&rsquo;assurance de base ne couvre au maximum que le double du montant qui serait pay\u00e9 dans le canton de r\u00e9sidence. Dans des pays comme l&rsquo;Am\u00e9rique, le Canada et d&rsquo;autres pays transoc\u00e9aniques, cela ne suffirait pas, car ils co\u00fbtent bien plus que \u00ab\u00a0seulement\u00a0\u00bb le double. Par exemple, en Am\u00e9rique, une journ\u00e9e d&rsquo;hospitalisation peut tr\u00e8s vite co\u00fbter jusqu&rsquo;\u00e0 10&rsquo;000 CHF. Le client devrait donc assumer lui-m\u00eame la diff\u00e9rence s&rsquo;il n&rsquo;a pas souscrit d&rsquo;assurance compl\u00e9mentaire \u00e0 cet effet.<\/p>\n\t\t\t\t\t\t<\/div>\r\n\t\t\t\t\t<\/div>\r\n\r\n\t\t\t\t<\/div>\r\n\r\n\t\t\t\t\r\n\t\t\t\t<div class=\"card\">\r\n\t\t\t\t\t<a data-anchor=\"#\" class=\"collapsed\" data-toggle=\"collapse\" data-target=\"#collapse-res-collapse-block_83d9500759824ed8bb596805771ad6dc-2\" aria-expanded=\"true\" aria-controls=\"collapse-res-collapse-block_83d9500759824ed8bb596805771ad6dc-2\">\r\n\t\t\t\t\t\t<div class=\"card-header d-flex justify-content-between\" id=\"heading-res-collapse-block_83d9500759824ed8bb596805771ad6dc-2\">\r\n\r\n\t\t\t\t\t\t\t<!-- Title -->\r\n\t\t\t\t\t\t\t<h4 class=\"title-collapse\">Frais de transport<\/h4>\r\n\r\n\t\t\t\t\t\t\t<div class=\"collapse-icon\" id=\"arrow-collapse\"> <i class=\"fal fa-chevron-down rotate-icon\"><\/i><\/div>\r\n\t\t\t\t\t\t<\/div>\r\n\t\t\t\t\t<\/a>\r\n\r\n\t\t\t\t\t<div id=\"collapse-res-collapse-block_83d9500759824ed8bb596805771ad6dc-2\" class=\"collapse\" aria-labelledby=\"heading-res-collapse-block_83d9500759824ed8bb596805771ad6dc-2\" data-parent=\"#res_collapse_EF6OEq7rEh\">\r\n\t\t\t\t\t\t<div class=\"card-body\">\r\n\t\t\t\t\t\t\t<p>L&rsquo;assurance de base te rembourse les frais de transport \u00e0 hauteur de 50 %, jusqu&rsquo;\u00e0 un maximum de 50 %. CHF 500. Si tu es transport\u00e9 en ambulance, cela peut toutefois co\u00fbter plusieurs milliers de francs, selon la distance jusqu&rsquo;\u00e0 l&rsquo;h\u00f4pital le plus proche. De m\u00eame, le rapatriement en Suisse n&rsquo;est g\u00e9n\u00e9ralement pas couvert par l&rsquo;assurance de base. L\u00e0 aussi, il vaut la peine d&rsquo;avoir une couverture compl\u00e9mentaire qui couvre cette lacune.<\/p>\n\t\t\t\t\t\t<\/div>\r\n\t\t\t\t\t<\/div>\r\n\r\n\t\t\t\t<\/div>\r\n\r\n\t\t\t\t\r\n\t\t\t\t<div class=\"card\">\r\n\t\t\t\t\t<a data-anchor=\"#\" class=\"collapsed\" data-toggle=\"collapse\" data-target=\"#collapse-res-collapse-block_83d9500759824ed8bb596805771ad6dc-3\" aria-expanded=\"true\" aria-controls=\"collapse-res-collapse-block_83d9500759824ed8bb596805771ad6dc-3\">\r\n\t\t\t\t\t\t<div class=\"card-header d-flex justify-content-between\" id=\"heading-res-collapse-block_83d9500759824ed8bb596805771ad6dc-3\">\r\n\r\n\t\t\t\t\t\t\t<!-- Title -->\r\n\t\t\t\t\t\t\t<h4 class=\"title-collapse\">Service hospitalier<\/h4>\r\n\r\n\t\t\t\t\t\t\t<div class=\"collapse-icon\" id=\"arrow-collapse\"> <i class=\"fal fa-chevron-down rotate-icon\"><\/i><\/div>\r\n\t\t\t\t\t\t<\/div>\r\n\t\t\t\t\t<\/a>\r\n\r\n\t\t\t\t\t<div id=\"collapse-res-collapse-block_83d9500759824ed8bb596805771ad6dc-3\" class=\"collapse\" aria-labelledby=\"heading-res-collapse-block_83d9500759824ed8bb596805771ad6dc-3\" data-parent=\"#res_collapse_EF6OEq7rEh\">\r\n\t\t\t\t\t\t<div class=\"card-body\">\r\n\t\t\t\t\t\t\t<p>En Suisse, la couverture de base ne paie que le tarif applicable au lieu de r\u00e9sidence et de travail. Si tu te rends dans un h\u00f4pital plus cher en dehors de ces cantons, par exemple pour y consulter un sp\u00e9cialiste qui ne travaille pas dans ton canton de r\u00e9sidence ou de travail, la diff\u00e9rence de co\u00fbts ne serait pas prise en charge par l&rsquo;assurance de base &#8211; et les tarifs varient extr\u00eamement d&rsquo;un canton \u00e0 l&rsquo;autre.<\/p>\n\t\t\t\t\t\t<\/div>\r\n\t\t\t\t\t<\/div>\r\n\r\n\t\t\t\t<\/div>\r\n\r\n\t\t\t\t\r\n\t\t\t\t<div class=\"card\">\r\n\t\t\t\t\t<a data-anchor=\"#\" class=\"collapsed\" data-toggle=\"collapse\" data-target=\"#collapse-res-collapse-block_83d9500759824ed8bb596805771ad6dc-4\" aria-expanded=\"true\" aria-controls=\"collapse-res-collapse-block_83d9500759824ed8bb596805771ad6dc-4\">\r\n\t\t\t\t\t\t<div class=\"card-header d-flex justify-content-between\" id=\"heading-res-collapse-block_83d9500759824ed8bb596805771ad6dc-4\">\r\n\r\n\t\t\t\t\t\t\t<!-- Title -->\r\n\t\t\t\t\t\t\t<h4 class=\"title-collapse\">M\u00e9decine naturelle<\/h4>\r\n\r\n\t\t\t\t\t\t\t<div class=\"collapse-icon\" id=\"arrow-collapse\"> <i class=\"fal fa-chevron-down rotate-icon\"><\/i><\/div>\r\n\t\t\t\t\t\t<\/div>\r\n\t\t\t\t\t<\/a>\r\n\r\n\t\t\t\t\t<div id=\"collapse-res-collapse-block_83d9500759824ed8bb596805771ad6dc-4\" class=\"collapse\" aria-labelledby=\"heading-res-collapse-block_83d9500759824ed8bb596805771ad6dc-4\" data-parent=\"#res_collapse_EF6OEq7rEh\">\r\n\t\t\t\t\t\t<div class=\"card-body\">\r\n\t\t\t\t\t\t\t<p>Depuis 2012, certaines prestations de m\u00e9decine compl\u00e9mentaire sont \u00e9galement couvertes par l&rsquo;assurance de base, mais uniquement si elles sont effectu\u00e9es par des m\u00e9decins ayant suivi certaines formations compl\u00e9mentaires. De plus, toutes les th\u00e9rapies alternatives ne sont pas reconnues.<\/p>\n\t\t\t\t\t\t<\/div>\r\n\t\t\t\t\t<\/div>\r\n\r\n\t\t\t\t<\/div>\r\n\r\n\t\t\t\t\r\n\t\t\t\t<div class=\"card\">\r\n\t\t\t\t\t<a data-anchor=\"#\" class=\"collapsed\" data-toggle=\"collapse\" data-target=\"#collapse-res-collapse-block_83d9500759824ed8bb596805771ad6dc-5\" aria-expanded=\"true\" aria-controls=\"collapse-res-collapse-block_83d9500759824ed8bb596805771ad6dc-5\">\r\n\t\t\t\t\t\t<div class=\"card-header d-flex justify-content-between\" id=\"heading-res-collapse-block_83d9500759824ed8bb596805771ad6dc-5\">\r\n\r\n\t\t\t\t\t\t\t<!-- Title -->\r\n\t\t\t\t\t\t\t<h4 class=\"title-collapse\">Lunettes\/lentilles<\/h4>\r\n\r\n\t\t\t\t\t\t\t<div class=\"collapse-icon\" id=\"arrow-collapse\"> <i class=\"fal fa-chevron-down rotate-icon\"><\/i><\/div>\r\n\t\t\t\t\t\t<\/div>\r\n\t\t\t\t\t<\/a>\r\n\r\n\t\t\t\t\t<div id=\"collapse-res-collapse-block_83d9500759824ed8bb596805771ad6dc-5\" class=\"collapse\" aria-labelledby=\"heading-res-collapse-block_83d9500759824ed8bb596805771ad6dc-5\" data-parent=\"#res_collapse_EF6OEq7rEh\">\r\n\t\t\t\t\t\t<div class=\"card-body\">\r\n\t\t\t\t\t\t\t<p>Pour les aides visuelles, les enfants jusqu&rsquo;\u00e0 18 ans re\u00e7oivent une contribution par an. Les jeunes adultes re\u00e7oivent 0.- CHF pour cela.<\/p>\n<p>Les porteurs de lunettes savent qu&rsquo;ils doivent passer un examen de la vue presque chaque ann\u00e9e et que leur vision peut changer tr\u00e8s rapidement, le plus souvent au cours de leurs jeunes ann\u00e9es, \u00e9ventuellement encore pendant leurs \u00e9tudes ou en raison de l&rsquo;utilisation si r\u00e9pandue aujourd&rsquo;hui des moyens num\u00e9riques tels que les ordinateurs, les t\u00e9l\u00e9phones portables et les tablettes. Tr\u00e8s rapidement, une nouvelle paire de lunettes peut \u00eatre n\u00e9cessaire. Pour les porteurs de lunettes, il vaut la peine d&rsquo;obtenir un peu de soutien de la part de la caisse de maladie. Dans de nombreux cas, une assurance compl\u00e9mentaire avec contribution aux lunettes prend \u00e9galement en charge une contribution au laser pour les yeux.<\/p>\n\t\t\t\t\t\t<\/div>\r\n\t\t\t\t\t<\/div>\r\n\r\n\t\t\t\t<\/div>\r\n\r\n\t\t\t\t\t\t\t\t\t\t\t<\/div>\r\n\r\n\t\t<\/div>\r\n\t<\/section>\r\n\r\n\n\n\r\n\r\n<section id=\"res-txt-block_d6a66179979f01f3b168fde958bcfe63\" class=\"res-block res-txt layout01 pt-2 Grau\" style=\"background-color: #eeeff6;\">\r\n  <div class=\"inner-container container-off\" data-aos=\"res-fadeIn\">\r\n \r\n\t\t  \r\n\t\t \t  \r\n      \r\n      <div class=\"layout-1 txt-section\">\r\n\t\t<div class=\"row\">\t\r\n\t\t\t\r\n\t\t\r\n\t\t\t<div class=\"col-md-10 var-1spalten text-left\">\r\n\t\t\t\t\r\n\t\t\t\t<div class=\"txt-title-field\">\r\n\t\r\n\t\t\t\t\t\r\n\r\n\t\t\t\t\r\n\t\t\t\t \r\n\t\t\t\t   <h3>Conseils et astuces sur la caisse maladie<\/h3>\r\n\t\t\t\t\t\r\n\t\t\t\t\t \r\n\t\t\t\t\t<\/div> \r\n\t\t\t\t\t\r\n\t\t\t\t\t<div class=\"txt-textfield postContent pt-md-0\">\r\n\t\t\t\t\t\t\t\r\n\t\t\t\t\t<\/div> \r\n\t\t\t\t\t\r\n\t\t\t\t\t <div class=\"txt-textfield-btns pt-2 \">\r\n\t\t\t\t\t\t  \r\n\t\t\t\t\t<\/div> \r\n\t\t\t\t\r\n\t\t\t\t\t\t\r\n\t\r\n\t\t\t\t<\/div>\r\n\r\n\t\t \r\n\t\t\t\r\n\t\t\t\r\n\t\t\t\r\n\r\n\t\t\t\t\t\r\n\t\t <\/div> \t\r\n\t\t<\/div>\r\n\t \r\n\t  \r\n \r\n \r\n\t<\/div>\r\n<\/section>\r\n\r\n\n\n\r\n\t<section id=\"res-collapse-block_9eca0b6e32595827732b737f82c9579b\" class=\"res-collapse pb-2 \" style=\"background : transparent;\">\r\n\t\t<div class=\"inner-container container-off\" data-aos=\"res-fadeIn\">\r\n\r\n\t\t\t<div id=\"res_collapse_TPcfYk500L\" class=\"collapse-all\">\r\n\t\t\t\t\t\t\t\t\r\n\t\t\t\t<div class=\"card\">\r\n\t\t\t\t\t<a data-anchor=\"#\" class=\"collapsed\" data-toggle=\"collapse\" data-target=\"#collapse-res-collapse-block_9eca0b6e32595827732b737f82c9579b-1\" aria-expanded=\"true\" aria-controls=\"collapse-res-collapse-block_9eca0b6e32595827732b737f82c9579b-1\">\r\n\t\t\t\t\t\t<div class=\"card-header d-flex justify-content-between\" id=\"heading-res-collapse-block_9eca0b6e32595827732b737f82c9579b-1\">\r\n\r\n\t\t\t\t\t\t\t<!-- Title -->\r\n\t\t\t\t\t\t\t<h4 class=\"title-collapse\">Dois-je avoir une assurance de base et une assurance compl\u00e9mentaire aupr\u00e8s de la m\u00eame caisse maladie ?<\/h4>\r\n\r\n\t\t\t\t\t\t\t<div class=\"collapse-icon\" id=\"arrow-collapse\"> <i class=\"fal fa-chevron-down rotate-icon\"><\/i><\/div>\r\n\t\t\t\t\t\t<\/div>\r\n\t\t\t\t\t<\/a>\r\n\r\n\t\t\t\t\t<div id=\"collapse-res-collapse-block_9eca0b6e32595827732b737f82c9579b-1\" class=\"collapse\" aria-labelledby=\"heading-res-collapse-block_9eca0b6e32595827732b737f82c9579b-1\" data-parent=\"#res_collapse_TPcfYk500L\">\r\n\t\t\t\t\t\t<div class=\"card-body\">\r\n\t\t\t\t\t\t\t<p>Les assurances compl\u00e9mentaires ne doivent pas n\u00e9cessairement \u00eatre assur\u00e9es aupr\u00e8s de la m\u00eame caisse que l&rsquo;assurance de base. Ceux-ci peuvent \u00e9galement \u00eatre choisis librement. L&rsquo;avantage d&rsquo;avoir un seul assureur pour l&rsquo;assurance de base et les assurances compl\u00e9mentaires est que vous pouvez envoyer vos factures m\u00e9dicales directement \u00e0 l&rsquo;assureur ou via une application. Si tu as plusieurs assureurs, nous te recommandons de toujours envoyer tes copies de factures \u00e0 tous les assureurs. La caisse de maladie, qui est obligatoire, prendra alors en charge la prestation.<\/p>\n\t\t\t\t\t\t<\/div>\r\n\t\t\t\t\t<\/div>\r\n\r\n\t\t\t\t<\/div>\r\n\r\n\t\t\t\t\r\n\t\t\t\t<div class=\"card\">\r\n\t\t\t\t\t<a data-anchor=\"#\" class=\"collapsed\" data-toggle=\"collapse\" data-target=\"#collapse-res-collapse-block_9eca0b6e32595827732b737f82c9579b-2\" aria-expanded=\"true\" aria-controls=\"collapse-res-collapse-block_9eca0b6e32595827732b737f82c9579b-2\">\r\n\t\t\t\t\t\t<div class=\"card-header d-flex justify-content-between\" id=\"heading-res-collapse-block_9eca0b6e32595827732b737f82c9579b-2\">\r\n\r\n\t\t\t\t\t\t\t<!-- Title -->\r\n\t\t\t\t\t\t\t<h4 class=\"title-collapse\">Pourquoi devrais-je conclure un contrat pluriannuel ?<\/h4>\r\n\r\n\t\t\t\t\t\t\t<div class=\"collapse-icon\" id=\"arrow-collapse\"> <i class=\"fal fa-chevron-down rotate-icon\"><\/i><\/div>\r\n\t\t\t\t\t\t<\/div>\r\n\t\t\t\t\t<\/a>\r\n\r\n\t\t\t\t\t<div id=\"collapse-res-collapse-block_9eca0b6e32595827732b737f82c9579b-2\" class=\"collapse\" aria-labelledby=\"heading-res-collapse-block_9eca0b6e32595827732b737f82c9579b-2\" data-parent=\"#res_collapse_TPcfYk500L\">\r\n\t\t\t\t\t\t<div class=\"card-body\">\r\n\t\t\t\t\t\t\t<p>Certaines assurances compl\u00e9mentaires n&rsquo;existent que sous forme de contrat pluriannuel. Cela a du sens dans la mesure o\u00f9 les caisses peuvent ainsi proposer des primes plus avantageuses. Les assurances compl\u00e9mentaires peuvent \u00eatre r\u00e9sili\u00e9es \u00e0 la fin du contrat (il faut contr\u00f4ler les d\u00e9lais de r\u00e9siliation correspondants), ou si tu quittes d\u00e9finitivement la Suisse, ou si la prime est augment\u00e9e (le changement de prime d\u00fb \u00e0 l&rsquo;entr\u00e9e dans une autre classe d&rsquo;\u00e2ge n&rsquo;est pas consid\u00e9r\u00e9 comme une augmentation de prime).<\/p>\n\t\t\t\t\t\t<\/div>\r\n\t\t\t\t\t<\/div>\r\n\r\n\t\t\t\t<\/div>\r\n\r\n\t\t\t\t\r\n\t\t\t\t<div class=\"card\">\r\n\t\t\t\t\t<a data-anchor=\"#\" class=\"collapsed\" data-toggle=\"collapse\" data-target=\"#collapse-res-collapse-block_9eca0b6e32595827732b737f82c9579b-3\" aria-expanded=\"true\" aria-controls=\"collapse-res-collapse-block_9eca0b6e32595827732b737f82c9579b-3\">\r\n\t\t\t\t\t\t<div class=\"card-header d-flex justify-content-between\" id=\"heading-res-collapse-block_9eca0b6e32595827732b737f82c9579b-3\">\r\n\r\n\t\t\t\t\t\t\t<!-- Title -->\r\n\t\t\t\t\t\t\t<h4 class=\"title-collapse\">Comment et quand puis-je changer d&rsquo;assurance de base ?<\/h4>\r\n\r\n\t\t\t\t\t\t\t<div class=\"collapse-icon\" id=\"arrow-collapse\"> <i class=\"fal fa-chevron-down rotate-icon\"><\/i><\/div>\r\n\t\t\t\t\t\t<\/div>\r\n\t\t\t\t\t<\/a>\r\n\r\n\t\t\t\t\t<div id=\"collapse-res-collapse-block_9eca0b6e32595827732b737f82c9579b-3\" class=\"collapse\" aria-labelledby=\"heading-res-collapse-block_9eca0b6e32595827732b737f82c9579b-3\" data-parent=\"#res_collapse_TPcfYk500L\">\r\n\t\t\t\t\t\t<div class=\"card-body\">\r\n\t\t\t\t\t\t\t<p>En revanche, l&rsquo;assurance de base peut \u00eatre chang\u00e9e chaque ann\u00e9e et ind\u00e9pendamment des assurances compl\u00e9mentaires. Chaque ann\u00e9e, entre fin septembre et d\u00e9but octobre, l&rsquo;OFSP et la FINMA examinent les primes d&rsquo;assurance de base de tous les assureurs de base en Suisse. Les caisses maladie envoient ensuite la nouvelle police \u00e0 leurs clients avec les primes modifi\u00e9es en cons\u00e9quence. En raison de cette adaptation des primes, tu peux alors r\u00e9silier ton assureur de base jusqu&rsquo;au 30 novembre et en conclure un plus avantageux au 1er janvier de l&rsquo;ann\u00e9e suivante.<\/p>\n<p>Il vaut la peine de comparer les primes, car tu peux r\u00e9aliser d&rsquo;importantes \u00e9conomies avec une assurance de base moins ch\u00e8re &#8211; de plus, les prestations sont les m\u00eames chez tous les assureurs, car l&rsquo;assurance de base et les prestations correspondantes sont prescrites par la loi selon la LAMal (loi f\u00e9d\u00e9rale sur l&rsquo;assurance-maladie).<\/p>\n\t\t\t\t\t\t<\/div>\r\n\t\t\t\t\t<\/div>\r\n\r\n\t\t\t\t<\/div>\r\n\r\n\t\t\t\t\t\t\t\t\t\t\t<\/div>\r\n\r\n\t\t<\/div>\r\n\t<\/section>\r\n\r\n\n\n\r\n\r\n\r\n<section id=\"res-btn-block_b65a2667b5b46ad7a08e07c73c75ccdc\" class=\"res-block res-btn py-2 Transparent\" style=\"background: transparent;\">\r\n  <div class=\"inner-container container-off  \" data-aos=\"res-fadeIn\">\r\n\t  \r\n\t\r\n\t  \t\r\n\t  \r\n\t  \r\n\t\t<div class=\"ausrichtung-btn text-left\">\r\n\r\n\t\t\t\t\t<a class=\"btn  btn-primary \" href=\"https:\/\/app.krankenkassen.versicherung\/fr\/rechner\/step-1\" target=\"_blank\">Calculer l&#039;offre de la caisse maladie<\/a>\r\n\t\t\t\t\t<a class=\"btn  btn-primary \" href=\"https:\/\/onezone.ch\/fr\/formulaire-de-demande-premiere-demande-nouvelle-en-suisse\/\" target=\"_blank\">Faire une demande globale pour toutes les assurances<\/a>\r\n\t\t\t\t<\/div>\r\n\t\t  \r\n\t  \r\n\t  \r\n\t  \r\n\t<\/div>\r\n<\/section>\r\n\r\n\n\n\n<div style=\"height:144px\" aria-hidden=\"true\" class=\"wp-block-spacer\"><\/div>\n\n\n\r\n  \r\n\t<style>\r\n\t\t.link-anker-with-no-padding {padding: 0 !important;}\r\n  <\/style>\r\n\r\n<section id=\"vehicules-a-moteur\" class=\"res-block res-link-anker py-4 Transparent link-anker-with-no-padding\" style=\"background: transparent;\">\r\n  <div class=\"inner-container container-off\" data-aos=\"res-fadeIn\">\r\n\t\r\n\t\t\r\n\t  \r\n\r\n\t<\/div>\r\n<\/section>\n\n\n<h2 class=\"wp-block-heading\" id=\"h-vehicules-a-moteur\">V\u00e9hicules \u00e0 moteur<\/h2>\n\n\n\n<section id=\"res-table-block_83a56026e00f83a5a0fecaee78110e28\" class=\"res-block res-table alignfull pt-2 Grau\" style=\"background-color: #eeeff6;\">\n  <div class=\"inner-container container-fluid\" data-aos=\"res-fadeIn\">\n\n\t\t  \n\t \n\t  \n   <div class=\"layout-01 row row-cols-1 row-cols-md-3 no-gutters \">\n\n   <!--   Table Row  -->\n     \t \t  \n\t\t\t\t   <div class=\"col\">\n\t\t    <div class=\"table-spalte table-clean px-3\">\n\t\t\t   <h2>Obligatoire:<\/h2>\n<p>&nbsp;<\/p>\n<h3>Couverture de la responsabilit\u00e9 civile<\/h3>\n<p>Seule l&rsquo;<strong style=\"font-style: inherit\">assurance responsabilit\u00e9 civile<\/strong> est <em>obligatoire<\/em> ici (couverture des dommages caus\u00e9s \u00e0 des tiers par votre v\u00e9hicule). Sont facultatives toutes les couvertures suppl\u00e9mentaires telles que : Dommages naturels, casco, dommages de parking, valeur v\u00e9nale major\u00e9e, protection du bonus, n\u00e9gligence grave, etc.<\/p>\n\t\t\t<\/div> \n\t\t  <\/div>\n\t\t\t\n\t  \n           \t  \n\t\t\t\t   <div class=\"col\">\n\t\t    <div class=\"table-spalte table-clean px-3\">\n\t\t\t   <h2>Recommand\u00e9:<\/h2>\n<p>&nbsp;<\/p>\n<h3>Casco (collision)<\/h3>\n<p>Pour les v\u00e9hicules r\u00e9cents, de moins de 5-6 ans, une <strong>casco compl\u00e8te<\/strong> (dommages caus\u00e9s au propre v\u00e9hicule) est recommand\u00e9e. Couverture sens. Pour les <strong>v\u00e9hicules en leasing<\/strong>, la casco collision est m\u00eame <em>obligatoire<\/em>. Une <strong>casco partielle<\/strong> est g\u00e9n\u00e9ralement aussi judicieuse. Celle-ci couvre les dommages \u00e0 votre v\u00e9hicule qui ne sont pas caus\u00e9s par vous, mais par exemple par des ph\u00e9nom\u00e8nes naturels ou d&rsquo;autres facteurs ext\u00e9rieurs<em>(incendie, bris de glace, d\u00e9g\u00e2ts des eaux, vol<\/em>).<\/p>\n\t\t\t<\/div> \n\t\t  <\/div>\n\t\t\t\n\t  \n           \t  \n\t\t\t\t   <div class=\"col\">\n\t\t    <div class=\"table-spalte table-clean px-3\">\n\t\t\t   <h2>Volontaire et suppl\u00e9mentaire:<\/h2>\n<p>&nbsp;<\/p>\n<h3>Couvertures recommand\u00e9es<\/h3>\n<p><em>Protection du bonus<\/em> (votre degr\u00e9 de bonus ne change pas malgr\u00e9 d&rsquo;\u00e9ventuels sinistres) \/ <em>Faute grave<\/em> (en cas de dommages que vous causez en ne respectant pas le code de la route, la prise en charge est quand m\u00eame assur\u00e9e (&#8211;)&gt; Attention : il y a quelques exclusions comme la consommation de drogues\/alcool, etc.) \/ <i>Valeur v\u00e9nale major\u00e9e<\/i> (normalement, en cas de dommage total, un v\u00e9hicule n&rsquo;est assur\u00e9 que pour la valeur au moment du sinistre, qui devient de plus en plus basse au fur et \u00e0 mesure que le v\u00e9hicule vieillit &#8211; la valeur v\u00e9nale major\u00e9e permet d&rsquo;assurer une valeur suppl\u00e9mentaire en cas de dommage total).<\/p>\n\t\t\t<\/div> \n\t\t  <\/div>\n\t\t\t\n\t  \n                \t  <\/div> \n\n\t\n\t  \n\t<\/div>\n<\/section>\n\n\n\n\r\n\r\n<section id=\"res-txt-block_f00bff4f8b1fec24b4b05a1a02a7ca1f\" class=\"res-block res-txt layout01 p-no Transparent\" style=\"background: transparent;\">\r\n  <div class=\"inner-container container-off\" data-aos=\"res-fadeIn\">\r\n \r\n\t\t  \r\n\t\t \t  \r\n      \r\n      <div class=\"layout-1 txt-section\">\r\n\t\t<div class=\"row\">\t\r\n\t\t\t\r\n\t\t\r\n\t\t\t<div class=\"col-md-10 var-1spalten text-left\">\r\n\t\t\t\t\r\n\t\t\t\t<div class=\"txt-title-field\">\r\n\t\r\n\t\t\t\t\t\r\n\r\n\t\t\t\t\r\n\t\t\t\t\t\r\n\t\t\t\t\t \r\n\t\t\t\t\t<\/div> \r\n\t\t\t\t\t\r\n\t\t\t\t\t<div class=\"txt-textfield postContent pt-md-2\">\r\n\t\t\t\t\t\t\t\t\t\t  <p>Si vous amenez une voiture en Suisse, vous devez la faire contr\u00f4ler et l&rsquo;annoncer au <strong>service des automobiles<\/strong>.<\/p>\n<p>Lors de l&rsquo;examen du v\u00e9hicule, une <strong>attestation d&rsquo;assurance<\/strong> doit d\u00e9j\u00e0 \u00eatre \u00e9tablie, de sorte que le v\u00e9hicule puisse \u00eatre utilis\u00e9 pendant l&rsquo;examen, puis d\u00e9finitivement rachet\u00e9 apr\u00e8s l&rsquo;examen.<\/p>\n<p>L\u00e0 aussi, il vaut la peine de lancer des comparaisons d&rsquo;offres au pr\u00e9alable et de tenir compte des prestations et des franchises.<\/p>\n\t\t\t\t\t\t\t\r\n\t\t\t\t\t<\/div> \r\n\t\t\t\t\t\r\n\t\t\t\t\t <div class=\"txt-textfield-btns pt-2 \">\r\n\t\t\t\t\t\t  \r\n\t\t\t\t\t<\/div> \r\n\t\t\t\t\r\n\t\t\t\t\t\t\r\n\t\r\n\t\t\t\t<\/div>\r\n\r\n\t\t \r\n\t\t\t\r\n\t\t\t\r\n\t\t\t\r\n\r\n\t\t\t\t\t\r\n\t\t <\/div> \t\r\n\t\t<\/div>\r\n\t \r\n\t  \r\n \r\n \r\n\t<\/div>\r\n<\/section>\r\n\r\n\n\n\r\n\r\n\r\n<section id=\"res-btn-block_7db3add3fb10fb4f70cd4dee80cbd774\" class=\"res-block res-btn pb-3 Transparent\" style=\"background: transparent;\">\r\n  <div class=\"inner-container container-off  \" data-aos=\"res-fadeIn\">\r\n\t  \r\n\t\r\n\t  \t\r\n\t  \r\n\t  \r\n\t\t<div class=\"ausrichtung-btn text-left\">\r\n\r\n\t\t\t\t\t<a class=\"btn  btn-primary \" href=\"https:\/\/onezone.ch\/fr\/assurance-auto\/\" target=\"_self\">Demander des offres<\/a>\r\n\t\t\t\t<\/div>\r\n\t\t  \r\n\t  \r\n\t  \r\n\t  \r\n\t<\/div>\r\n<\/section>\r\n\r\n\n\n\n<div style=\"height:100px\" aria-hidden=\"true\" class=\"wp-block-spacer\"><\/div>\n\n\n\r\n  \r\n\t<style>\r\n\t\t.link-anker-with-no-padding {padding: 0 !important;}\r\n  <\/style>\r\n\r\n<section id=\"prevoyance\" class=\"res-block res-link-anker py-4 Transparent link-anker-with-no-padding\" style=\"background: transparent;\">\r\n  <div class=\"inner-container container-off\" data-aos=\"res-fadeIn\">\r\n\t\r\n\t\t\r\n\t  \r\n\r\n\t<\/div>\r\n<\/section>\n\n\n<h2 class=\"wp-block-heading\" id=\"h-prevoyance-pilier-3a-et-3b\">Pr\u00e9voyance pilier 3a et 3b<\/h2>\n\n\n\r\n\r\n<section id=\"res-txt-block_1eec0c76263d7efa5ffb3519432b3962\" class=\"res-block res-txt layout01 py-2 Transparent\" style=\"background: transparent;\">\r\n  <div class=\"inner-container container-off\" data-aos=\"res-fadeIn\">\r\n \r\n\t\t  \r\n\t\t \t  \r\n      \r\n      <div class=\"layout-1 txt-section\">\r\n\t\t<div class=\"row\">\t\r\n\t\t\t\r\n\t\t\r\n\t\t\t<div class=\"col-md-10 var-1spalten text-left\">\r\n\t\t\t\t\r\n\t\t\t\t<div class=\"txt-title-field\">\r\n\t\r\n\t\t\t\t\t\r\n\r\n\t\t\t\t\r\n\t\t\t\t \r\n\t\t\t\t   <h3>Le principe des trois piliers en Suisse<\/h3>\r\n\t\t\t\t\t\r\n\t\t\t\t\t \r\n\t\t\t\t\t<\/div> \r\n\t\t\t\t\t\r\n\t\t\t\t\t<div class=\"txt-textfield postContent pt-md-2\">\r\n\t\t\t\t\t\t\t\t\t\t  <p>Pour les cons\u00e9quences financi\u00e8res de l&rsquo;<strong>invalidit\u00e9 <\/strong>(par accident ou maladie<em>)<\/em> <strong>vieillesse <\/strong>(pension), <strong>d\u00e9c\u00e8s <\/strong>(protection des survivants),<strong> maternit\u00e9, ch\u00f4mage, <\/strong>etc., il existe en Suisse un <strong>syst\u00e8me de \u00ab\u00a0protection\u00a0\u00bb compos\u00e9 de 3 piliers<\/strong>, dont deux sont obligatoires et un facultatif.<\/p>\n\t\t\t\t\t\t\t\r\n\t\t\t\t\t<\/div> \r\n\t\t\t\t\t\r\n\t\t\t\t\t <div class=\"txt-textfield-btns pt-2 \">\r\n\t\t\t\t\t\t  \r\n\t\t\t\t\t<\/div> \r\n\t\t\t\t\r\n\t\t\t\t\t\t\r\n\t\r\n\t\t\t\t<\/div>\r\n\r\n\t\t \r\n\t\t\t\r\n\t\t\t\r\n\t\t\t\r\n\r\n\t\t\t\t\t\r\n\t\t <\/div> \t\r\n\t\t<\/div>\r\n\t \r\n\t  \r\n \r\n \r\n\t<\/div>\r\n<\/section>\r\n\r\n\n\n\n<section id=\"res-table-block_6aa339d761a726f690524ba452705b38\" class=\"res-block res-table p-no Grau\" style=\"background-color: #eeeff6;\">\n  <div class=\"inner-container container-off\" data-aos=\"res-fadeIn\">\n\n\t\t  \n\t \n\t  \n   <div class=\"layout-01 row row-cols-1 row-cols-md-3 no-gutters \">\n\n   <!--   Table Row  -->\n     \t \t  \n\t\t\t\t   <div class=\"col\">\n\t\t    <div class=\"table-spalte table-clean px-1\">\n\t\t\t   <h2 style=\"text-align: center\"><span style=\"text-decoration: underline\"><strong>I pilier &#8211; <\/strong><strong>Pr\u00e9voyance \u00e9tatique<\/strong><\/span><\/h2>\n<p>&nbsp;<\/p>\n<p style=\"text-align: center\"><strong>Obligatoire<\/strong><br \/>\npour tous les habitants de la<br \/>\nSuisse<\/p>\n<p>&nbsp;<\/p>\n<p style=\"text-align: center\"><strong>AVS<\/strong><br \/>\nles survivants de vieillesse et<br \/>\nPr\u00e9voyance invalidit\u00e9<\/p>\n<p>&nbsp;<\/p>\n<p style=\"text-align: center\"><strong>IV<\/strong><br \/>\nAssurance invalidit\u00e9<\/p>\n<p>&nbsp;<\/p>\n<p style=\"text-align: center\"><strong>EL<\/strong><br \/>\nPrestations compl\u00e9mentaires<\/p>\n\t\t\t<\/div> \n\t\t  <\/div>\n\t\t\t\n\t  \n           \t  \n\t\t\t\t   <div class=\"col\">\n\t\t    <div class=\"table-spalte table-clean px-1\">\n\t\t\t   <h2 style=\"text-align: center\"><span style=\"text-decoration: underline\"><strong>II Pilier &#8211; <\/strong><strong>Pr\u00e9voyance professionnelle<\/strong><\/span><\/h2>\n<p>&nbsp;<\/p>\n<p style=\"text-align: center\"><strong>Obligatoire<\/strong><br \/>\npour (presque) tous les travailleurs<br \/>\nen Suisse<\/p>\n<p>&nbsp;<\/p>\n<p style=\"text-align: center\"><strong>BV<\/strong><br \/>\n\u00c2ge professionnel<br \/>\nSurvivants et invalides<br \/>\nPr\u00e9voyance<\/p>\n\t\t\t<\/div> \n\t\t  <\/div>\n\t\t\t\n\t  \n           \t  \n\t\t\t\t   <div class=\"col\">\n\t\t    <div class=\"table-spalte table-clean px-1\">\n\t\t\t   <h2 style=\"text-align: center\"><span style=\"text-decoration: underline\"><strong>III Pilier &#8211; <\/strong><strong>Pr\u00e9voyance priv\u00e9e<\/strong><\/span><\/h2>\n<p>&nbsp;<\/p>\n<p style=\"text-align: center\"><strong>Volontaire<\/strong><\/p>\n<p>&nbsp;<\/p>\n<p>&nbsp;<\/p>\n<p>&nbsp;<\/p>\n<p style=\"text-align: center\"><strong>3a<\/strong><br \/>\nPr\u00e9voyance li\u00e9e<\/p>\n<p>&nbsp;<\/p>\n<p style=\"text-align: center\"><strong>3b<\/strong><br \/>\nPr\u00e9voyance non li\u00e9e<\/p>\n\t\t\t<\/div> \n\t\t  <\/div>\n\t\t\t\n\t  \n                \t  <\/div> \n\n\t\n\t  \n\t<\/div>\n<\/section>\n\n\n\n\r\n\r\n<section id=\"res-txt-block_2daba66aa9bc7a513b7694ec3b4d422c\" class=\"res-block res-txt layout01 py-2 Transparent\" style=\"background: transparent;\">\r\n  <div class=\"inner-container container-off\" data-aos=\"res-fadeIn\">\r\n \r\n\t\t  \r\n\t\t \t  \r\n      \r\n      <div class=\"layout-1 txt-section\">\r\n\t\t<div class=\"row\">\t\r\n\t\t\t\r\n\t\t\r\n\t\t\t<div class=\"col-md-12 var-1spalten text-left\">\r\n\t\t\t\t\r\n\t\t\t\t<div class=\"txt-title-field\">\r\n\t\r\n\t\t\t\t\t\r\n\r\n\t\t\t\t\r\n\t\t\t\t\t\r\n\t\t\t\t\t \r\n\t\t\t\t\t<\/div> \r\n\t\t\t\t\t\r\n\t\t\t\t\t<div class=\"txt-textfield postContent pt-md-2\">\r\n\t\t\t\t\t\t\t\t\t\t  <p>Une assurance 3a permet d&rsquo;atteindre <strong>des objectifs \u00e0 court, moyen et long terme<\/strong>. Les combinaisons peuvent \u00eatre choisies <em>de mani\u00e8re flexible<\/em> et adapt\u00e9es aux besoins du client. C&rsquo;est pourquoi un conseil personnalis\u00e9 est fortement recommand\u00e9, afin que les objectifs du client puissent \u00eatre analys\u00e9s et que des solutions appropri\u00e9es puissent \u00eatre \u00e9labor\u00e9es, compar\u00e9es et propos\u00e9es.<\/p>\n\t\t\t\t\t\t\t\r\n\t\t\t\t\t<\/div> \r\n\t\t\t\t\t\r\n\t\t\t\t\t <div class=\"txt-textfield-btns pt-2 \">\r\n\t\t\t\t\t\t  \r\n\t\t\t\t\t<\/div> \r\n\t\t\t\t\r\n\t\t\t\t\t\t\r\n\t\r\n\t\t\t\t<\/div>\r\n\r\n\t\t \r\n\t\t\t\r\n\t\t\t\r\n\t\t\t\r\n\r\n\t\t\t\t\t\r\n\t\t <\/div> \t\r\n\t\t<\/div>\r\n\t \r\n\t  \r\n \r\n \r\n\t<\/div>\r\n<\/section>\r\n\r\n\n\n\r\n\r\n\r\n<section id=\"res-btn-block_8476966bd67b22766e271ee8638e0e9d\" class=\"res-block res-btn pb-3 Transparent\" style=\"background: transparent;\">\r\n  <div class=\"inner-container container-off  \" data-aos=\"res-fadeIn\">\r\n\t  \r\n\t\r\n\t  \t\r\n\t  \r\n\t  \r\n\t\t<div class=\"ausrichtung-btn text-center\">\r\n\r\n\t\t\t\t\t<a class=\"btn  btn-primary \" href=\"https:\/\/onezone.ch\/fr\/prevoyance-pilier-3a\/\" target=\"_self\">Demander des conseils<\/a>\r\n\t\t\t\t<\/div>\r\n\t\t  \r\n\t  \r\n\t  \r\n\t  \r\n\t<\/div>\r\n<\/section>\r\n\r\n\n\n\r\n\r\n<section id=\"res-txt-block_bc3a2aec68228dcfd483ddb9672904f6\" class=\"res-block res-txt layout01 py-2 Grau\" style=\"background-color: #eeeff6;\">\r\n  <div class=\"inner-container container-off\" data-aos=\"res-fadeIn\">\r\n \r\n\t\t  \r\n\t\t \t  \r\n      \r\n      <div class=\"layout-1 txt-section\">\r\n\t\t<div class=\"row\">\t\r\n\t\t\t\r\n\t\t\r\n\t\t\t<div class=\"col-md-10 var-1spalten text-left\">\r\n\t\t\t\t\r\n\t\t\t\t<div class=\"txt-title-field\">\r\n\t\r\n\t\t\t\t\t\r\n\r\n\t\t\t\t\r\n\t\t\t\t\t\r\n\t\t\t\t\t \r\n\t\t\t\t\t<\/div> \r\n\t\t\t\t\t\r\n\t\t\t\t\t<div class=\"txt-textfield postContent pt-md-2\">\r\n\t\t\t\t\t\t\t\t\t\t  <p><strong>Les avantages du pilier 3a en un coup d&rsquo;\u0153il<\/strong><\/p>\n\t\t\t\t\t\t\t\r\n\t\t\t\t\t<\/div> \r\n\t\t\t\t\t\r\n\t\t\t\t\t <div class=\"txt-textfield-btns pt-2 \">\r\n\t\t\t\t\t\t  \r\n\t\t\t\t\t<\/div> \r\n\t\t\t\t\r\n\t\t\t\t\t\t\r\n\t\r\n\t\t\t\t<\/div>\r\n\r\n\t\t \r\n\t\t\t\r\n\t\t\t\r\n\t\t\t\r\n\r\n\t\t\t\t\t\r\n\t\t <\/div> \t\r\n\t\t<\/div>\r\n\t \r\n\t  \r\n \r\n \r\n\t<\/div>\r\n<\/section>\r\n\r\n\n\n\r\n\r\n<section id=\"res-txt-block_8952e9c9f4364188f1aa02545eb59150\" class=\"res-block res-txt layout01 pb-3 Grau\" style=\"background-color: #eeeff6;\">\r\n  <div class=\"inner-container container-off\" data-aos=\"res-fadeIn\">\r\n \r\n\t\t  \r\n\t\t \t  \r\n      \r\n      <div class=\"layout-1 txt-section\">\r\n\t\t<div class=\"row\">\t\r\n\t\t\t\r\n\t\t\r\n\t\t\t<div class=\"col-md-12 var-1spalten text-left\">\r\n\t\t\t\t\r\n\t\t\t\t<div class=\"txt-title-field\">\r\n\t\r\n\t\t\t\t\t\r\n\r\n\t\t\t\t\r\n\t\t\t\t\t\r\n\t\t\t\t\t \r\n\t\t\t\t\t<\/div> \r\n\t\t\t\t\t\r\n\t\t\t\t\t<div class=\"txt-textfield postContent pt-md-1\">\r\n\t\t\t\t\t\t\t\t\t\t  <p>Ce syst\u00e8me est construit \u00e0 partir de diff\u00e9rentes assurances qui visent \u00e0 prot\u00e9ger les habitants en Suisse. Il existe toutefois quelques <em>lacunes<\/em>, en particulier dans le domaine de <strong>la pr\u00e9voyance vieillesse<\/strong> et <strong>de l&rsquo;incapacit\u00e9 de travail<\/strong>. C&rsquo;est pourquoi il existe le 3e pilier, qui est facultatif et permet \u00e0 la population de compl\u00e9ter les lacunes des deux premiers piliers.<\/p>\n<p>Les prestations de vieillesse, c&rsquo;est-\u00e0-dire apr\u00e8s la retraite, des premier et deuxi\u00e8me piliers, repr\u00e9sentent environ 60% du revenu habituel d&rsquo;un habitant. L&rsquo;\u00e9cart de 40% est \u00e9norme et peut \u00eatre couvert par la pr\u00e9voyance priv\u00e9e 3 a\/b sur mesure en fonction des besoins de la personne.<\/p>\n<p>En plus de compl\u00e9ter la <strong>pr\u00e9voyance vieillesse<\/strong>, le 3e pilier offre d&rsquo;autres avantages tr\u00e8s int\u00e9ressants : <strong>\u00e9conomiser des imp\u00f4ts<\/strong>, <strong>financer son propre logement<\/strong>, <strong>assurer sa famille<\/strong>.<\/p>\n\t\t\t\t\t\t\t\r\n\t\t\t\t\t<\/div> \r\n\t\t\t\t\t\r\n\t\t\t\t\t <div class=\"txt-textfield-btns pt-2 \">\r\n\t\t\t\t\t\t  \r\n\t\t\t\t\t<\/div> \r\n\t\t\t\t\r\n\t\t\t\t\t\t\r\n\t\r\n\t\t\t\t<\/div>\r\n\r\n\t\t \r\n\t\t\t\r\n\t\t\t\r\n\t\t\t\r\n\r\n\t\t\t\t\t\r\n\t\t <\/div> \t\r\n\t\t<\/div>\r\n\t \r\n\t  \r\n \r\n \r\n\t<\/div>\r\n<\/section>\r\n\r\n\n\n\r\n\r\n<section id=\"res-txt-block_b10f8c310aa58310d7173bd4841649c1\" class=\"res-block res-txt layout01 pb-3 Transparent\" style=\"background: transparent;\">\r\n  <div class=\"inner-container container-off\" data-aos=\"res-fadeIn\">\r\n \r\n\t\t  \r\n\t\t \t  \r\n      \r\n      <div class=\"layout-1 txt-section\">\r\n\t\t<div class=\"row\">\t\r\n\t\t\t\r\n\t\t\r\n\t\t\t<div class=\"col-md-12 var-1spalten text-left\">\r\n\t\t\t\t\r\n\t\t\t\t<div class=\"txt-title-field\">\r\n\t\r\n\t\t\t\t\t\r\n\r\n\t\t\t\t\r\n\t\t\t\t\t\r\n\t\t\t\t\t \r\n\t\t\t\t\t<\/div> \r\n\t\t\t\t\t\r\n\t\t\t\t\t<div class=\"txt-textfield postContent pt-md-1\">\r\n\t\t\t\t\t\t\t\r\n\t\t\t\t\t<\/div> \r\n\t\t\t\t\t\r\n\t\t\t\t\t <div class=\"txt-textfield-btns pt-2 \">\r\n\t\t\t\t\t\t  \r\n\t\t\t\t\t<\/div> \r\n\t\t\t\t\r\n\t\t\t\t\t\t\r\n\t\r\n\t\t\t\t<\/div>\r\n\r\n\t\t \r\n\t\t\t\r\n\t\t\t\r\n\t\t\t\r\n\r\n\t\t\t\t\t\r\n\t\t <\/div> \t\r\n\t\t<\/div>\r\n\t \r\n\t  \r\n \r\n \r\n\t<\/div>\r\n<\/section>\r\n\r\n\n\n\n<h2 class=\"wp-block-heading\" id=\"h-autres-assurances-utiles\">Autres assurances utiles<\/h2>\n\n\n\n<section id=\"res-table-block_0e0ff8710b00dc5286967a25b478ba39\" class=\"res-block res-table p-no Grau\" style=\"background-color: #eeeff6;\">\n  <div class=\"inner-container container-off\" data-aos=\"res-fadeIn\">\n\n\t\t  \n\t \n\t  \n   <div class=\"layout-01 row row-cols-1 row-cols-md-2 no-gutters \">\n\n   <!--   Table Row  -->\n     \t \t  \n\t\t\t\t   <div class=\"col\">\n\t\t    <div class=\"table-spalte table-clean px-3\">\n\t\t\t   <h2>Pr\u00e9voyance vieillesse<\/h2>\n<p>&nbsp;<\/p>\n<p>La pr\u00e9voyance priv\u00e9e 3a permet de <strong>combler<\/strong> les <strong>lacunes de prestations des premiers piliers<\/strong>. Pour pouvoir se consacrer \u00e0 ses hobbies et \u00e0 ses loisirs apr\u00e8s la retraite, il faut au moins avoir le m\u00eame revenu qu&rsquo;auparavant : plus de temps pour les loisirs et donc pour les d\u00e9penses. Pour pouvoir profiter de ses vieux jours, il est recommand\u00e9 de souscrire une pr\u00e9voyance vieillesse 3a.<\/p>\n<p>&nbsp;<\/p>\n\t\t\t<\/div> \n\t\t  <\/div>\n\t\t\t\n\t  \n           \t  \n\t\t\t\t   <div class=\"col\">\n\t\t    <div class=\"table-spalte table-clean px-3\">\n\t\t\t   <h2>\u00c9conomiser des imp\u00f4ts<\/h2>\n<p>&nbsp;<\/p>\n<p>En versant dans votre pilier 3a facultatif, vous contribuez \u00e0 assurer votre vieillesse une fois \u00e0 la retraite, c&rsquo;est pourquoi l&rsquo;\u00c9tat vous accorde un <strong>cadeau fiscal<\/strong>: les cotisations vers\u00e9es peuvent \u00eatre d\u00e9duites chaque ann\u00e9e de votre revenu imposable. Pour un versement maximal, cela peut repr\u00e9senter chaque ann\u00e9e jusqu&rsquo;\u00e0 CHF 2&rsquo;000 de d\u00e9duction fiscale.<\/p>\n<p>&nbsp;<\/p>\n\t\t\t<\/div> \n\t\t  <\/div>\n\t\t\t\n\t  \n                \t  <\/div> \n\n\t\n\t  \n\t<\/div>\n<\/section>\n\n\n\n\n<section id=\"res-table-block_30d8f5c95f1f13153b274bf87eeea336\" class=\"res-block res-table p-no Grau\" style=\"background-color: #eeeff6;\">\n  <div class=\"inner-container container-off\" data-aos=\"res-fadeIn\">\n\n\t\t  \n\t \n\t  \n   <div class=\"layout-01 row row-cols-1 row-cols-md-2 no-gutters \">\n\n   <!--   Table Row  -->\n     \t \t  \n\t\t\t\t   <div class=\"col\">\n\t\t    <div class=\"table-spalte table-clean px-3\">\n\t\t\t   <h2>Financer son logement<\/h2>\n<p>&nbsp;<\/p>\n<p>Avec une police 3a, vous pouvez accorder<strong> une partie des fonds propres<\/strong> qui seront utilis\u00e9s <strong>pour une hypoth\u00e8que<\/strong> et utiliser ainsi indirectement le capital \u00e9pargn\u00e9 tout en profitant des autres avantages du troisi\u00e8me pilier.<\/p>\n\t\t\t<\/div> \n\t\t  <\/div>\n\t\t\t\n\t  \n           \t  \n\t\t\t\t   <div class=\"col\">\n\t\t    <div class=\"table-spalte table-clean px-3\">\n\t\t\t   <h2>Assurer la famille et la couverture des risques<\/h2>\n<p>&nbsp;<\/p>\n<p>Avec une assurance 3a, vous pouvez assurer des risques suppl\u00e9mentaires, comme par exemple un <em>capital d\u00e9c\u00e8s <\/em>pour votre <strong>famille<\/strong>, et vous pouvez assurer la <em>lib\u00e9ration des primes en cas d&rsquo;incapacit\u00e9 de gain<\/em>, de sorte que vous pouvez dans tous les cas conserver votre assurance jusqu&rsquo;\u00e0 la fin.<\/p>\n\t\t\t<\/div> \n\t\t  <\/div>\n\t\t\t\n\t  \n                \t  <\/div> \n\n\t\n\t  \n\t<\/div>\n<\/section>\n\n\n\n\n<div style=\"height:100px\" aria-hidden=\"true\" class=\"wp-block-spacer\"><\/div>\n\n\n\r\n  \r\n\t<style>\r\n\t\t.link-anker-with-no-padding {padding: 0 !important;}\r\n  <\/style>\r\n\r\n<section id=\"maison-batiment\" class=\"res-block res-link-anker py-4 Transparent link-anker-with-no-padding\" style=\"background: transparent;\">\r\n  <div class=\"inner-container container-off\" data-aos=\"res-fadeIn\">\r\n\t\r\n\t\t\r\n\t  \r\n\r\n\t<\/div>\r\n<\/section>\n\n\n<h2 class=\"wp-block-heading\" id=\"h-assurance-combinee-menage-et-batiment\">Assurance combin\u00e9e m\u00e9nage et b\u00e2timent<\/h2>\n\n\n\r\n\r\n<section id=\"res-txt-block_5ea93022e7e0c1fd67aee9400853322e\" class=\"res-block res-txt layout01 py-2 Transparent\" style=\"background: transparent;\">\r\n  <div class=\"inner-container container-off\" data-aos=\"res-fadeIn\">\r\n \r\n\t\t  \r\n\t\t \t  \r\n      \r\n      <div class=\"layout-1 txt-section\">\r\n\t\t<div class=\"row\">\t\r\n\t\t\t\r\n\t\t\r\n\t\t\t<div class=\"col-md-10 var-1spalten text-left\">\r\n\t\t\t\t\r\n\t\t\t\t<div class=\"txt-title-field\">\r\n\t\r\n\t\t\t\t\t\r\n\r\n\t\t\t\t\r\n\t\t\t\t \r\n\t\t\t\t   <h3>Assurance pour les dommages domestiques<\/h3>\r\n\t\t\t\t\t\r\n\t\t\t\t\t \r\n\t\t\t\t\t<\/div> \r\n\t\t\t\t\t\r\n\t\t\t\t\t<div class=\"txt-textfield postContent pt-md-2\">\r\n\t\t\t\t\t\t\t\t\t\t  <p>Une assurance m\u00e9nage n&rsquo;est pas obligatoire dans la plupart des cantons en Suisse, mais elle est recommand\u00e9e dans la plupart des cas.<\/p>\n\t\t\t\t\t\t\t\r\n\t\t\t\t\t<\/div> \r\n\t\t\t\t\t\r\n\t\t\t\t\t <div class=\"txt-textfield-btns pt-2 \">\r\n\t\t\t\t\t\t  \r\n\t\t\t\t\t<\/div> \r\n\t\t\t\t\r\n\t\t\t\t\t\t\r\n\t\r\n\t\t\t\t<\/div>\r\n\r\n\t\t \r\n\t\t\t\r\n\t\t\t\r\n\t\t\t\r\n\r\n\t\t\t\t\t\r\n\t\t <\/div> \t\r\n\t\t<\/div>\r\n\t \r\n\t  \r\n \r\n \r\n\t<\/div>\r\n<\/section>\r\n\r\n\n\n\r\n\r\n<section id=\"res-txt-block_33e4eaa8856963cdba25be9853c39cfa\" class=\"res-block res-txt layout01 pt-2 Transparent\" style=\"background: transparent;\">\r\n  <div class=\"inner-container container-off\" data-aos=\"res-fadeIn\">\r\n \r\n\t\t  \r\n\t\t \t  \r\n      \r\n      <div class=\"layout-1 txt-section\">\r\n\t\t<div class=\"row\">\t\r\n\t\t\t\r\n\t\t\r\n\t\t\t<div class=\"col-md-10 var-1spalten text-left\">\r\n\t\t\t\t\r\n\t\t\t\t<div class=\"txt-title-field\">\r\n\t\r\n\t\t\t\t\t\r\n\r\n\t\t\t\t\r\n\t\t\t\t \r\n\t\t\t\t   <h3>Assurance m\u00e9nage<\/h3>\r\n\t\t\t\t\t\r\n\t\t\t\t\t \r\n\t\t\t\t\t<\/div> \r\n\t\t\t\t\t\r\n\t\t\t\t\t<div class=\"txt-textfield postContent pt-md-2\">\r\n\t\t\t\t\t\t\t\t\t\t  <p>Le risque \u00ab\u00a0<em>incendie et dommages naturels<\/em>\u00a0\u00bb doit \u00eatre obligatoirement assur\u00e9 dans les cantons <strong>de Nidwald<\/strong>, <strong>Vaud<\/strong>, <strong>Jura<\/strong> et <strong>Fribourg<\/strong>. Nidwald et le Jura ont une <em>assurance incendie cantonale<\/em>, mais dans le Jura et \u00e0 Fribourg, l&rsquo;assureur peut \u00eatre choisi librement.<\/p>\n<p>Cette assurance couvre les dommages financiers r\u00e9sultant d&rsquo;un \u00ab\u00a0incendie\/dommage naturel\u00a0\u00bb, d&rsquo;un \u00ab\u00a0d\u00e9g\u00e2t des eaux\u00a0\u00bb, d&rsquo;un \u00ab\u00a0bris de glace\u00a0\u00bb et d&rsquo;un \u00ab\u00a0vol\u00a0\u00bb. Les modules peuvent \u00eatre combin\u00e9s librement.<\/p>\n<p>Font partie des objets assur\u00e9s tous les objets mobiles qui ne sont pas fix\u00e9s au b\u00e2timent. Imaginez que vous coupiez le toit d&rsquo;une maison, que vous la retourniez la t\u00eate en bas et que tout ce qui en tombe fasse partie des objets assur\u00e9s par l&rsquo;assurance m\u00e9nage.<\/p>\n\t\t\t\t\t\t\t\r\n\t\t\t\t\t<\/div> \r\n\t\t\t\t\t\r\n\t\t\t\t\t <div class=\"txt-textfield-btns pt-2 \">\r\n\t\t\t\t\t\t  \r\n\t\t\t\t\t<\/div> \r\n\t\t\t\t\r\n\t\t\t\t\t\t\r\n\t\r\n\t\t\t\t<\/div>\r\n\r\n\t\t \r\n\t\t\t\r\n\t\t\t\r\n\t\t\t\r\n\r\n\t\t\t\t\t\r\n\t\t <\/div> \t\r\n\t\t<\/div>\r\n\t \r\n\t  \r\n \r\n \r\n\t<\/div>\r\n<\/section>\r\n\r\n\n\n\r\n\t<section id=\"res-collapse-block_55b47e69e0b8f954bfa7b043525b0acd\" class=\"res-collapse pb-2 \" style=\"background : transparent;\">\r\n\t\t<div class=\"inner-container container-off\" data-aos=\"res-fadeIn\">\r\n\r\n\t\t\t<div id=\"res_collapse_psXzrRntQJ\" class=\"collapse-all\">\r\n\t\t\t\t\t\t\t\t\r\n\t\t\t\t<div class=\"card\">\r\n\t\t\t\t\t<a data-anchor=\"#\" class=\"collapsed\" data-toggle=\"collapse\" data-target=\"#collapse-res-collapse-block_55b47e69e0b8f954bfa7b043525b0acd-1\" aria-expanded=\"true\" aria-controls=\"collapse-res-collapse-block_55b47e69e0b8f954bfa7b043525b0acd-1\">\r\n\t\t\t\t\t\t<div class=\"card-header d-flex justify-content-between\" id=\"heading-res-collapse-block_55b47e69e0b8f954bfa7b043525b0acd-1\">\r\n\r\n\t\t\t\t\t\t\t<!-- Title -->\r\n\t\t\t\t\t\t\t<h4 class=\"title-collapse\">Quand est-il recommand\u00e9 de souscrire une assurance m\u00e9nage ?<\/h4>\r\n\r\n\t\t\t\t\t\t\t<div class=\"collapse-icon\" id=\"arrow-collapse\"> <i class=\"fal fa-chevron-down rotate-icon\"><\/i><\/div>\r\n\t\t\t\t\t\t<\/div>\r\n\t\t\t\t\t<\/a>\r\n\r\n\t\t\t\t\t<div id=\"collapse-res-collapse-block_55b47e69e0b8f954bfa7b043525b0acd-1\" class=\"collapse\" aria-labelledby=\"heading-res-collapse-block_55b47e69e0b8f954bfa7b043525b0acd-1\" data-parent=\"#res_collapse_psXzrRntQJ\">\r\n\t\t\t\t\t\t<div class=\"card-body\">\r\n\t\t\t\t\t\t\t<p>Imaginez que votre appartement br\u00fble \u00e0 la suite d&rsquo;un incendie et que tous vos meubles, accessoires, appareils \u00e9lectroniques, d\u00e9corations, etc. soient endommag\u00e9s et doivent \u00eatre remplac\u00e9s &#8211; si vous ne pouvez pas r\u00e9gler ce montant vous-m\u00eame, il est recommand\u00e9 de souscrire une assurance m\u00e9nage. Le choix de la somme d&rsquo;assurance est tr\u00e8s important : elle d\u00e9pend du <em>nombre de pi\u00e8ces<\/em> et bien s\u00fbr de l&rsquo;<em>\u00e9quipement<\/em>: s&rsquo;agit-il de meubles co\u00fbteux, avez-vous beaucoup de d\u00e9corations et d&rsquo;objets de valeur co\u00fbteux ? Le prix forfaitaire par chambre est d&rsquo;environ 20 000 euros avec un \u00e9quipement de qualit\u00e9 moyenne. Le mieux ici est de faire l&rsquo;inventaire avec votre conseiller et d&rsquo;\u00e9valuer la situation.<\/p>\n\t\t\t\t\t\t<\/div>\r\n\t\t\t\t\t<\/div>\r\n\r\n\t\t\t\t<\/div>\r\n\r\n\t\t\t\t\t\t\t\t\t\t\t<\/div>\r\n\r\n\t\t<\/div>\r\n\t<\/section>\r\n\r\n\n\n\n<div style=\"height:40px\" aria-hidden=\"true\" class=\"wp-block-spacer\"><\/div>\n\n\n\r\n\r\n\r\n<section id=\"res-btn-block_a50e07e334faf6012af07187d18afdcb\" class=\"res-block res-btn py-4 Transparent\" style=\"background: transparent;\">\r\n  <div class=\"inner-container container-off  \" data-aos=\"res-fadeIn\">\r\n\t  \r\n\t\r\n\t  \t\r\n\t  \r\n\t  \r\n\t\t<div class=\"ausrichtung-btn text-left\">\r\n\r\n\t\t\t\t\t<a class=\"btn  btn-primary \" href=\"https:\/\/onezone.ch\/fr\/responsabilite-civile-et-habitation\/#commander\" target=\"_blank\">Recevoir une offre pour la responsabilit\u00e9 civile priv\u00e9e du m\u00e9nage<\/a>\r\n\t\t\t\t<\/div>\r\n\t\t  \r\n\t  \r\n\t  \r\n\t  \r\n\t<\/div>\r\n<\/section>\r\n\r\n\n\n\r\n\r\n<section id=\"res-txt-block_2e8bffaea99b331fe61a9a029bb1d7cd\" class=\"res-block res-txt layout01 py-2 Grau\" style=\"background-color: #eeeff6;\">\r\n  <div class=\"inner-container container-off\" data-aos=\"res-fadeIn\">\r\n \r\n\t\t  \r\n\t\t \t  \r\n      \r\n      <div class=\"layout-1 txt-section\">\r\n\t\t<div class=\"row\">\t\r\n\t\t\t\r\n\t\t\r\n\t\t\t<div class=\"col-md-10 var-1spalten text-left\">\r\n\t\t\t\t\r\n\t\t\t\t<div class=\"txt-title-field\">\r\n\t\r\n\t\t\t\t\t\r\n\r\n\t\t\t\t\r\n\t\t\t\t \r\n\t\t\t\t   <h3>Responsabilit\u00e9 civile priv\u00e9e<\/h3>\r\n\t\t\t\t\t\r\n\t\t\t\t\t \r\n\t\t\t\t\t<\/div> \r\n\t\t\t\t\t\r\n\t\t\t\t\t<div class=\"txt-textfield postContent pt-md-2\">\r\n\t\t\t\t\t\t\t\t\t\t  <p>L&rsquo;assurance responsabilit\u00e9 civile priv\u00e9e n&rsquo;est pas obligatoire en Suisse, mais elle est utile dans tous les cas.<\/p>\n<p>Cette assurance peut \u00eatre souscrite en combinaison avec une assurance m\u00e9nage, ou s\u00e9par\u00e9ment. En combinaison avec une assurance m\u00e9nage, vous b\u00e9n\u00e9ficiez dans la plupart des contrats d&rsquo;un rabais de combinaison.<\/p>\n<p>Une assurance responsabilit\u00e9 civile priv\u00e9e couvre les charges financi\u00e8res r\u00e9sultant de dommages que vous avez caus\u00e9s \u00e0 des tiers en tant que personne priv\u00e9e. De m\u00eame, la responsabilit\u00e9 civile repousse les demandes de prestations injustifi\u00e9es, c&rsquo;est pourquoi on l&rsquo;appelle aussi famili\u00e8rement \u00ab\u00a0protection juridique passive\u00a0\u00bb.<\/p>\n\t\t\t\t\t\t\t\r\n\t\t\t\t\t<\/div> \r\n\t\t\t\t\t\r\n\t\t\t\t\t <div class=\"txt-textfield-btns pt-2 \">\r\n\t\t\t\t\t\t  \r\n\t\t\t\t\t<\/div> \r\n\t\t\t\t\r\n\t\t\t\t\t\t\r\n\t\r\n\t\t\t\t<\/div>\r\n\r\n\t\t \r\n\t\t\t\r\n\t\t\t\r\n\t\t\t\r\n\r\n\t\t\t\t\t\r\n\t\t <\/div> \t\r\n\t\t<\/div>\r\n\t \r\n\t  \r\n \r\n \r\n\t<\/div>\r\n<\/section>\r\n\r\n\n\n\r\n\t<section id=\"res-collapse-block_3e998b4d25b00555737c25d665da4758\" class=\"res-collapse py-2 \" style=\"background : transparent;\">\r\n\t\t<div class=\"inner-container container-off\" data-aos=\"res-fadeIn\">\r\n\r\n\t\t\t<div id=\"res_collapse_PpB76gceZy\" class=\"collapse-all\">\r\n\t\t\t\t\t\t\t\t\r\n\t\t\t\t<div class=\"card\">\r\n\t\t\t\t\t<a data-anchor=\"#\" class=\"collapsed\" data-toggle=\"collapse\" data-target=\"#collapse-res-collapse-block_3e998b4d25b00555737c25d665da4758-1\" aria-expanded=\"true\" aria-controls=\"collapse-res-collapse-block_3e998b4d25b00555737c25d665da4758-1\">\r\n\t\t\t\t\t\t<div class=\"card-header d-flex justify-content-between\" id=\"heading-res-collapse-block_3e998b4d25b00555737c25d665da4758-1\">\r\n\r\n\t\t\t\t\t\t\t<!-- Title -->\r\n\t\t\t\t\t\t\t<h4 class=\"title-collapse\">Vous \u00eates couvert par une assurance responsabilit\u00e9 civile priv\u00e9e dans diff\u00e9rents r\u00f4les<\/h4>\r\n\r\n\t\t\t\t\t\t\t<div class=\"collapse-icon\" id=\"arrow-collapse\"> <i class=\"fal fa-chevron-down rotate-icon\"><\/i><\/div>\r\n\t\t\t\t\t\t<\/div>\r\n\t\t\t\t\t<\/a>\r\n\r\n\t\t\t\t\t<div id=\"collapse-res-collapse-block_3e998b4d25b00555737c25d665da4758-1\" class=\"collapse\" aria-labelledby=\"heading-res-collapse-block_3e998b4d25b00555737c25d665da4758-1\" data-parent=\"#res_collapse_PpB76gceZy\">\r\n\t\t\t\t\t\t<div class=\"card-body\">\r\n\t\t\t\t\t\t\t<p>En tant que  <strong>personne priv\u00e9e<\/strong>, par exemple si vous endommagez par inattention un objet appartenant \u00e0 une autre personne, en tant que  <strong>chef de famille<\/strong>, si votre enfant, en jouant au football, brise la vitre de la voisine avec un tir rat\u00e9, que  <strong>Propri\u00e9taire d&rsquo;animaux<\/strong>, si votre chien mord une autre personne par peur, que  <strong>locataire<\/strong>, si le flacon de parfum vous glisse des mains et endommage le lavabo de votre appartement lou\u00e9, en tant que  En tant que <strong>sportif<\/strong>, <strong>d\u00e9tenteur d&rsquo;armes<\/strong>, <strong>cycliste<\/strong> ou <strong>cyclomotoriste<\/strong>, en cas <strong>de dommages dus \u00e0 la garde<\/strong> (vous gardez un objet appartenant \u00e0 une autre personne ou vous utilisez par exemple le v\u00e9lo d&rsquo;un coll\u00e8gue et l&rsquo;endommagez lors d&rsquo;une chute), etc.<\/p>\n<p><em>Important<\/em>: signalez, lors de la conclusion de l&rsquo;assurance, si vous poss\u00e9dez un animal, si vous pratiquez l&rsquo;\u00e9quitation, si vous chassez, si vous conduisez occasionnellement des v\u00e9hicules de tiers. Ces risques doivent \u00eatre \u00e9num\u00e9r\u00e9s dans la police pour que la couverture soit garantie.<\/p>\n\t\t\t\t\t\t<\/div>\r\n\t\t\t\t\t<\/div>\r\n\r\n\t\t\t\t<\/div>\r\n\r\n\t\t\t\t\t\t\t\t\t\t\t<\/div>\r\n\r\n\t\t<\/div>\r\n\t<\/section>\r\n\r\n\n\n\n<div style=\"height:40px\" aria-hidden=\"true\" class=\"wp-block-spacer\"><\/div>\n\n\n\r\n\r\n<section id=\"res-txt-block_b462592f6f08b17b6cb5aab11695f609\" class=\"res-block res-txt layout01 pt-2 Transparent\" style=\"background: transparent;\">\r\n  <div class=\"inner-container container-off\" data-aos=\"res-fadeIn\">\r\n \r\n\t\t  \r\n\t\t \t  \r\n      \r\n      <div class=\"layout-1 txt-section\">\r\n\t\t<div class=\"row\">\t\r\n\t\t\t\r\n\t\t\r\n\t\t\t<div class=\"col-md-10 var-1spalten text-left\">\r\n\t\t\t\t\r\n\t\t\t\t<div class=\"txt-title-field\">\r\n\t\r\n\t\t\t\t\t\r\n\r\n\t\t\t\t\r\n\t\t\t\t \r\n\t\t\t\t   <h3>Assurance b\u00e2timent<\/h3>\r\n\t\t\t\t\t\r\n\t\t\t\t\t \r\n\t\t\t\t\t<\/div> \r\n\t\t\t\t\t\r\n\t\t\t\t\t<div class=\"txt-textfield postContent pt-md-2\">\r\n\t\t\t\t\t\t\t\t\t\t  <p>Si vous n&rsquo;\u00eates pas locataire mais <strong>propri\u00e9taire de votre logement<\/strong>, vous devez \u00e9galement, sous certaines conditions, souscrire une assurance (incendie) pour le b\u00e2timent.<\/p>\n<p>Cette assurance est obligatoire dans 22 cantons et doit \u00eatre souscrite aupr\u00e8s d&rsquo;un \u00e9tablissement cantonal d&rsquo;assurance incendie. Cette assurance est facultative dans les cantons : <em>Gen\u00e8ve<\/em>, <em>Tessin<\/em>, <em>Appenzell<\/em> <em>Rhodes-Int\u00e9rieures<\/em>, <em>Valais<\/em>. Dans les cantons <em>d&rsquo;Uri<\/em>, de <em>Schwyz<\/em> et <em>d&rsquo;Obwald<\/em>, l&rsquo;assurance est \u00e9galement obligatoire, mais le choix de l&rsquo;assureur est libre, elle ne doit pas obligatoirement \u00eatre souscrite aupr\u00e8s de l&rsquo;office cantonal.<\/p>\n<p>Contrairement \u00e0 l&rsquo;assurance m\u00e9nage, elle couvre les \u00ab\u00a0parties\u00a0\u00bb qui font partie int\u00e9grante du b\u00e2timent, c&rsquo;est-\u00e0-dire le b\u00e2timent lui-m\u00eame avec ses \u00e9l\u00e9ments constitutifs (toit, fen\u00eatres, portes,&#8230;) et l&rsquo;\u00e9quipement de construction (armoires encastr\u00e9es, cuisine encastr\u00e9e,&#8230;). Les risques assur\u00e9s sont les m\u00eames que pour l&rsquo;assurance m\u00e9nage : incendie, vol, d\u00e9g\u00e2ts d&rsquo;eau et bris de glace.<\/p>\n<p>Ici aussi, il est possible de <strong>souscrire<\/strong> une <strong>couverture responsabilit\u00e9 civile<\/strong>. Elle devrait notamment \u00eatre souscrite par les propri\u00e9taires qui poss\u00e8dent un immeuble de plus de 3 appartements, ou qui louent l&rsquo;appartement en copropri\u00e9t\u00e9 comme logement de vacances, ou qui poss\u00e8dent un immeuble de moins de 3 appartements mais qui n&rsquo;en occupent pas au moins un. Les propri\u00e9taires qui ne satisfont pas aux conditions mentionn\u00e9es n&rsquo;ont pas besoin d&rsquo;une assurance responsabilit\u00e9 civile (RC) immeuble, car la couverture RC est dans ces cas d\u00e9j\u00e0 couverte par la RC priv\u00e9e.<\/p>\n<p>&nbsp;<\/p>\n\t\t\t\t\t\t\t\r\n\t\t\t\t\t<\/div> \r\n\t\t\t\t\t\r\n\t\t\t\t\t <div class=\"txt-textfield-btns pt-2 \">\r\n\t\t\t\t\t\t  \r\n\t\t\t\t\t<\/div> \r\n\t\t\t\t\r\n\t\t\t\t\t\t\r\n\t\r\n\t\t\t\t<\/div>\r\n\r\n\t\t \r\n\t\t\t\r\n\t\t\t\r\n\t\t\t\r\n\r\n\t\t\t\t\t\r\n\t\t <\/div> \t\r\n\t\t<\/div>\r\n\t \r\n\t  \r\n \r\n \r\n\t<\/div>\r\n<\/section>\r\n\r\n\n\n\n<div style=\"height:40px\" aria-hidden=\"true\" class=\"wp-block-spacer\"><\/div>\n\n\n\r\n\r\n<section id=\"res-txt-block_05a26dab8f49b8c6cb7751744917d978\" class=\"res-block res-txt layout01 py-2 Grau\" style=\"background-color: #eeeff6;\">\r\n  <div class=\"inner-container container-off\" data-aos=\"res-fadeIn\">\r\n \r\n\t\t  \r\n\t\t \t  \r\n      \r\n      <div class=\"layout-1 txt-section\">\r\n\t\t<div class=\"row\">\t\r\n\t\t\t\r\n\t\t\r\n\t\t\t<div class=\"col-md-10 var-1spalten text-left\">\r\n\t\t\t\t\r\n\t\t\t\t<div class=\"txt-title-field\">\r\n\t\r\n\t\t\t\t\t\r\n\r\n\t\t\t\t\r\n\t\t\t\t \r\n\t\t\t\t   <h3>Assurance objets de valeur<\/h3>\r\n\t\t\t\t\t\r\n\t\t\t\t\t \r\n\t\t\t\t\t<\/div> \r\n\t\t\t\t\t\r\n\t\t\t\t\t<div class=\"txt-textfield postContent pt-md-2\">\r\n\t\t\t\t\t\t\t\t\t\t  <p>Si vous poss\u00e9dez plusieurs bijoux co\u00fbteux, des tableaux, des vases pr\u00e9cieux, des montres-bracelets on\u00e9reuses, des manteaux de fourrure ou d&rsquo;autres objets de valeur, il vaut la peine de conclure une assurance objets de valeur s\u00e9par\u00e9e en plus de l&rsquo;assurance m\u00e9nage qui couvre d\u00e9j\u00e0 un montant d&rsquo;objets de valeur convenu selon la police.<\/p>\n<p>Cette assurance paie des dommages-int\u00e9r\u00eats pour vos objets de valeur en \u00ab\u00a0all risk\u00a0\u00bb, c&rsquo;est-\u00e0-dire en plus des dommages caus\u00e9s par l&rsquo;eau, le feu, le vol ou le bris de glace, \u00e9galement en cas de perte, d&rsquo;\u00e9garement, de destruction (par des \u00e9v\u00e9nements autres que naturels) et de disparition.<\/p>\n<p>Une telle assurance est g\u00e9n\u00e9ralement int\u00e9ressante pour la possession d&rsquo;objets de valeur \u00e0 partir de CHF 3000. Sinon, on pourrait d\u00e9j\u00e0 l&rsquo;inclure et l&rsquo;assurer dans l&rsquo;assurance m\u00e9nage sans trop augmenter les primes.<\/p>\n\t\t\t\t\t\t\t\r\n\t\t\t\t\t<\/div> \r\n\t\t\t\t\t\r\n\t\t\t\t\t <div class=\"txt-textfield-btns pt-2 \">\r\n\t\t\t\t\t\t  \r\n\t\t\t\t\t<\/div> \r\n\t\t\t\t\r\n\t\t\t\t\t\t\r\n\t\r\n\t\t\t\t<\/div>\r\n\r\n\t\t \r\n\t\t\t\r\n\t\t\t\r\n\t\t\t\r\n\r\n\t\t\t\t\t\r\n\t\t <\/div> \t\r\n\t\t<\/div>\r\n\t \r\n\t  \r\n \r\n \r\n\t<\/div>\r\n<\/section>\r\n\r\n\n\n\r\n\r\n\r\n<section id=\"res-btn-block_f315e43752a0efa62ef10db0eee5bc21\" class=\"res-block res-btn py-4 Transparent\" style=\"background: transparent;\">\r\n  <div class=\"inner-container container-off  \" data-aos=\"res-fadeIn\">\r\n\t  \r\n\t\r\n\t  \t\r\n\t  \r\n\t  \r\n\t\t<div class=\"ausrichtung-btn text-left\">\r\n\r\n\t\t\t\t\t<a class=\"btn  btn-primary \" href=\"https:\/\/onezone.ch\/fr\/responsabilite-civile-et-habitation\/assurance-objets-de-valeur\/\" target=\"_self\">En savoir plus sur l&#039;assurance des objets de valeur<\/a>\r\n\t\t\t\t<\/div>\r\n\t\t  \r\n\t  \r\n\t  \r\n\t  \r\n\t<\/div>\r\n<\/section>\r\n\r\n\n\n\n<div style=\"height:80px\" aria-hidden=\"true\" class=\"wp-block-spacer\"><\/div>\n\n\n\n<h2 class=\"wp-block-heading\" id=\"h-ce-qu-il-y-a-aussi\">Ce qu&rsquo;il y a aussi<\/h2>\n\n\n\r\n  \r\n\t<style>\r\n\t\t.link-anker-with-no-padding {padding: 0 !important;}\r\n  <\/style>\r\n\r\n<section id=\"assurances\" class=\"res-block res-link-anker py-4  link-anker-with-no-padding\" style=\"background : transparent;\">\r\n  <div class=\"inner-container container-off\" data-aos=\"res-fadeIn\">\r\n\t\r\n\t\t\r\n\t  \r\n\r\n\t<\/div>\r\n<\/section>\n\n\t<section id=\"res-slider-content-block_232c2374003d473c097a264a6e77cc17\" class=\"res-block res-slider-content py-4 Transparent\" style=\"background: transparent;\">\r\n\t\t<div class=\"inner-container container-off\" data-aos=\"res-fadeIn\">\r\n\t\t\t<div class=\"slider-outside-frame\r\n\t\t\t\tno-center-mode-desktop\t\t\t\t\">\r\n\r\n\t\t\t\t<style>\r\n                    #res-slider-content-block_232c2374003d473c097a264a6e77cc17 .box-item {margin-right: 10px;}\r\n\t\t\t\t\t\r\n                    @media only screen and (min-width: 970px) {\r\n\t\t\t\t\t                    #res-slider-content-block_232c2374003d473c097a264a6e77cc17 .box-item .postContent h2,\r\n                    #res-slider-content-block_232c2374003d473c097a264a6e77cc17 .box-item .postContent h3,\r\n                    #res-slider-content-block_232c2374003d473c097a264a6e77cc17 .box-item .postContent h4 {\r\n                      font-size: 100%; line-height: 120%;font-weight: 400;}\r\n                    #res-slider-content-block_232c2374003d473c097a264a6e77cc17 .box-item .postContent .vorschau-text {font-size: 90%; line-height: 140%;}\r\n\t\t\t\t\t\r\n\t\t\t\t\t\t\t\t\t\t#res-slider-content-block_232c2374003d473c097a264a6e77cc17.alignfull .no-center-mode-desktop .slider {margin-left: 100px;}\r\n\t\t\t\t\t\r\n\t\t\t\t\t\r\n                    }\r\n\t\t\t\t<\/style>\r\n\r\n\t\t\t\t\t\t\t\t\t\t\r\n\r\n\r\n\t\t\t\t\t\t<div id=\"res_slider_content_aIlhw4uYM8\"\r\n\t\t\t\t\t\t\t class=\"slider d-md-block d-block equal-boxheight\" >\r\n\t\t\t\t\t\t\t\r\n\t\t\t\t\t\t\t\t\t\t\t\t\t\t\t\t\t\t<div class=\"box-item my-1 boxlayout01  icon-slider \r\n\t\t\t\t\t\t\t\t\t\t\t\" data-aos=\"res-fadeIn\">\r\n\r\n\t\t\t\t\t\t\t\t\t\t\t<div class=\"box-inner shadow scale-sliderbox h-100\">\r\n\r\n\t\t\t\t\t\t\t\t\t\t\t\t\t\t\t\t\t\t\t\t\t\t\t\t<a href=\"https:\/\/onezone.ch\/fr\/assurance-garantie-de-loyer\/\" target=\"_parent\">\r\n\t\t\t\t\t\t\t\t\t\t\t\t\t\t\t\t\t\t\t\t\t\t\t\t\t\t<div class=\"postBox text-center\">\r\n\r\n\t\t\t\t\t\t\t\t\t\t\t\t\t\t\t\t\t\t\t\t\t\t\t\t\t\t\t\t\t<div class=\"postImg mb-1 overflow-hidden\">\r\n\t\t\t\t\t\t\t\t\t\t\t\t\t\t\t\t<img decoding=\"async\" width=\"1\" height=\"1\" src=\"https:\/\/onezone.ch\/wp-content\/uploads\/2022\/07\/icon-hausrat.svg\" class=\"img-fluid w-100 \" alt=\"icon Assurance m\u00e9nage\" \/>\t\t\t\t\t\t\t\t\t\t\t\t\t\t\t<\/div>\r\n\t\t\t\t\t\t\t\t\t\t\t\t\t\t\r\n\t\t\t\t\t\t\t\t\t\t\t\t\t\t<div class=\"postContent p-2 px-md-2 pt-md-2 h-100\">\r\n\r\n\t\t\t\t\t\t\t\t\t\t\t\t\t\t\t\r\n\t\t\t\t\t\t\t\t\t\t\t\t\t\t\t<h4>Garantie de loyer<\/h4>\r\n\r\n\t\t\t\t\t\t\t\t\t\t\t\t\t\t\t\r\n\t\t\t\t\t\t\t\t\t\t\t\t\t\t\t\t\t\t\t\t\t\t\t\t\t\t\t\t\t\t\t\t\t\t\t\t\t\t\t\t\t\t\t\t\t\t\t\t\t\t\t\t\t\t\t\t\t\t\t\t\t\t\r\n\t\t\t\t\t\t\t\t\t\t\t\t\t\t<\/div>\r\n\t\t\t\t\t\t\t\t\t\t\t\t\t<\/div>\r\n\r\n\t\t\t\t\t\t\t\t\t\t\t\t\t\t\t\t\t\t\t\t\t\t\t\t\t<\/a>\r\n\t\t\t\t\t\t\t\t\t\t\t\r\n\t\t\t\t\t\t\t\t\t\t\t\r\n\t\t\t\t\t\t\t\t\t\t\t<\/div>\r\n\r\n\t\t\t\t\t\t\t\t\t\t<\/div>\r\n\t\t\t\t\t\t\t\t\t\r\n\t\t\t\t\t\t\t\t\t\t\t\t\t\t\t\t\t\t<div class=\"box-item my-1 boxlayout01  icon-slider \r\n\t\t\t\t\t\t\t\t\t\t\t\" data-aos=\"res-fadeIn\">\r\n\r\n\t\t\t\t\t\t\t\t\t\t\t<div class=\"box-inner shadow scale-sliderbox h-100\">\r\n\r\n\t\t\t\t\t\t\t\t\t\t\t\t\t\t\t\t\t\t\t\t\t\t\t\t<a href=\"https:\/\/onezone.ch\/fr\/assurance-protection-juridique\/\" target=\"_parent\">\r\n\t\t\t\t\t\t\t\t\t\t\t\t\t\t\t\t\t\t\t\t\t\t\t\t\t\t<div class=\"postBox text-center\">\r\n\r\n\t\t\t\t\t\t\t\t\t\t\t\t\t\t\t\t\t\t\t\t\t\t\t\t\t\t\t\t\t<div class=\"postImg mb-1 overflow-hidden\">\r\n\t\t\t\t\t\t\t\t\t\t\t\t\t\t\t\t<img decoding=\"async\" width=\"1\" height=\"1\" src=\"https:\/\/onezone.ch\/wp-content\/uploads\/2022\/07\/icon-zusatzversicherung.svg\" class=\"img-fluid w-100 \" alt=\"icon Schtuz\" \/>\t\t\t\t\t\t\t\t\t\t\t\t\t\t\t<\/div>\r\n\t\t\t\t\t\t\t\t\t\t\t\t\t\t\r\n\t\t\t\t\t\t\t\t\t\t\t\t\t\t<div class=\"postContent p-2 px-md-2 pt-md-2 h-100\">\r\n\r\n\t\t\t\t\t\t\t\t\t\t\t\t\t\t\t\r\n\t\t\t\t\t\t\t\t\t\t\t\t\t\t\t<h4>Assurance protection juridique<\/h4>\r\n\r\n\t\t\t\t\t\t\t\t\t\t\t\t\t\t\t\r\n\t\t\t\t\t\t\t\t\t\t\t\t\t\t\t\t\t\t\t\t\t\t\t\t\t\t\t\t\t\t\t\t\t\t\t\t\t\t\t\t\t\t\t\t\t\t\t\t\t\t\t\t\t\t\t\t\t\t\t\t\t\t\r\n\t\t\t\t\t\t\t\t\t\t\t\t\t\t<\/div>\r\n\t\t\t\t\t\t\t\t\t\t\t\t\t<\/div>\r\n\r\n\t\t\t\t\t\t\t\t\t\t\t\t\t\t\t\t\t\t\t\t\t\t\t\t\t<\/a>\r\n\t\t\t\t\t\t\t\t\t\t\t\r\n\t\t\t\t\t\t\t\t\t\t\t\r\n\t\t\t\t\t\t\t\t\t\t\t<\/div>\r\n\r\n\t\t\t\t\t\t\t\t\t\t<\/div>\r\n\t\t\t\t\t\t\t\t\t\r\n\t\t\t\t\t\t\t\t\t\t\t\t\t\t\t\t\t\t<div class=\"box-item my-1 boxlayout01  icon-slider \r\n\t\t\t\t\t\t\t\t\t\t\t\" data-aos=\"res-fadeIn\">\r\n\r\n\t\t\t\t\t\t\t\t\t\t\t<div class=\"box-inner shadow scale-sliderbox h-100\">\r\n\r\n\t\t\t\t\t\t\t\t\t\t\t\t\t\t\t\t\t\t\t\t\t\t\t\t<a href=\"https:\/\/onezone.ch\/fr\/assurance-voyage\/\" target=\"_parent\">\r\n\t\t\t\t\t\t\t\t\t\t\t\t\t\t\t\t\t\t\t\t\t\t\t\t\t\t<div class=\"postBox text-center\">\r\n\r\n\t\t\t\t\t\t\t\t\t\t\t\t\t\t\t\t\t\t\t\t\t\t\t\t\t\t\t\t\t<div class=\"postImg mb-1 overflow-hidden\">\r\n\t\t\t\t\t\t\t\t\t\t\t\t\t\t\t\t<img decoding=\"async\" width=\"1\" height=\"1\" src=\"https:\/\/onezone.ch\/wp-content\/uploads\/2022\/07\/icon-notfaelle-ausland.svg\" class=\"img-fluid w-100 \" alt=\"icon Assurance voyage\" \/>\t\t\t\t\t\t\t\t\t\t\t\t\t\t\t<\/div>\r\n\t\t\t\t\t\t\t\t\t\t\t\t\t\t\r\n\t\t\t\t\t\t\t\t\t\t\t\t\t\t<div class=\"postContent p-2 px-md-2 pt-md-2 h-100\">\r\n\r\n\t\t\t\t\t\t\t\t\t\t\t\t\t\t\t\r\n\t\t\t\t\t\t\t\t\t\t\t\t\t\t\t<h4>Assurance voyage<\/h4>\r\n\r\n\t\t\t\t\t\t\t\t\t\t\t\t\t\t\t\r\n\t\t\t\t\t\t\t\t\t\t\t\t\t\t\t\t\t\t\t\t\t\t\t\t\t\t\t\t\t\t\t\t\t\t\t\t\t\t\t\t\t\t\t\t\t\t\t\t\t\t\t\t\t\t\t\t\t\t\t\t\t\t\r\n\t\t\t\t\t\t\t\t\t\t\t\t\t\t<\/div>\r\n\t\t\t\t\t\t\t\t\t\t\t\t\t<\/div>\r\n\r\n\t\t\t\t\t\t\t\t\t\t\t\t\t\t\t\t\t\t\t\t\t\t\t\t\t<\/a>\r\n\t\t\t\t\t\t\t\t\t\t\t\r\n\t\t\t\t\t\t\t\t\t\t\t\r\n\t\t\t\t\t\t\t\t\t\t\t<\/div>\r\n\r\n\t\t\t\t\t\t\t\t\t\t<\/div>\r\n\t\t\t\t\t\t\t\t\t\r\n\t\t\t\t\t\t\t\t\t\t\t\t\t\t\t\t\t\t<div class=\"box-item my-1 boxlayout01  icon-slider \r\n\t\t\t\t\t\t\t\t\t\t\t\" data-aos=\"res-fadeIn\">\r\n\r\n\t\t\t\t\t\t\t\t\t\t\t<div class=\"box-inner shadow scale-sliderbox h-100\">\r\n\r\n\t\t\t\t\t\t\t\t\t\t\t\t\t\t\t\t\t\t\t\t\t\t\t\t<a href=\"https:\/\/onezone.ch\/fr\/assurance-animaux\/\" target=\"_parent\">\r\n\t\t\t\t\t\t\t\t\t\t\t\t\t\t\t\t\t\t\t\t\t\t\t\t\t\t<div class=\"postBox text-center\">\r\n\r\n\t\t\t\t\t\t\t\t\t\t\t\t\t\t\t\t\t\t\t\t\t\t\t\t\t\t\t\t\t<div class=\"postImg mb-1 overflow-hidden\">\r\n\t\t\t\t\t\t\t\t\t\t\t\t\t\t\t\t<img loading=\"lazy\" decoding=\"async\" width=\"1\" height=\"1\" src=\"https:\/\/onezone.ch\/wp-content\/uploads\/2022\/07\/icon-notfaelle-ausland.svg\" class=\"img-fluid w-100 \" alt=\"\" \/>\t\t\t\t\t\t\t\t\t\t\t\t\t\t\t<\/div>\r\n\t\t\t\t\t\t\t\t\t\t\t\t\t\t\r\n\t\t\t\t\t\t\t\t\t\t\t\t\t\t<div class=\"postContent p-2 px-md-2 pt-md-2 h-100\">\r\n\r\n\t\t\t\t\t\t\t\t\t\t\t\t\t\t\t\r\n\t\t\t\t\t\t\t\t\t\t\t\t\t\t\t<h4>Assurance animaux<\/h4>\r\n\r\n\t\t\t\t\t\t\t\t\t\t\t\t\t\t\t\r\n\t\t\t\t\t\t\t\t\t\t\t\t\t\t\t\t\t\t\t\t\t\t\t\t\t\t\t\t\t\t\t\t\t\t\t\t\t\t\t\t\t\t\t\t\t\t\t\t\t\t\t\t\t\t\t\t\t\t\t\t\t\t\r\n\t\t\t\t\t\t\t\t\t\t\t\t\t\t<\/div>\r\n\t\t\t\t\t\t\t\t\t\t\t\t\t<\/div>\r\n\r\n\t\t\t\t\t\t\t\t\t\t\t\t\t\t\t\t\t\t\t\t\t\t\t\t\t<\/a>\r\n\t\t\t\t\t\t\t\t\t\t\t\r\n\t\t\t\t\t\t\t\t\t\t\t\r\n\t\t\t\t\t\t\t\t\t\t\t<\/div>\r\n\r\n\t\t\t\t\t\t\t\t\t\t<\/div>\r\n\t\t\t\t\t\t\t\t\t\t\t\t\t\t\t<\/div>\r\n\t\t\t\t\t\t\t\t<\/div>\r\n\t\t<\/div>\r\n\r\n\t\t\t<\/section>\r\n\r\n","protected":false},"excerpt":{"rendered":"<p>Caisse d&rsquo;assurance maladie V\u00e9hicules \u00e0 moteur Pr\u00e9voyance pilier 3a et&#8230;<\/p>\n","protected":false},"author":2,"featured_media":6076,"parent":0,"menu_order":0,"comment_status":"closed","ping_status":"closed","template":"","meta":{"_acf_changed":false,"footnotes":""},"class_list":["post-23822","page","type-page","status-publish","has-post-thumbnail","hentry"],"acf":[],"yoast_head":"<!-- This site is optimized with the Yoast SEO Premium plugin v23.6 (Yoast SEO v27.1.1) - https:\/\/yoast.com\/product\/yoast-seo-premium-wordpress\/ -->\n<title>Assurances obligatoires et facultatives - nouveau en Suisse<\/title>\n<meta name=\"description\" content=\"Tu trouveras ici les assurances obligatoires en Suisse et celles qu&#039;il est judicieux de souscrire en plus.\" \/>\n<meta name=\"robots\" content=\"index, follow, max-snippet:-1, max-image-preview:large, max-video-preview:-1\" \/>\n<link rel=\"canonical\" href=\"https:\/\/onezone.ch\/fr\/apercu-des-assurances-assurances-suisses-2\/\" \/>\n<meta property=\"og:locale\" content=\"fr_FR\" \/>\n<meta property=\"og:type\" content=\"article\" \/>\n<meta property=\"og:title\" content=\"Aper\u00e7u des assurances : Assurances suisses\" \/>\n<meta property=\"og:description\" content=\"Tu trouveras ici les assurances obligatoires en Suisse et celles qu&#039;il est judicieux de souscrire en plus.\" \/>\n<meta property=\"og:url\" content=\"https:\/\/onezone.ch\/fr\/apercu-des-assurances-assurances-suisses-2\/\" \/>\n<meta property=\"og:site_name\" content=\"Versicherungs app - digitaler Versicherungsbroker Schweiz\" \/>\n<meta property=\"article:publisher\" content=\"https:\/\/www.facebook.com\/onezone.ch\/\" \/>\n<meta property=\"article:modified_time\" content=\"2026-03-16T17:00:37+00:00\" \/>\n<meta property=\"og:image\" content=\"https:\/\/onezone.ch\/wp-content\/uploads\/2022\/07\/onezone-fullscreen-faq.jpg\" \/>\n\t<meta property=\"og:image:width\" content=\"2200\" \/>\n\t<meta property=\"og:image:height\" content=\"1100\" \/>\n\t<meta property=\"og:image:type\" content=\"image\/jpeg\" \/>\n<meta name=\"twitter:card\" content=\"summary_large_image\" \/>\n<meta name=\"twitter:label1\" content=\"Dur\u00e9e de lecture estim\u00e9e\" \/>\n\t<meta name=\"twitter:data1\" content=\"1 minute\" \/>\n<script type=\"application\/ld+json\" class=\"yoast-schema-graph\">{\"@context\":\"https:\/\/schema.org\",\"@graph\":[{\"@type\":\"WebPage\",\"@id\":\"https:\/\/onezone.ch\/fr\/apercu-des-assurances-assurances-suisses-2\/\",\"url\":\"https:\/\/onezone.ch\/fr\/apercu-des-assurances-assurances-suisses-2\/\",\"name\":\"Assurances obligatoires et facultatives - nouveau en Suisse\",\"isPartOf\":{\"@id\":\"https:\/\/onezone.ch\/fr\/#website\"},\"primaryImageOfPage\":{\"@id\":\"https:\/\/onezone.ch\/fr\/apercu-des-assurances-assurances-suisses-2\/#primaryimage\"},\"image\":{\"@id\":\"https:\/\/onezone.ch\/fr\/apercu-des-assurances-assurances-suisses-2\/#primaryimage\"},\"thumbnailUrl\":\"https:\/\/onezone.ch\/wp-content\/uploads\/2022\/07\/onezone-fullscreen-faq.jpg\",\"datePublished\":\"2026-03-16T17:00:36+00:00\",\"dateModified\":\"2026-03-16T17:00:37+00:00\",\"description\":\"Tu trouveras ici les assurances obligatoires en Suisse et celles qu'il est judicieux de souscrire en plus.\",\"breadcrumb\":{\"@id\":\"https:\/\/onezone.ch\/fr\/apercu-des-assurances-assurances-suisses-2\/#breadcrumb\"},\"inLanguage\":\"fr-FR\",\"potentialAction\":[{\"@type\":\"ReadAction\",\"target\":[\"https:\/\/onezone.ch\/fr\/apercu-des-assurances-assurances-suisses-2\/\"]}]},{\"@type\":\"ImageObject\",\"inLanguage\":\"fr-FR\",\"@id\":\"https:\/\/onezone.ch\/fr\/apercu-des-assurances-assurances-suisses-2\/#primaryimage\",\"url\":\"https:\/\/onezone.ch\/wp-content\/uploads\/2022\/07\/onezone-fullscreen-faq.jpg\",\"contentUrl\":\"https:\/\/onezone.ch\/wp-content\/uploads\/2022\/07\/onezone-fullscreen-faq.jpg\",\"width\":2200,\"height\":1100,\"caption\":\"image homme sur l'ordinateur portable\"},{\"@type\":\"BreadcrumbList\",\"@id\":\"https:\/\/onezone.ch\/fr\/apercu-des-assurances-assurances-suisses-2\/#breadcrumb\",\"itemListElement\":[{\"@type\":\"ListItem\",\"position\":1,\"name\":\"Home\",\"item\":\"https:\/\/onezone.ch\/fr\/\"},{\"@type\":\"ListItem\",\"position\":2,\"name\":\"Aper\u00e7u des assurances : Assurances suisses\"}]},{\"@type\":\"WebSite\",\"@id\":\"https:\/\/onezone.ch\/fr\/#website\",\"url\":\"https:\/\/onezone.ch\/fr\/\",\"name\":\"Versicherungs app - Versicherungsbroker Schweiz\",\"description\":\"versicherungs app, digitaler versicherungsmakler schweiz, autoversicherung, lebensversicherung, s\u00e4ule 3a, rechtsschutzversicherung, krankenkasse, reiseversicherung, mietkautionsversicherung, tierversicherung, hausratversicherung, privathaftpflicht versicherung, versicherungsbroker\",\"publisher\":{\"@id\":\"https:\/\/onezone.ch\/fr\/#organization\"},\"potentialAction\":[{\"@type\":\"SearchAction\",\"target\":{\"@type\":\"EntryPoint\",\"urlTemplate\":\"https:\/\/onezone.ch\/fr\/?s={search_term_string}\"},\"query-input\":{\"@type\":\"PropertyValueSpecification\",\"valueRequired\":true,\"valueName\":\"search_term_string\"}}],\"inLanguage\":\"fr-FR\"},{\"@type\":\"Organization\",\"@id\":\"https:\/\/onezone.ch\/fr\/#organization\",\"name\":\"oneZone Versicherung Schweiz\",\"url\":\"https:\/\/onezone.ch\/fr\/\",\"logo\":{\"@type\":\"ImageObject\",\"inLanguage\":\"fr-FR\",\"@id\":\"https:\/\/onezone.ch\/fr\/#\/schema\/logo\/image\/\",\"url\":\"https:\/\/onezone.ch\/wp-content\/uploads\/2022\/07\/onezone-logo-pos-RGB.svg\",\"contentUrl\":\"https:\/\/onezone.ch\/wp-content\/uploads\/2022\/07\/onezone-logo-pos-RGB.svg\",\"width\":1,\"height\":1,\"caption\":\"oneZone Versicherung Schweiz\"},\"image\":{\"@id\":\"https:\/\/onezone.ch\/fr\/#\/schema\/logo\/image\/\"},\"sameAs\":[\"https:\/\/www.facebook.com\/onezone.ch\/\",\"https:\/\/www.instagram.com\/oneZone.ch\/\",\"https:\/\/www.youtube.com\/channel\/UCkADqFvOChofZlL-UkA85mg\/featured\"]}]}<\/script>\n<!-- \/ Yoast SEO Premium plugin. -->","yoast_head_json":{"title":"Assurances obligatoires et facultatives - nouveau en Suisse","description":"Tu trouveras ici les assurances obligatoires en Suisse et celles qu'il est judicieux de souscrire en plus.","robots":{"index":"index","follow":"follow","max-snippet":"max-snippet:-1","max-image-preview":"max-image-preview:large","max-video-preview":"max-video-preview:-1"},"canonical":"https:\/\/onezone.ch\/fr\/apercu-des-assurances-assurances-suisses-2\/","og_locale":"fr_FR","og_type":"article","og_title":"Aper\u00e7u des assurances : Assurances suisses","og_description":"Tu trouveras ici les assurances obligatoires en Suisse et celles qu'il est judicieux de souscrire en plus.","og_url":"https:\/\/onezone.ch\/fr\/apercu-des-assurances-assurances-suisses-2\/","og_site_name":"Versicherungs app - digitaler Versicherungsbroker Schweiz","article_publisher":"https:\/\/www.facebook.com\/onezone.ch\/","article_modified_time":"2026-03-16T17:00:37+00:00","og_image":[{"width":2200,"height":1100,"url":"https:\/\/onezone.ch\/wp-content\/uploads\/2022\/07\/onezone-fullscreen-faq.jpg","type":"image\/jpeg"}],"twitter_card":"summary_large_image","twitter_misc":{"Dur\u00e9e de lecture estim\u00e9e":"1 minute"},"schema":{"@context":"https:\/\/schema.org","@graph":[{"@type":"WebPage","@id":"https:\/\/onezone.ch\/fr\/apercu-des-assurances-assurances-suisses-2\/","url":"https:\/\/onezone.ch\/fr\/apercu-des-assurances-assurances-suisses-2\/","name":"Assurances obligatoires et facultatives - nouveau en Suisse","isPartOf":{"@id":"https:\/\/onezone.ch\/fr\/#website"},"primaryImageOfPage":{"@id":"https:\/\/onezone.ch\/fr\/apercu-des-assurances-assurances-suisses-2\/#primaryimage"},"image":{"@id":"https:\/\/onezone.ch\/fr\/apercu-des-assurances-assurances-suisses-2\/#primaryimage"},"thumbnailUrl":"https:\/\/onezone.ch\/wp-content\/uploads\/2022\/07\/onezone-fullscreen-faq.jpg","datePublished":"2026-03-16T17:00:36+00:00","dateModified":"2026-03-16T17:00:37+00:00","description":"Tu trouveras ici les assurances obligatoires en Suisse et celles qu'il est judicieux de souscrire en plus.","breadcrumb":{"@id":"https:\/\/onezone.ch\/fr\/apercu-des-assurances-assurances-suisses-2\/#breadcrumb"},"inLanguage":"fr-FR","potentialAction":[{"@type":"ReadAction","target":["https:\/\/onezone.ch\/fr\/apercu-des-assurances-assurances-suisses-2\/"]}]},{"@type":"ImageObject","inLanguage":"fr-FR","@id":"https:\/\/onezone.ch\/fr\/apercu-des-assurances-assurances-suisses-2\/#primaryimage","url":"https:\/\/onezone.ch\/wp-content\/uploads\/2022\/07\/onezone-fullscreen-faq.jpg","contentUrl":"https:\/\/onezone.ch\/wp-content\/uploads\/2022\/07\/onezone-fullscreen-faq.jpg","width":2200,"height":1100,"caption":"image homme sur l'ordinateur portable"},{"@type":"BreadcrumbList","@id":"https:\/\/onezone.ch\/fr\/apercu-des-assurances-assurances-suisses-2\/#breadcrumb","itemListElement":[{"@type":"ListItem","position":1,"name":"Home","item":"https:\/\/onezone.ch\/fr\/"},{"@type":"ListItem","position":2,"name":"Aper\u00e7u des assurances : Assurances suisses"}]},{"@type":"WebSite","@id":"https:\/\/onezone.ch\/fr\/#website","url":"https:\/\/onezone.ch\/fr\/","name":"Versicherungs app - Versicherungsbroker Schweiz","description":"versicherungs app, digitaler versicherungsmakler schweiz, autoversicherung, lebensversicherung, s\u00e4ule 3a, rechtsschutzversicherung, krankenkasse, reiseversicherung, mietkautionsversicherung, tierversicherung, hausratversicherung, privathaftpflicht versicherung, versicherungsbroker","publisher":{"@id":"https:\/\/onezone.ch\/fr\/#organization"},"potentialAction":[{"@type":"SearchAction","target":{"@type":"EntryPoint","urlTemplate":"https:\/\/onezone.ch\/fr\/?s={search_term_string}"},"query-input":{"@type":"PropertyValueSpecification","valueRequired":true,"valueName":"search_term_string"}}],"inLanguage":"fr-FR"},{"@type":"Organization","@id":"https:\/\/onezone.ch\/fr\/#organization","name":"oneZone Versicherung Schweiz","url":"https:\/\/onezone.ch\/fr\/","logo":{"@type":"ImageObject","inLanguage":"fr-FR","@id":"https:\/\/onezone.ch\/fr\/#\/schema\/logo\/image\/","url":"https:\/\/onezone.ch\/wp-content\/uploads\/2022\/07\/onezone-logo-pos-RGB.svg","contentUrl":"https:\/\/onezone.ch\/wp-content\/uploads\/2022\/07\/onezone-logo-pos-RGB.svg","width":1,"height":1,"caption":"oneZone Versicherung Schweiz"},"image":{"@id":"https:\/\/onezone.ch\/fr\/#\/schema\/logo\/image\/"},"sameAs":["https:\/\/www.facebook.com\/onezone.ch\/","https:\/\/www.instagram.com\/oneZone.ch\/","https:\/\/www.youtube.com\/channel\/UCkADqFvOChofZlL-UkA85mg\/featured"]}]}},"_links":{"self":[{"href":"https:\/\/onezone.ch\/fr\/wp-json\/wp\/v2\/pages\/23822","targetHints":{"allow":["GET"]}}],"collection":[{"href":"https:\/\/onezone.ch\/fr\/wp-json\/wp\/v2\/pages"}],"about":[{"href":"https:\/\/onezone.ch\/fr\/wp-json\/wp\/v2\/types\/page"}],"author":[{"embeddable":true,"href":"https:\/\/onezone.ch\/fr\/wp-json\/wp\/v2\/users\/2"}],"replies":[{"embeddable":true,"href":"https:\/\/onezone.ch\/fr\/wp-json\/wp\/v2\/comments?post=23822"}],"version-history":[{"count":1,"href":"https:\/\/onezone.ch\/fr\/wp-json\/wp\/v2\/pages\/23822\/revisions"}],"predecessor-version":[{"id":23857,"href":"https:\/\/onezone.ch\/fr\/wp-json\/wp\/v2\/pages\/23822\/revisions\/23857"}],"wp:featuredmedia":[{"embeddable":true,"href":"https:\/\/onezone.ch\/fr\/wp-json\/wp\/v2\/media\/6076"}],"wp:attachment":[{"href":"https:\/\/onezone.ch\/fr\/wp-json\/wp\/v2\/media?parent=23822"}],"curies":[{"name":"wp","href":"https:\/\/api.w.org\/{rel}","templated":true}]}}