{"id":6705,"date":"2022-08-08T16:21:31","date_gmt":"2022-08-08T14:21:31","guid":{"rendered":"https:\/\/onezone.ch\/panoramica-assicurazioni-assicurazioni-svizzere\/"},"modified":"2023-08-10T15:04:11","modified_gmt":"2023-08-10T13:04:11","slug":"panoramica-assicurazioni-svizzere","status":"publish","type":"page","link":"https:\/\/onezone.ch\/it\/panoramica-assicurazioni-svizzere\/","title":{"rendered":"Panoramica Assicurazioni: Assicurazioni svizzere"},"content":{"rendered":"\n\n<section id=\"res-header-image-block_05667243d5f47117ade981a51617391e\" class=\"res-block res-header-image alignfull \">\n  <div class=\"res-header-img-outside m-no\" data-aos=\"res-fadeIn\">\n\t<div class=\"res-header-height\">\n\t\t\n\t\n\t  <style> \n\t\t  @media only screen and (min-width: 970px) {\n\t\t\t #res-header-image-block_05667243d5f47117ade981a51617391e.res-header-image .layout-1.header-img-height { height: 66vh;}  \n\t\t\t #res-header-image-block_05667243d5f47117ade981a51617391e.res-header-image .layout-1 .res-header-image-vertical-center { top: 66%;} \n\t\t\t  \t\t\t  \n\t\t\t  \n\t\t  }\n\t\t  @media only screen and (max-width: 970px) {  \n\t\t\t#res-header-image-block_05667243d5f47117ade981a51617391e.res-header-image .layout-1.header-img-height { height: 55vh;} \n\t\t\t  \n\t\t\t  \n\t\t\t    #res-header-image-block_05667243d5f47117ade981a51617391e.res-header-image .layout-1 .res-header-image-vertical-center { top: 55%;}\t\t\t  \t\t  }\n\t\t  \t  <\/style> \n\t\t\n\t  <div class=\"layout-1 jarallax header-img-height\" data-speed=\"0.6\" style=\"background-color: #000;\">\n\t\t  \n\t\t\t\t<div class=\"res-header-image-vertical-center\">\n\t\t\t\t\t<div class=\"container-fluid\">\n\t\t\t\t\t\t\n\t\t\t\t\t\t<div class=\"sloganBox\">\n                           <div class=\"row\">\n                             <div class=\"col col-md-8 text-left\">\n\t\t\t\t\t\t\t\t <div class=\"\" data-aos=\"res-leftIncoming\">\n\t\t\t\t\t\t\t\t \n                                \t\n\t\t\t\t\t\t\t\t \n                                  \n\t\t\t\t\t\t\t\t \t<h2>Assicurazioni obbligatorie in Svizzera<\/h2>\n                                \t\t\t\t\t\t\t\t \n                                \t\n\t\t\t\t\t\t\t\t \n\t\t\t\t\t\t\t\t\t\t\t\t\t\t\t\t  <p>Le assicurazioni necessarie come privati in Svizzera &#8211; e quelle da considerare in aggiunta<\/p>\n\t\t\t\t\t\t\t\t\t\n\n\t\t\t\t\t\t\t\t \t\t\t\t\t\t\t\t \n\t\t\t\t\t\t\t\t\t<\/div>\n\t\t\t\t                 <\/div>\n\t\t\t\t\t\t\t<\/div>\n\t\t\t\t\t\t<\/div>\n\n\t\t\t\t\t<\/div>\n\t\t\t\t<\/div>\n\t\t\t\t\n\t\t\t\t\t\t<img decoding=\"async\" class=\"jarallax-img img-fluid\" src=\"https:\/\/onezone.ch\/wp-content\/uploads\/2023\/04\/Bild-Zurich-Reisende-Neu.png\" alt=\"\"  style=\"opacity: 0.9;\" \/>\n\t\t    \t\t  \n\t\t\t\t\t  \n\t\t   <\/div>\n\t\t\t \n\t \n\n\n\t\t<\/div>\n\t<\/div>\n<\/section>\t\n\n\n<div class=\"wp-block-columns is-layout-flex wp-container-core-columns-is-layout-9d6595d7 wp-block-columns-is-layout-flex\">\n<div class=\"wp-block-column is-layout-flow wp-block-column-is-layout-flow\">\t<section id=\"res-nav-tab-block_5cc9b6671e594f4f1e0d4e62c977ff6c\" class=\"res-block res-navtab alignfull layout02 py-2 Grau sticky-subnav \" style=\"background-color: #eeeff6;\">\r\n\t\t<div class=\"inner-container container-fluid\" data-aos=\"res-fadeIn\">\r\n\r\n\t\t\t\r\n\t\t\t\t\t\t\r\n\t\t\t\t\t\t\r\n\t\t\t\t\t\t\t\t\t\t\t\t\t<div class=\"tabs tabs-acf\">\r\n\t\t\t\t\t\t\t\t<div class=\"tabsNav tab-links\">\r\n\t\t\t\t\t\t\t\t\t<ul class=\"nav nav-pills nav-fill nav-quer\">\r\n\t\t\t\t\t\t\t\t\t\t\r\n\t\t\t\t\t\t\t\t\t\t\t\t\t<li class=\"nav-single-tab nav-item\">\r\n\t\t\t\t\t\t\t\t\t\t\t\t\t\t<a class=\"nav-link scrollerTo\"href=\"#assicurazionesanitaria\" target=\"_parent\"><span>Assicurazione sanitaria<\/span><\/a>\r\n\t\t\t\t\t\t\t\t\t\t\t\t\t<\/li>\r\n\t\t\t\t\t\t\t\t\t\t\t\t\t\r\n\t\t\t\t\t\t\t\t\t\t\t\t\t<li class=\"nav-single-tab nav-item\">\r\n\t\t\t\t\t\t\t\t\t\t\t\t\t\t<a class=\"nav-link scrollerTo\"href=\"#veicoliamotore\" target=\"_parent\"><span>Veicoli a motore<\/span><\/a>\r\n\t\t\t\t\t\t\t\t\t\t\t\t\t<\/li>\r\n\t\t\t\t\t\t\t\t\t\t\t\t\t\r\n\t\t\t\t\t\t\t\t\t\t\t\t\t<li class=\"nav-single-tab nav-item\">\r\n\t\t\t\t\t\t\t\t\t\t\t\t\t\t<a class=\"nav-link scrollerTo\"href=\"#disposizione\" target=\"_parent\"><span>Pensione Pilastro 3a e 3b<\/span><\/a>\r\n\t\t\t\t\t\t\t\t\t\t\t\t\t<\/li>\r\n\t\t\t\t\t\t\t\t\t\t\t\t\t\r\n\t\t\t\t\t\t\t\t\t\t\t\t\t<li class=\"nav-single-tab nav-item\">\r\n\t\t\t\t\t\t\t\t\t\t\t\t\t\t<a class=\"nav-link scrollerTo\"href=\"#edificiodomestico\" target=\"_parent\"><span>Assicurazione per la casa e l&#8217;edificio<\/span><\/a>\r\n\t\t\t\t\t\t\t\t\t\t\t\t\t<\/li>\r\n\t\t\t\t\t\t\t\t\t\t\t\t\t\r\n\t\t\t\t\t\t\t\t\t\t\t\t\t<li class=\"nav-single-tab nav-item\">\r\n\t\t\t\t\t\t\t\t\t\t\t\t\t\t<a class=\"nav-link scrollerTo\"href=\"#assicurazioni\" target=\"_parent\"><span>Varie assicurazioni<\/span><\/a>\r\n\t\t\t\t\t\t\t\t\t\t\t\t\t<\/li>\r\n\t\t\t\t\t\t\t\t\t\t\t\t\t\t\t\t\t\t\t\t\t\t<\/ul>\r\n\t\t\t\t\t\t\t\t<\/div>\r\n\t\t\t\t\t\t\t<\/div>\r\n\t\t\t\t\t\t\r\n\t\t\t\t\t\t\r\n\t\t<\/div>\r\n\t<\/section>\r\n\r\n<\/div>\n<\/div>\n\n\n\n<div style=\"height:44px\" aria-hidden=\"true\" class=\"wp-block-spacer\"><\/div>\n\n\n\r\n\r\n<section id=\"res-txt-block_b4489992ecb38035c16db9bb243629a0\" class=\"res-block res-txt alignfull layout01 py-2 Transparent\" style=\"background: transparent;\">\r\n  <div class=\"inner-container container-fluid\" data-aos=\"res-fadeIn\">\r\n \r\n\t\t  \r\n\t\t  \r\n\t\t<style>\r\n\t\t  @media only screen and (min-width: 1280px) {\r\n\t\t   \t\t \t\t \t\t} \r\n\t\t<\/style>\r\n\t\t\t  \r\n      \r\n      <div class=\"layout-1 txt-section\">\r\n\t\t<div class=\"row\">\t\r\n\t\t\t\r\n\t\t\r\n\t\t\t<div class=\"col-md-10 var-1spalten mx-auto text-center\">\r\n\t\t\t\t\r\n\t\t\t\t<div class=\"txt-title-field\">\r\n\t\r\n\t\t\t\t\t\r\n\r\n\t\t\t\t  \r\n\t\t\t\t\t<h2>Panoramica delle assicurazioni obbligatorie e volontarie in Svizzera &#8211; spiegate semplicemente<\/h2>\r\n\t\t\t\t\r\n\t\t\t\t\t\r\n\t\t\t\t\t \r\n\t\t\t\t\t<\/div> \r\n\t\t\t\t\t\r\n\t\t\t\t\t<div class=\"txt-textfield postContent pt-md-2\">\r\n\t\t\t\t\t\t\t\r\n\t\t\t\t\t<\/div> \r\n\t\t\t\t\t\r\n\t\t\t\t\t <div class=\"txt-textfield-btns pt-2 \">\r\n\t\t\t\t\t\t  \r\n\t\t\t\t\t<\/div> \r\n\t\t\t\t\r\n\t\t\t\t\t\t\t\t\t\t\t  <p class=\"res-txt-arrow pt-1 pl-md-2 mx-auto text-center\"><a class=\"scrollerTo\" href=\"#assicurazionesanitaria\"><i class=\"fal fa-arrow-down\" aria-hidden=\"true\"><\/i><\/a><\/p>\r\n\t\t\t\t\t\t\t\r\n\t\r\n\t\t\t\t<\/div>\r\n\r\n\t\t \r\n\t\t\t\r\n\t\t\t\r\n\t\t\t\r\n\r\n\t\t\t\t\t\r\n\t\t <\/div> \t\r\n\t\t<\/div>\r\n\t \r\n\t  \r\n \r\n \r\n\t<\/div>\r\n<\/section>\r\n\r\n\n\n\n<div style=\"height:0px\" aria-hidden=\"true\" class=\"wp-block-spacer\"><\/div>\n\n\n\r\n  \r\n\t<style>\r\n\t\t.link-anker-with-no-padding {padding: 0 !important;}\r\n  <\/style>\r\n\r\n<section id=\"assicurazionesanitaria\" class=\"res-block res-link-anker py-4 Transparent link-anker-with-no-padding\" style=\"background: transparent;\">\r\n  <div class=\"inner-container container-off\" data-aos=\"res-fadeIn\">\r\n\t\r\n\t\t\r\n\t  \r\n\r\n\t<\/div>\r\n<\/section>\n\n\n<h2 class=\"wp-block-heading\" id=\"h-assicurazione-malattia-obbligatoria\">Assicurazione malattia obbligatoria<\/h2>\n\n\n\r\n\r\n<section id=\"res-txt-block_19f07b55a05e8fddcb6fd0ea24570c8c\" class=\"res-block res-txt layout01 py-2 Transparent\" style=\"background: transparent;\">\r\n  <div class=\"inner-container container-off\" data-aos=\"res-fadeIn\">\r\n \r\n\t\t  \r\n\t\t \t  \r\n      \r\n      <div class=\"layout-1 txt-section\">\r\n\t\t<div class=\"row\">\t\r\n\t\t\t\r\n\t\t\r\n\t\t\t<div class=\"col-md-12 var-1spalten text-left\">\r\n\t\t\t\t\r\n\t\t\t\t<div class=\"txt-title-field\">\r\n\t\r\n\t\t\t\t\t\r\n\r\n\t\t\t\t\r\n\t\t\t\t \r\n\t\t\t\t   <h3>Il sistema sanitario svizzero<\/h3>\r\n\t\t\t\t\t\r\n\t\t\t\t\t \r\n\t\t\t\t\t<\/div> \r\n\t\t\t\t\t\r\n\t\t\t\t\t<div class=\"txt-textfield postContent pt-md-1\">\r\n\t\t\t\t\t\t\t\t\t\t  <p>Ogni persona residente in Svizzera \u00e8 obbligata a sottoscrivere un&#8217;assicurazione sanitaria di base presso una cassa malattia. Questa copertura di base assicura le spese mediche e ospedaliere in caso di malattia e infortunio. La validit\u00e0 decorre sempre dalla data ufficiale di ingresso in Svizzera, anche se la registrazione presso l&#8217;assicurazione sanitaria deve essere effettuata <strong>entro 3 mesi dalla data di ingresso<\/strong>. Ci\u00f2 significa che i premi sono sempre dovuti retroattivamente a partire dall&#8217;entrata nel paese.<\/p>\n<p>La scelta dell&#8217;assicurazione sanitaria \u00e8 tua, a patto che non manchi la scadenza di tre mesi.<\/p>\n<p>Si consiglia di confrontare i premi e le prestazioni, poich\u00e9 le compagnie di assicurazione sanitaria offrono varie possibilit\u00e0 di risparmio con diversi modelli assicurativi e franchigie.<\/p>\n\t\t\t\t\t\t\t\r\n\t\t\t\t\t<\/div> \r\n\t\t\t\t\t\r\n\t\t\t\t\t <div class=\"txt-textfield-btns pt-2 text-left\">\r\n\t\t\t\t\t\t   \r\n\t\t\t\t\t\t\t\t\t\t\t\t\t\t\t<a class=\"btn  btn-primary \" href=\"https:\/\/app.onezone.ch\/it\/rechner\/step-1\" target=\"_self\">Calcola ora un preventivo<\/a>\r\n\t\t\t\t\t\t\t\t\t\t\t\t\t\t\t<a class=\"btn  btn-primary \" href=\"https:\/\/onezone.ch\/it\/modulo-di-richiesta-richiesta-iniziale-nuovo-in-svizzera\/\" target=\"_self\">Richiedi un preventivo per tutte le assicurazioni<\/a>\r\n\t\t\t\t\t\t\t\t\t\t\t\t\t \r\n\t\t\t\t\t<\/div> \r\n\t\t\t\t\r\n\t\t\t\t\t\t\r\n\t\r\n\t\t\t\t<\/div>\r\n\r\n\t\t \r\n\t\t\t\r\n\t\t\t\r\n\t\t\t\r\n\r\n\t\t\t\t\t\r\n\t\t <\/div> \t\r\n\t\t<\/div>\r\n\t \r\n\t  \r\n \r\n \r\n\t<\/div>\r\n<\/section>\r\n\r\n\n\n\r\n\r\n<section id=\"res-txt-block_d202dac286ca3c60bac21cd16541bb0c\" class=\"res-block res-txt layout01 py-2 Transparent\" style=\"background: transparent;\">\r\n  <div class=\"inner-container container-off\" data-aos=\"res-fadeIn\">\r\n \r\n\t\t  \r\n\t\t \t  \r\n      \r\n      <div class=\"layout-1 txt-section\">\r\n\t\t<div class=\"row\">\t\r\n\t\t\t\r\n\t\t\r\n\t\t\t<div class=\"col-md-12 var-1spalten text-left\">\r\n\t\t\t\t\r\n\t\t\t\t<div class=\"txt-title-field\">\r\n\t\r\n\t\t\t\t\t\r\n\r\n\t\t\t\t\r\n\t\t\t\t \r\n\t\t\t\t   <h3>Assicurazione di base: diversi modelli assicurativi<\/h3>\r\n\t\t\t\t\t\r\n\t\t\t\t\t \r\n\t\t\t\t\t<\/div> \r\n\t\t\t\t\t\r\n\t\t\t\t\t<div class=\"txt-textfield postContent pt-md-1\">\r\n\t\t\t\t\t\t\t\t\t\t  <p>Le <strong>prestazioni<\/strong> dell&#8217;assicurazione di base sono identiche in tutti i modelli.<\/p>\n<p>I modelli assicurativi della Legge federale sull&#8217;assicurazione malattie (LAMal) si differenziano per il primo contatto che deve avvenire con il medico, il centro medico o la hotline medica, nonch\u00e9 con la farmacia o in una variante combinata.<\/p>\n\t\t\t\t\t\t\t\r\n\t\t\t\t\t<\/div> \r\n\t\t\t\t\t\r\n\t\t\t\t\t <div class=\"txt-textfield-btns pt-2 \">\r\n\t\t\t\t\t\t  \r\n\t\t\t\t\t<\/div> \r\n\t\t\t\t\r\n\t\t\t\t\t\t\r\n\t\r\n\t\t\t\t<\/div>\r\n\r\n\t\t \r\n\t\t\t\r\n\t\t\t\r\n\t\t\t\r\n\r\n\t\t\t\t\t\r\n\t\t <\/div> \t\r\n\t\t<\/div>\r\n\t \r\n\t  \r\n \r\n \r\n\t<\/div>\r\n<\/section>\r\n\r\n\n\n\r\n<section id=\"res-icons-text-block_3507b57089a5684d3d3ec58d129fbf90\" class=\"res-block res-icons-text p-no-padd Transparent\" style=\"background: transparent;\">\r\n  <div class=\"inner-container container-off\" data-aos=\"res-fadeIn\">\r\n\t  \r\n\t  <style>\r\n\t\t  #res-icons-text-block_3507b57089a5684d3d3ec58d129fbf90.res-icons-text .iconbox-bottom { margin-bottom:2%;}\r\n\t\t  #res-icons-text-block_3507b57089a5684d3d3ec58d129fbf90.res-icons-text .iconbox-side { margin-right:5%;}\r\n\t\t  #res-icons-text-block_3507b57089a5684d3d3ec58d129fbf90.res-icons-text .iconbox { font-size:90%; line-height: 150%;} \r\n\t  <\/style> \r\n\r\n <div class=\"icons-text-layout row row-cols-1 row-cols-md-5 no-gutters\">\r\n\t \r\n     \r\n      <div class=\"col-md iconbox-bottom\"> \r\n\t\t<div class=\"iconbox iconbox-side h-100 flatbox p-0\">\r\n\t\t  \r\n          <div class=\"row row-cols-2\">\r\n\t  \r\n\t\t\t   \t\t\t\t<div class=\"col-2 icons-txt-img pb-2 col-md-3\">\r\n\t\t\t\t\t \r\n\t\t\t\t\t<img decoding=\"async\" src=\"https:\/\/onezone.ch\/wp-content\/uploads\/2022\/08\/flag-150x150-1.png\" class=\"img-fluid w-100\" alt=\"icona svizzera\" \/>\r\n\t\t\t\t\t\t\t\t\t<\/div>\r\n\t\t\t   \r\n\t\t\t\t<div class=\"col-10 icons-txt-content col-md-10\">\r\n\t\t\t\t\t<p><strong>Modello standard:<\/strong><\/p>\n<p>Puoi scegliere liberamente il tuo medico tra tutti i medici svizzeri della FMH. Se dovessi avere un problema di salute, rivolgetiti semplicemente a un qualsiasi medico della FMH in Svizzera. \u00c8 il modello pi\u00f9 semplice e libero, ma anche il pi\u00f9 costoso.<\/p>\n\t\t\t\t\r\n\t\t\t\t<\/div>\r\n\t\t\t\t  \r\n\t\t\t<\/div>\r\n\t\t\t\r\n          <\/div>\r\n      <\/div>\r\n\r\n\t  \r\n      \r\n      <div class=\"col-md iconbox-bottom\"> \r\n\t\t<div class=\"iconbox iconbox-side h-100 flatbox p-0\">\r\n\t\t  \r\n          <div class=\"row row-cols-2\">\r\n\t  \r\n\t\t\t   \t\t\t\t<div class=\"col-2 icons-txt-img pb-2 col-md-3\">\r\n\t\t\t\t\t \r\n\t\t\t\t\t<img decoding=\"async\" src=\"https:\/\/onezone.ch\/wp-content\/uploads\/2022\/08\/doctor-150x150-1.png\" class=\"img-fluid w-100\" alt=\"icona medico\" \/>\r\n\t\t\t\t\t\t\t\t\t<\/div>\r\n\t\t\t   \r\n\t\t\t\t<div class=\"col-10 icons-txt-content col-md-10\">\r\n\t\t\t\t\t<p><strong>Modello medico di famiglia:<\/strong><\/p>\n<p>In questo modello \u00e8 necessario identificare un medico di base da cui farsi visitare per ogni consultazione iniziale. Se necessario, il medico ti indirizzer\u00e0 a degli specialisti. Il medico scelto proviene da un elenco fornito dalla cassa malattia, oppure pu\u00f2 essere scelto liberamente a seconda del caso.<br \/>\nQuesta restrizione consente di ottenere uno sconto variabile tra il 10 e il 17% rispetto al premio del modello standard.<\/p>\n\t\t\t\t\r\n\t\t\t\t<\/div>\r\n\t\t\t\t  \r\n\t\t\t<\/div>\r\n\t\t\t\r\n          <\/div>\r\n      <\/div>\r\n\r\n\t  \r\n      \r\n      <div class=\"col-md iconbox-bottom\"> \r\n\t\t<div class=\"iconbox iconbox-side h-100 flatbox p-0\">\r\n\t\t  \r\n          <div class=\"row row-cols-2\">\r\n\t  \r\n\t\t\t   \t\t\t\t<div class=\"col-2 icons-txt-img pb-2 col-md-3\">\r\n\t\t\t\t\t \r\n\t\t\t\t\t<img decoding=\"async\" src=\"https:\/\/onezone.ch\/wp-content\/uploads\/2022\/08\/menschen-150x150-1.png\" class=\"img-fluid w-100\" alt=\"icona gruppo di persone\" \/>\r\n\t\t\t\t\t\t\t\t\t<\/div>\r\n\t\t\t   \r\n\t\t\t\t<div class=\"col-10 icons-txt-content col-md-10\">\r\n\t\t\t\t\t<p><strong>Modello HMO: <\/strong><\/p>\n<p>Si sceglie una rete di medici, un centro medico o un medico da un elenco HMO fornito dalla compagnia assicurativa e si contatta il centro\/medico specificato. Questa restrizione consente di ottenere uno sconto variabile tra il 10 e il 17% rispetto al modello standard.<\/p>\n\t\t\t\t\r\n\t\t\t\t<\/div>\r\n\t\t\t\t  \r\n\t\t\t<\/div>\r\n\t\t\t\r\n          <\/div>\r\n      <\/div>\r\n\r\n\t  \r\n      \r\n      <div class=\"col-md iconbox-bottom\"> \r\n\t\t<div class=\"iconbox iconbox-side h-100 flatbox p-0\">\r\n\t\t  \r\n          <div class=\"row row-cols-2\">\r\n\t  \r\n\t\t\t   \t\t\t\t<div class=\"col-2 icons-txt-img pb-2 col-md-3\">\r\n\t\t\t\t\t \r\n\t\t\t\t\t<img decoding=\"async\" src=\"https:\/\/onezone.ch\/wp-content\/uploads\/2022\/08\/Bruns_Icons_Telemedizin_blau_RZ.png\" class=\"img-fluid w-100\" alt=\"icona telemedicina\" \/>\r\n\t\t\t\t\t\t\t\t\t<\/div>\r\n\t\t\t   \r\n\t\t\t\t<div class=\"col-10 icons-txt-content col-md-10\">\r\n\t\t\t\t\t<p><strong>Modello Telmed:<\/strong><\/p>\n<p>Qui \u00e8 necessario contattare un call center medico prima di qualsiasi consultazione medica (ad eccezione di emergenze, ginecologi, oculisti e dentisti). In alcuni modelli la procedura discussa \u00e8 vincolante, in altri hai solo il dovere di chiamare e puoi scegliere di accettare la procedura come una &#8220;raccomandazione&#8221; e seguirla o meno. Anche in questo caso, lo sconto va dal 10% al 17% rispetto al modello standard.<\/p>\n\t\t\t\t\r\n\t\t\t\t<\/div>\r\n\t\t\t\t  \r\n\t\t\t<\/div>\r\n\t\t\t\r\n          <\/div>\r\n      <\/div>\r\n\r\n\t  \r\n      \r\n      <div class=\"col-md iconbox-bottom\"> \r\n\t\t<div class=\"iconbox iconbox-side h-100 flatbox p-0\">\r\n\t\t  \r\n          <div class=\"row row-cols-2\">\r\n\t  \r\n\t\t\t   \t\t\t\t<div class=\"col-2 icons-txt-img pb-2 col-md-3\">\r\n\t\t\t\t\t \r\n\t\t\t\t\t<img decoding=\"async\" src=\"https:\/\/onezone.ch\/wp-content\/uploads\/2022\/08\/apotheke.png\" class=\"img-fluid w-100\" alt=\"farmacia icon\" \/>\r\n\t\t\t\t\t\t\t\t\t<\/div>\r\n\t\t\t   \r\n\t\t\t\t<div class=\"col-10 icons-txt-content col-md-10\">\r\n\t\t\t\t\t<p><strong>Modello misto farmacia\/medico di famiglia\/HMO\/telemedicina:<\/strong><\/p>\n<p>\u00c8\u00a0 un modello combinato come il modello &#8220;<em>PharMed<\/em>&#8221; di <em>Assura o il &#8220;PrimaFlex&#8221; del Groupe Mutuel <\/em> in cui \u00e8 necessario nominare un medico di famiglia (modello medico di famiglia) e allo stesso tempo impegnarsi ad acquistare i farmaci presso una farmacia convenzionata <em>Assura<\/em> (modello farmacia) oppure, come per il <em>Groupe Mutuel<\/em>, \u00e8 possibile utilizzare come primo contatto il medico di famiglia, il farmacista e la telemedicina. Oppure con il modello <em>&#8220;Favorit Sante<\/em>&#8221; di <em>Swica<\/em>, si sceglie un medico dall&#8217;elenco HMO (modello HMO), e si pu\u00f2 scegliere liberamente se recarsi dal medico scelto o consultare direttamente la linea telefonica medica (modello Telmed), e cos\u00ec via. Lo sconto varia dal 10% al 17% rispetto al modello standard.<\/p>\n\t\t\t\t\r\n\t\t\t\t<\/div>\r\n\t\t\t\t  \r\n\t\t\t<\/div>\r\n\t\t\t\r\n          <\/div>\r\n      <\/div>\r\n\r\n\t  \r\n               <\/div>  \r\n\t  \r\n\t  \r\n\t<\/div>\r\n<\/section>\r\n\r\n\n\n\r\n\r\n<section id=\"res-txt-block_9c0dc3c4f70b4d14d602e603e7e5a0f4\" class=\"res-block res-txt alignfull layout01 py-3 Grau\" style=\"background-color: #eeeff6;\">\r\n  <div class=\"inner-container container\" data-aos=\"res-fadeIn\">\r\n \r\n\t\t  \r\n\t\t  \r\n\t\t<style>\r\n\t\t  @media only screen and (min-width: 1280px) {\r\n\t\t   \t\t \t\t \t\t} \r\n\t\t<\/style>\r\n\t\t\t  \r\n      \r\n      <div class=\"layout-1 txt-section\">\r\n\t\t<div class=\"row\">\t\r\n\t\t\t\r\n\t\t\r\n\t\t\t<div class=\"col-md-12 var-1spalten text-left\">\r\n\t\t\t\t\r\n\t\t\t\t<div class=\"txt-title-field\">\r\n\t\r\n\t\t\t\t\t\r\n\r\n\t\t\t\t\r\n\t\t\t\t \r\n\t\t\t\t   <h3>Assicurazione di base: franchigia e partecipazione ai costi<\/h3>\r\n\t\t\t\t\t\r\n\t\t\t\t\t \r\n\t\t\t\t\t<\/div> \r\n\t\t\t\t\t\r\n\t\t\t\t\t<div class=\"txt-textfield postContent pt-md-2\">\r\n\t\t\t\t\t\t\t\t\t\t  <p>La <strong>franchigia annuale<\/strong> dell&#8217;assicurazione di base pu\u00f2 essere scelta liberamente ed \u00e8 valida per 1 anno. Fino a questo importo, le spese mediche coperte <em>solo <\/em>dall&#8217;assicurazione di base (non quelle coperte direttamente da un&#8217;assicurazione complementare) sono a carico del paziente. Se si raggiunge questo importo nel corso dell&#8217;anno, il resto sar\u00e0 coperto dall&#8217;assicurazione di base fino alla fine dell&#8217;anno. Non appena arriva un nuovo anno, si ricomincia da capo.<\/p>\n<p>La franchigia pu\u00f2 essere licenziata per il 01.01. dell&#8217;anno successivo con un periodo di preavviso di 3 mesi, vale a dire entro la fine di novembre dell&#8217;anno in corso, e stipularne un&#8217;altra. Nel caso del franchigie 300 con il modello standard, \u00e8 possibile cambiarla anche a met\u00e0 anno.<\/p>\n<p>&#8211;&gt; Le franchigie per gli <em>adulti<\/em> sono: 300, 500, 1000, 1500, 2000 o 2500 CHF.<\/p>\n<p><em>&#8211;&gt; I bambini<\/em> possono scegliere una franchigia di 0, 100, 200, 300, 400, 500 o 600 CHF.<\/p>\n<p>La <b>partecipazione ai costi <\/b>ammonta al 10% delle spese mediche e viene addebitata <em>in aggiunta <\/em>alla franchigia. La paartecipazione ha un massimale annuo di 700 franchi per gli adulti e di 350 franchi per i bambini.<\/p>\n\t\t\t\t\t\t\t\r\n\t\t\t\t\t<\/div> \r\n\t\t\t\t\t\r\n\t\t\t\t\t <div class=\"txt-textfield-btns pt-2 \">\r\n\t\t\t\t\t\t  \r\n\t\t\t\t\t<\/div> \r\n\t\t\t\t\r\n\t\t\t\t\t\t\r\n\t\r\n\t\t\t\t<\/div>\r\n\r\n\t\t \r\n\t\t\t\r\n\t\t\t\r\n\t\t\t\r\n\r\n\t\t\t\t\t\r\n\t\t <\/div> \t\r\n\t\t<\/div>\r\n\t \r\n\t  \r\n \r\n \r\n\t<\/div>\r\n<\/section>\r\n\r\n\n\n\r\n\t<section id=\"res-collapse-block_4c13f7fe39de78e105db00958816f563\" class=\"res-collapse py-2 Transparent\" style=\"background: transparent;\">\r\n\t\t<div class=\"inner-container container-off\" data-aos=\"res-fadeIn\">\r\n\r\n\t\t\t<div id=\"res_collapse_Qao4qTFXkg\" class=\"collapse-all\">\r\n\t\t\t\t\t\t\t\t\r\n\t\t\t\t<div class=\"card\">\r\n\t\t\t\t\t<a data-anchor=\"#\" class=\"collapsed\" data-toggle=\"collapse\" data-target=\"#collapse-res-collapse-block_4c13f7fe39de78e105db00958816f563-1\" aria-expanded=\"true\" aria-controls=\"collapse-res-collapse-block_4c13f7fe39de78e105db00958816f563-1\">\r\n\t\t\t\t\t\t<div class=\"card-header d-flex justify-content-between\" id=\"heading-res-collapse-block_4c13f7fe39de78e105db00958816f563-1\">\r\n\r\n\t\t\t\t\t\t\t<!-- Title -->\r\n\t\t\t\t\t\t\t<h4 class=\"title-collapse\">Quale franchigia annuale scegliere?<\/h4>\r\n\r\n\t\t\t\t\t\t\t<div class=\"collapse-icon\" id=\"arrow-collapse\"> <i class=\"fal fa-chevron-down rotate-icon\"><\/i><\/div>\r\n\t\t\t\t\t\t<\/div>\r\n\t\t\t\t\t<\/a>\r\n\r\n\t\t\t\t\t<div id=\"collapse-res-collapse-block_4c13f7fe39de78e105db00958816f563-1\" class=\"collapse\" aria-labelledby=\"heading-res-collapse-block_4c13f7fe39de78e105db00958816f563-1\" data-parent=\"#res_collapse_Qao4qTFXkg\">\r\n\t\t\t\t\t\t<div class=\"card-body\">\r\n\t\t\t\t\t\t\t<p>Quando scegli una franchigia annuale, considera le circostanze finanziarie, di salute e personali. I risparmi sui premi vanno confrontati con i possibili o probabili costi e va strategicamente calcolata la variante ideale.<br \/>\nSaremo lieti di mostrarti un calcolo su misura per le tue esigenze.<\/p>\n<p><strong>Suggerimento<\/strong>: metti da parte il premio risparmiato ogni mese e se dovrai pagare una fattura medica o avrai bisogno di farmaci, avrai gi\u00e0 i soldi per farlo. Dopo un certo periodo di tempo, con questo sistema accumulerai un capitale considerevole, che potrai utilizzare in caso di emergenza per le spese sanitarie o idealmente avere a tua libera disposizione.<\/p>\n\t\t\t\t\t\t<\/div>\r\n\t\t\t\t\t<\/div>\r\n\r\n\t\t\t\t<\/div>\r\n\r\n\t\t\t\t\t\t\t\t\t\t\t<\/div>\r\n\r\n\t\t<\/div>\r\n\t<\/section>\r\n\r\n\n\n\r\n\r\n\r\n<section id=\"res-btn-block_c6dd191df247ba1066ba8d51f3ca2b5a\" class=\"res-block res-btn py-3 Transparent\" style=\"background: transparent;\">\r\n  <div class=\"inner-container container-off  \" data-aos=\"res-fadeIn\">\r\n\t  \r\n\t\r\n\t  \t\r\n\t  \r\n\t  \r\n\t\t<div class=\"ausrichtung-btn text-left\">\r\n\r\n\t\t\t\t\t<a class=\"btn  btn-primary \" href=\"https:\/\/app.onezone.ch\/it\/rechner\/step-1\" target=\"_blank\">Calcolo del preventivo di assicurazione sanitaria<\/a>\r\n\t\t\t\t\t<a class=\"btn  btn-primary \" href=\"https:\/\/onezone.ch\/it\/modulo-di-richiesta-richiesta-iniziale-nuovo-in-svizzera\/\" target=\"_self\">Richiedi un preventivo per tutte le assicurazioni<\/a>\r\n\t\t\t\t<\/div>\r\n\t\t  \r\n\t  \r\n\t  \r\n\t  \r\n\t<\/div>\r\n<\/section>\r\n\r\n\n\n\r\n  \r\n\t<style>\r\n\t\t.link-anker-with-no-padding {padding: 0 !important;}\r\n  <\/style>\r\n\r\n<section id=\"assicurazioneaggiuntiva\" class=\"res-block res-link-anker py-4 Transparent link-anker-with-no-padding\" style=\"background: transparent;\">\r\n  <div class=\"inner-container container-off\" data-aos=\"res-fadeIn\">\r\n\t\r\n\t\t\r\n\t  \r\n\r\n\t<\/div>\r\n<\/section>\n\n\r\n\r\n<section id=\"res-txt-block_d9b664190cd8532347ab6521b5c3d090\" class=\"res-block res-txt layout01 py-2 Transparent\" style=\"background: transparent;\">\r\n  <div class=\"inner-container container-off\" data-aos=\"res-fadeIn\">\r\n \r\n\t\t  \r\n\t\t \t  \r\n      \r\n      <div class=\"layout-1 txt-section\">\r\n\t\t<div class=\"row\">\t\r\n\t\t\t\r\n\t\t\r\n\t\t\t<div class=\"col-md-10 var-1spalten text-left\">\r\n\t\t\t\t\r\n\t\t\t\t<div class=\"txt-title-field\">\r\n\t\r\n\t\t\t\t\t\r\n\r\n\t\t\t\t\r\n\t\t\t\t \r\n\t\t\t\t   <h3>Assicurazioni integrative volontarie<\/h3>\r\n\t\t\t\t\t\r\n\t\t\t\t\t \r\n\t\t\t\t\t<\/div> \r\n\t\t\t\t\t\r\n\t\t\t\t\t<div class=\"txt-textfield postContent pt-md-2\">\r\n\t\t\t\t\t\t\t\t\t\t  <p>L&#8217;assicurazione di base copre l&#8217;<strong>assistenza di base<\/strong> nel cantone di residenza per le spese mediche e ospedaliere in caso di malattia, infortunio o maternit\u00e0.<\/p>\n<p>Prestazioni <em>separate<\/em> come la medicina alternativa, soggiorni all&#8217;estero, copertura ospedaliera semiprivata e privata, cure specialistiche e del primario, occhiali e lenti a contatto e molte altre prestazioni possono essere assicurate tramite un supplemento.<\/p>\n<p>Alcune casse malattia offrono anche vantaggi o la partecipazione ad attivit\u00e0 di prevenzione come palestre, club sportivi, controlli periodici, consulenze nutrizionali, ecc.<\/p>\n\t\t\t\t\t\t\t\r\n\t\t\t\t\t<\/div> \r\n\t\t\t\t\t\r\n\t\t\t\t\t <div class=\"txt-textfield-btns pt-2 \">\r\n\t\t\t\t\t\t  \r\n\t\t\t\t\t<\/div> \r\n\t\t\t\t\r\n\t\t\t\t\t\t\r\n\t\r\n\t\t\t\t<\/div>\r\n\r\n\t\t \r\n\t\t\t\r\n\t\t\t\r\n\t\t\t\r\n\r\n\t\t\t\t\t\r\n\t\t <\/div> \t\r\n\t\t<\/div>\r\n\t \r\n\t  \r\n \r\n \r\n\t<\/div>\r\n<\/section>\r\n\r\n\n\n\r\n\t<section id=\"res-collapse-block_2fc76661224f182dd07cd0a4f938fdef\" class=\"res-collapse pb-4 Transparent\" style=\"background: transparent;\">\r\n\t\t<div class=\"inner-container container-off\" data-aos=\"res-fadeIn\">\r\n\r\n\t\t\t<div id=\"res_collapse_AQCYsm1eOW\" class=\"collapse-all\">\r\n\t\t\t\t\t\t\t\t\r\n\t\t\t\t<div class=\"card\">\r\n\t\t\t\t\t<a data-anchor=\"#\" class=\"collapsed\" data-toggle=\"collapse\" data-target=\"#collapse-res-collapse-block_2fc76661224f182dd07cd0a4f938fdef-1\" aria-expanded=\"true\" aria-controls=\"collapse-res-collapse-block_2fc76661224f182dd07cd0a4f938fdef-1\">\r\n\t\t\t\t\t\t<div class=\"card-header d-flex justify-content-between\" id=\"heading-res-collapse-block_2fc76661224f182dd07cd0a4f938fdef-1\">\r\n\r\n\t\t\t\t\t\t\t<!-- Title -->\r\n\t\t\t\t\t\t\t<h4 class=\"title-collapse\">Emergenze all&#8217;estero<\/h4>\r\n\r\n\t\t\t\t\t\t\t<div class=\"collapse-icon\" id=\"arrow-collapse\"> <i class=\"fal fa-chevron-down rotate-icon\"><\/i><\/div>\r\n\t\t\t\t\t\t<\/div>\r\n\t\t\t\t\t<\/a>\r\n\r\n\t\t\t\t\t<div id=\"collapse-res-collapse-block_2fc76661224f182dd07cd0a4f938fdef-1\" class=\"collapse\" aria-labelledby=\"heading-res-collapse-block_2fc76661224f182dd07cd0a4f938fdef-1\" data-parent=\"#res_collapse_AQCYsm1eOW\">\r\n\t\t\t\t\t\t<div class=\"card-body\">\r\n\t\t\t\t\t\t\t<p>L&#8217;assicurazione di base copre solo un massimo del doppio dell&#8217;importo che verrebbe pagato nel cantone di residenza. In paesi come l&#8217;America, il Canada e altri stati transoceanici, questo non sarebbe sufficiente, perch\u00e9 costano molto pi\u00f9 del &#8220;semplice&#8221; doppio. In America, ad esempio, un giorno di ricovero pu\u00f2 costare molto rapidamente fino a 10.000 franchi svizzeri. La differenza dovr\u00e0 quindi essere pagata dal cliente stesso, se non ha stipulato una polizza assicurativa complementare a tale scopo.<\/p>\n\t\t\t\t\t\t<\/div>\r\n\t\t\t\t\t<\/div>\r\n\r\n\t\t\t\t<\/div>\r\n\r\n\t\t\t\t\r\n\t\t\t\t<div class=\"card\">\r\n\t\t\t\t\t<a data-anchor=\"#\" class=\"collapsed\" data-toggle=\"collapse\" data-target=\"#collapse-res-collapse-block_2fc76661224f182dd07cd0a4f938fdef-2\" aria-expanded=\"true\" aria-controls=\"collapse-res-collapse-block_2fc76661224f182dd07cd0a4f938fdef-2\">\r\n\t\t\t\t\t\t<div class=\"card-header d-flex justify-content-between\" id=\"heading-res-collapse-block_2fc76661224f182dd07cd0a4f938fdef-2\">\r\n\r\n\t\t\t\t\t\t\t<!-- Title -->\r\n\t\t\t\t\t\t\t<h4 class=\"title-collapse\">Costi di trasporto<\/h4>\r\n\r\n\t\t\t\t\t\t\t<div class=\"collapse-icon\" id=\"arrow-collapse\"> <i class=\"fal fa-chevron-down rotate-icon\"><\/i><\/div>\r\n\t\t\t\t\t\t<\/div>\r\n\t\t\t\t\t<\/a>\r\n\r\n\t\t\t\t\t<div id=\"collapse-res-collapse-block_2fc76661224f182dd07cd0a4f938fdef-2\" class=\"collapse\" aria-labelledby=\"heading-res-collapse-block_2fc76661224f182dd07cd0a4f938fdef-2\" data-parent=\"#res_collapse_AQCYsm1eOW\">\r\n\t\t\t\t\t\t<div class=\"card-body\">\r\n\t\t\t\t\t\t\t<p>Dall&#8217;assicurazione base riceverai il 50% delle spese di trasporto, fino a un massimo di 500 CHF. Il trasporto in ambulanza pu\u00f2 costare diverse migliaia di franchi, a seconda della distanza dall&#8217;ospedale pi\u00f9 vicino. Anche il trasporto di ritorno in Svizzera non \u00e8 solitamente coperto dall&#8217;assicurazione di base. Anche in questo caso \u00e8 utile avere una copertura supplementare che copra questa lacuna.<\/p>\n\t\t\t\t\t\t<\/div>\r\n\t\t\t\t\t<\/div>\r\n\r\n\t\t\t\t<\/div>\r\n\r\n\t\t\t\t\r\n\t\t\t\t<div class=\"card\">\r\n\t\t\t\t\t<a data-anchor=\"#\" class=\"collapsed\" data-toggle=\"collapse\" data-target=\"#collapse-res-collapse-block_2fc76661224f182dd07cd0a4f938fdef-3\" aria-expanded=\"true\" aria-controls=\"collapse-res-collapse-block_2fc76661224f182dd07cd0a4f938fdef-3\">\r\n\t\t\t\t\t\t<div class=\"card-header d-flex justify-content-between\" id=\"heading-res-collapse-block_2fc76661224f182dd07cd0a4f938fdef-3\">\r\n\r\n\t\t\t\t\t\t\t<!-- Title -->\r\n\t\t\t\t\t\t\t<h4 class=\"title-collapse\">Sezione ospedaliera<\/h4>\r\n\r\n\t\t\t\t\t\t\t<div class=\"collapse-icon\" id=\"arrow-collapse\"> <i class=\"fal fa-chevron-down rotate-icon\"><\/i><\/div>\r\n\t\t\t\t\t\t<\/div>\r\n\t\t\t\t\t<\/a>\r\n\r\n\t\t\t\t\t<div id=\"collapse-res-collapse-block_2fc76661224f182dd07cd0a4f938fdef-3\" class=\"collapse\" aria-labelledby=\"heading-res-collapse-block_2fc76661224f182dd07cd0a4f938fdef-3\" data-parent=\"#res_collapse_AQCYsm1eOW\">\r\n\t\t\t\t\t\t<div class=\"card-body\">\r\n\t\t\t\t\t\t\t<p>In Svizzera, la copertura di base paga solo la tariffa nel luogo di residenza e di lavoro. Se dovessi recarti in un ospedale pi\u00f9 costoso al di fuori di questi cantoni, ad esempio per visitare uno specialista che non lavora nel tuo cantone di residenza o di lavoro, la differenza di costi non verrebbe coperta dall&#8217;assicurazione di base &#8211; e le tariffe variano molto da cantone a cantone.<\/p>\n\t\t\t\t\t\t<\/div>\r\n\t\t\t\t\t<\/div>\r\n\r\n\t\t\t\t<\/div>\r\n\r\n\t\t\t\t\r\n\t\t\t\t<div class=\"card\">\r\n\t\t\t\t\t<a data-anchor=\"#\" class=\"collapsed\" data-toggle=\"collapse\" data-target=\"#collapse-res-collapse-block_2fc76661224f182dd07cd0a4f938fdef-4\" aria-expanded=\"true\" aria-controls=\"collapse-res-collapse-block_2fc76661224f182dd07cd0a4f938fdef-4\">\r\n\t\t\t\t\t\t<div class=\"card-header d-flex justify-content-between\" id=\"heading-res-collapse-block_2fc76661224f182dd07cd0a4f938fdef-4\">\r\n\r\n\t\t\t\t\t\t\t<!-- Title -->\r\n\t\t\t\t\t\t\t<h4 class=\"title-collapse\">Medicina naturale<\/h4>\r\n\r\n\t\t\t\t\t\t\t<div class=\"collapse-icon\" id=\"arrow-collapse\"> <i class=\"fal fa-chevron-down rotate-icon\"><\/i><\/div>\r\n\t\t\t\t\t\t<\/div>\r\n\t\t\t\t\t<\/a>\r\n\r\n\t\t\t\t\t<div id=\"collapse-res-collapse-block_2fc76661224f182dd07cd0a4f938fdef-4\" class=\"collapse\" aria-labelledby=\"heading-res-collapse-block_2fc76661224f182dd07cd0a4f938fdef-4\" data-parent=\"#res_collapse_AQCYsm1eOW\">\r\n\t\t\t\t\t\t<div class=\"card-body\">\r\n\t\t\t\t\t\t\t<p>Dal 2012, anche alcuni servizi di medicina complementare sono coperti dall&#8217;assicurazione di base, ma solo se eseguiti da medici con una determinata formazione aggiuntiva. Inoltre, non tutte le terapie alternative sono riconosciute.<\/p>\n\t\t\t\t\t\t<\/div>\r\n\t\t\t\t\t<\/div>\r\n\r\n\t\t\t\t<\/div>\r\n\r\n\t\t\t\t\r\n\t\t\t\t<div class=\"card\">\r\n\t\t\t\t\t<a data-anchor=\"#\" class=\"collapsed\" data-toggle=\"collapse\" data-target=\"#collapse-res-collapse-block_2fc76661224f182dd07cd0a4f938fdef-5\" aria-expanded=\"true\" aria-controls=\"collapse-res-collapse-block_2fc76661224f182dd07cd0a4f938fdef-5\">\r\n\t\t\t\t\t\t<div class=\"card-header d-flex justify-content-between\" id=\"heading-res-collapse-block_2fc76661224f182dd07cd0a4f938fdef-5\">\r\n\r\n\t\t\t\t\t\t\t<!-- Title -->\r\n\t\t\t\t\t\t\t<h4 class=\"title-collapse\">Occhiali\/Lenti<\/h4>\r\n\r\n\t\t\t\t\t\t\t<div class=\"collapse-icon\" id=\"arrow-collapse\"> <i class=\"fal fa-chevron-down rotate-icon\"><\/i><\/div>\r\n\t\t\t\t\t\t<\/div>\r\n\t\t\t\t\t<\/a>\r\n\r\n\t\t\t\t\t<div id=\"collapse-res-collapse-block_2fc76661224f182dd07cd0a4f938fdef-5\" class=\"collapse\" aria-labelledby=\"heading-res-collapse-block_2fc76661224f182dd07cd0a4f938fdef-5\" data-parent=\"#res_collapse_AQCYsm1eOW\">\r\n\t\t\t\t\t\t<div class=\"card-body\">\r\n\t\t\t\t\t\t\t<p>Per gli ausili visivi, i bambini fino a 18 anni ricevono un contributo all&#8217;anno. I giovani adulti ricevono CHF 0.<\/p>\n<p>Chi porta gli occhiali sa che deve sottoporsi a un esame della vista quasi ogni anno e che la sua visione pu\u00f2 cambiare molto rapidamente, sopratutto in giovane et\u00e0, magari durante gli studi o a causa dell&#8217;uso oggigiorno cos\u00ec diffuso di mezzi digitali quali PC, telefoni cellulari, tablet. Gli occhiali nuovi possono essere necessari molto rapidamente. Per chi porta occhiali, vale la pena di ricevere un piccolo sostegno dalla cassa malattia. In molti casi, una polizza assicurativa integrativa con un contributo per gli occhiali copre anche un contributo per la chirurgia oculistica laser.<\/p>\n\t\t\t\t\t\t<\/div>\r\n\t\t\t\t\t<\/div>\r\n\r\n\t\t\t\t<\/div>\r\n\r\n\t\t\t\t\t\t\t\t\t\t\t<\/div>\r\n\r\n\t\t<\/div>\r\n\t<\/section>\r\n\r\n\n\n\r\n\r\n<section id=\"res-txt-block_916b7232948f51b1e35e0b905fd6c097\" class=\"res-block res-txt layout01 pt-2 Transparent\" style=\"background: transparent;\">\r\n  <div class=\"inner-container container-off\" data-aos=\"res-fadeIn\">\r\n \r\n\t\t  \r\n\t\t  \r\n\t\t<style>\r\n\t\t  @media only screen and (min-width: 1280px) {\r\n\t\t   \t\t \t\t \t\t} \r\n\t\t<\/style>\r\n\t\t\t  \r\n      \r\n      <div class=\"layout-1 txt-section\">\r\n\t\t<div class=\"row\">\t\r\n\t\t\t\r\n\t\t\r\n\t\t\t<div class=\"col-md-10 var-1spalten text-left\">\r\n\t\t\t\t\r\n\t\t\t\t<div class=\"txt-title-field\">\r\n\t\r\n\t\t\t\t\t\r\n\r\n\t\t\t\t\r\n\t\t\t\t \r\n\t\t\t\t   <h3>Consigli e suggerimenti sull&#8217;assicurazione sanitaria<\/h3>\r\n\t\t\t\t\t\r\n\t\t\t\t\t \r\n\t\t\t\t\t<\/div> \r\n\t\t\t\t\t\r\n\t\t\t\t\t<div class=\"txt-textfield postContent pt-md-0\">\r\n\t\t\t\t\t\t\t\r\n\t\t\t\t\t<\/div> \r\n\t\t\t\t\t\r\n\t\t\t\t\t <div class=\"txt-textfield-btns pt-2 \">\r\n\t\t\t\t\t\t  \r\n\t\t\t\t\t<\/div> \r\n\t\t\t\t\r\n\t\t\t\t\t\t\r\n\t\r\n\t\t\t\t<\/div>\r\n\r\n\t\t \r\n\t\t\t\r\n\t\t\t\r\n\t\t\t\r\n\r\n\t\t\t\t\t\r\n\t\t <\/div> \t\r\n\t\t<\/div>\r\n\t \r\n\t  \r\n \r\n \r\n\t<\/div>\r\n<\/section>\r\n\r\n\n\n\r\n\t<section id=\"res-collapse-block_26f5afe5606c3d21821ae0377534110a\" class=\"res-collapse pb-2 Transparent\" style=\"background: transparent;\">\r\n\t\t<div class=\"inner-container container-off\" data-aos=\"res-fadeIn\">\r\n\r\n\t\t\t<div id=\"res_collapse_quGX2IVffO\" class=\"collapse-all\">\r\n\t\t\t\t\t\t\t\t\r\n\t\t\t\t<div class=\"card\">\r\n\t\t\t\t\t<a data-anchor=\"#\" class=\"collapsed\" data-toggle=\"collapse\" data-target=\"#collapse-res-collapse-block_26f5afe5606c3d21821ae0377534110a-1\" aria-expanded=\"true\" aria-controls=\"collapse-res-collapse-block_26f5afe5606c3d21821ae0377534110a-1\">\r\n\t\t\t\t\t\t<div class=\"card-header d-flex justify-content-between\" id=\"heading-res-collapse-block_26f5afe5606c3d21821ae0377534110a-1\">\r\n\r\n\t\t\t\t\t\t\t<!-- Title -->\r\n\t\t\t\t\t\t\t<h4 class=\"title-collapse\">Devo avere l&#8217;assicurazione di base e quella complementare con la stessa compagnia di assicurazione sanitaria?<\/h4>\r\n\r\n\t\t\t\t\t\t\t<div class=\"collapse-icon\" id=\"arrow-collapse\"> <i class=\"fal fa-chevron-down rotate-icon\"><\/i><\/div>\r\n\t\t\t\t\t\t<\/div>\r\n\t\t\t\t\t<\/a>\r\n\r\n\t\t\t\t\t<div id=\"collapse-res-collapse-block_26f5afe5606c3d21821ae0377534110a-1\" class=\"collapse\" aria-labelledby=\"heading-res-collapse-block_26f5afe5606c3d21821ae0377534110a-1\" data-parent=\"#res_collapse_quGX2IVffO\">\r\n\t\t\t\t\t\t<div class=\"card-body\">\r\n\t\t\t\t\t\t\t<p>Le assicurazioni complementari non devono necessariamente essere effettuate alla stessa compagnia dell&#8217;assicurazione di base. Anche questi possono essere selezionati liberamente. Il vantaggio di avere un unico assicuratore per l&#8217;assicurazione di base e quella complementare \u00e8 che puoi presentare le fatture mediche direttamente all&#8217;assicuratore o tramite un&#8217;unica app. Se hai pi\u00f9 di un assicuratore, ti consigliamo di inviare sempre copie delle fatture a tutti gli assicuratori. La compagnia di assicurazione sanitaria responsabile, coprir\u00e0 quindi il servizio.<\/p>\n\t\t\t\t\t\t<\/div>\r\n\t\t\t\t\t<\/div>\r\n\r\n\t\t\t\t<\/div>\r\n\r\n\t\t\t\t\r\n\t\t\t\t<div class=\"card\">\r\n\t\t\t\t\t<a data-anchor=\"#\" class=\"collapsed\" data-toggle=\"collapse\" data-target=\"#collapse-res-collapse-block_26f5afe5606c3d21821ae0377534110a-2\" aria-expanded=\"true\" aria-controls=\"collapse-res-collapse-block_26f5afe5606c3d21821ae0377534110a-2\">\r\n\t\t\t\t\t\t<div class=\"card-header d-flex justify-content-between\" id=\"heading-res-collapse-block_26f5afe5606c3d21821ae0377534110a-2\">\r\n\r\n\t\t\t\t\t\t\t<!-- Title -->\r\n\t\t\t\t\t\t\t<h4 class=\"title-collapse\">Perch\u00e9 dovrei firmare un contratto pluriennale<\/h4>\r\n\r\n\t\t\t\t\t\t\t<div class=\"collapse-icon\" id=\"arrow-collapse\"> <i class=\"fal fa-chevron-down rotate-icon\"><\/i><\/div>\r\n\t\t\t\t\t\t<\/div>\r\n\t\t\t\t\t<\/a>\r\n\r\n\t\t\t\t\t<div id=\"collapse-res-collapse-block_26f5afe5606c3d21821ae0377534110a-2\" class=\"collapse\" aria-labelledby=\"heading-res-collapse-block_26f5afe5606c3d21821ae0377534110a-2\" data-parent=\"#res_collapse_quGX2IVffO\">\r\n\t\t\t\t\t\t<div class=\"card-body\">\r\n\t\t\t\t\t\t\t<p>Alcune assicurazioni complementari sono disponibili solo con contratti pluriennali. Questo ha senso nella misura in cui consente alle compagnie assicurative di offrire premi pi\u00f9 vantaggiosi. L&#8217;assicurazione complementare pu\u00f2 essere disdetta alla scadenza del contratto (verificare i relativi termini di preavviso), oppure in caso di abbandono definitivo della Svizzera, o ancora in caso di aumento del premio (una variazione del premio dovuta all&#8217;ingresso in una diversa categoria di et\u00e0 non \u00e8 considerata un aumento del premio).<\/p>\n\t\t\t\t\t\t<\/div>\r\n\t\t\t\t\t<\/div>\r\n\r\n\t\t\t\t<\/div>\r\n\r\n\t\t\t\t\r\n\t\t\t\t<div class=\"card\">\r\n\t\t\t\t\t<a data-anchor=\"#\" class=\"collapsed\" data-toggle=\"collapse\" data-target=\"#collapse-res-collapse-block_26f5afe5606c3d21821ae0377534110a-3\" aria-expanded=\"true\" aria-controls=\"collapse-res-collapse-block_26f5afe5606c3d21821ae0377534110a-3\">\r\n\t\t\t\t\t\t<div class=\"card-header d-flex justify-content-between\" id=\"heading-res-collapse-block_26f5afe5606c3d21821ae0377534110a-3\">\r\n\r\n\t\t\t\t\t\t\t<!-- Title -->\r\n\t\t\t\t\t\t\t<h4 class=\"title-collapse\">Come e quando posso cambiare l&#8217;assicurazione di base<\/h4>\r\n\r\n\t\t\t\t\t\t\t<div class=\"collapse-icon\" id=\"arrow-collapse\"> <i class=\"fal fa-chevron-down rotate-icon\"><\/i><\/div>\r\n\t\t\t\t\t\t<\/div>\r\n\t\t\t\t\t<\/a>\r\n\r\n\t\t\t\t\t<div id=\"collapse-res-collapse-block_26f5afe5606c3d21821ae0377534110a-3\" class=\"collapse\" aria-labelledby=\"heading-res-collapse-block_26f5afe5606c3d21821ae0377534110a-3\" data-parent=\"#res_collapse_quGX2IVffO\">\r\n\t\t\t\t\t\t<div class=\"card-body\">\r\n\t\t\t\t\t\t\t<p>L&#8217;assicurazione di base, invece, pu\u00f2 essere modificata annualmente e indipendentemente dalle assicurazioni complementari. Ogni anno, tra la fine di settembre e l&#8217;inizio di ottobre, l&#8217;UFSP e la FINMA verificano i premi dell&#8217;assicurazione di base di tutti gli assicuratori di base in Svizzera. Le compagnie di assicurazione sanitaria inviano quindi ai propri clienti la nuova polizza con i relativi premi modificati. Grazie a questo adeguamento dei premi, potete disdire il vostro assicuratore di base entro il 30 novembre e stipularne uno pi\u00f9 economico a partire dal 1\u00b0 gennaio dell&#8217;anno successivo.<\/p>\n<p>Vale la pena di confrontare i premi, perch\u00e9 con un&#8217;assicurazione di base pi\u00f9 economica si possono ottenere grandi risparmi; inoltre, le prestazioni sono uguali per tutti gli assicuratori, poich\u00e9 l&#8217;assicurazione di base e le relative prestazioni sono prescritte dalla legge secondo la LAMal (Legge federale sull&#8217;assicurazione malattie).<\/p>\n\t\t\t\t\t\t<\/div>\r\n\t\t\t\t\t<\/div>\r\n\r\n\t\t\t\t<\/div>\r\n\r\n\t\t\t\t\t\t\t\t\t\t\t<\/div>\r\n\r\n\t\t<\/div>\r\n\t<\/section>\r\n\r\n\n\n\r\n\r\n\r\n<section id=\"res-btn-block_90ed124b53a010356bc980799c822a63\" class=\"res-block res-btn py-2 Transparent\" style=\"background: transparent;\">\r\n  <div class=\"inner-container container-off  \" data-aos=\"res-fadeIn\">\r\n\t  \r\n\t\r\n\t  \t\r\n\t  \r\n\t  \r\n\t\t<div class=\"ausrichtung-btn text-left\">\r\n\r\n\t\t\t\t\t<a class=\"btn  btn-primary \" href=\"https:\/\/app.krankenkassen.versicherung\/it\/rechner\/step-1\" target=\"_self\">Calcolo del preventivo di assicurazione sanitaria<\/a>\r\n\t\t\t\t\t<a class=\"btn  btn-primary \" href=\"https:\/\/onezone.ch\/it\/modulo-di-richiesta-iniziale-nuovo-in-svizzera\/\" target=\"_blank\">Effettuare una richiesta complessiva per tutte le assicurazioni<\/a>\r\n\t\t\t\t<\/div>\r\n\t\t  \r\n\t  \r\n\t  \r\n\t  \r\n\t<\/div>\r\n<\/section>\r\n\r\n\n\n\n<div style=\"height:144px\" aria-hidden=\"true\" class=\"wp-block-spacer\"><\/div>\n\n\n\r\n  \r\n\t<style>\r\n\t\t.link-anker-with-no-padding {padding: 0 !important;}\r\n  <\/style>\r\n\r\n<section id=\"veicoliamotore\" class=\"res-block res-link-anker py-4 Transparent link-anker-with-no-padding\" style=\"background: transparent;\">\r\n  <div class=\"inner-container container-off\" data-aos=\"res-fadeIn\">\r\n\t\r\n\t\t\r\n\t  \r\n\r\n\t<\/div>\r\n<\/section>\n\n\n<h2 class=\"wp-block-heading\" id=\"h-veicolo-a-motore\">Veicolo a motore<\/h2>\n\n\n\r\n\r\n<section id=\"res-txt-block_49a16b3e006ff9be338fd2f1fe545bd7\" class=\"res-block res-txt layout01 p-no Transparent\" style=\"background: transparent;\">\r\n  <div class=\"inner-container container-off\" data-aos=\"res-fadeIn\">\r\n \r\n\t\t  \r\n\t\t \t  \r\n      \r\n      <div class=\"layout-1 txt-section\">\r\n\t\t<div class=\"row\">\t\r\n\t\t\t\r\n\t\t\r\n\t\t\t<div class=\"col-md-10 var-1spalten text-left\">\r\n\t\t\t\t\r\n\t\t\t\t<div class=\"txt-title-field\">\r\n\t\r\n\t\t\t\t\t\r\n\r\n\t\t\t\t\r\n\t\t\t\t\t\r\n\t\t\t\t\t \r\n\t\t\t\t\t<\/div> \r\n\t\t\t\t\t\r\n\t\t\t\t\t<div class=\"txt-textfield postContent pt-md-2\">\r\n\t\t\t\t\t\t\t\t\t\t  <p>Se portate un&#8217;auto in Svizzera, dovete farla controllare e registrare presso l&#8217;<strong>Ufficio di circolazione stradale<\/strong>.<\/p>\n<p>Durante l&#8217;ispezione del veicolo, \u00e8 necessario fornire la <strong>prova dell&#8217;assicurazione<\/strong>, in modo che il veicolo possa essere utilizzato durante l&#8217;ispezione e riscattato definitivamente dopo l&#8217;ispezione.<\/p>\n<p>Anche in questo caso, vale la pena di confrontare in anticipo le offerte e di prestare attenzione alle prestazioni e alle franchigie.<\/p>\n\t\t\t\t\t\t\t\r\n\t\t\t\t\t<\/div> \r\n\t\t\t\t\t\r\n\t\t\t\t\t <div class=\"txt-textfield-btns pt-2 \">\r\n\t\t\t\t\t\t  \r\n\t\t\t\t\t<\/div> \r\n\t\t\t\t\r\n\t\t\t\t\t\t\r\n\t\r\n\t\t\t\t<\/div>\r\n\r\n\t\t \r\n\t\t\t\r\n\t\t\t\r\n\t\t\t\r\n\r\n\t\t\t\t\t\r\n\t\t <\/div> \t\r\n\t\t<\/div>\r\n\t \r\n\t  \r\n \r\n \r\n\t<\/div>\r\n<\/section>\r\n\r\n\n\n\r\n\r\n\r\n<section id=\"res-btn-block_7a72c7a17c32884eab04259049a84dca\" class=\"res-block res-btn pb-3 Transparent\" style=\"background: transparent;\">\r\n  <div class=\"inner-container container-off  \" data-aos=\"res-fadeIn\">\r\n\t  \r\n\t\r\n\t  \t\r\n\t  \r\n\t  \r\n\t\t<div class=\"ausrichtung-btn text-left\">\r\n\r\n\t\t\t\t\t<a class=\"btn  btn-primary \" href=\"https:\/\/onezone.ch\/it\/assicurazione-auto\/\" target=\"_self\">Richiedi un preventivo<\/a>\r\n\t\t\t\t<\/div>\r\n\t\t  \r\n\t  \r\n\t  \r\n\t  \r\n\t<\/div>\r\n<\/section>\r\n\r\n\n\n\n<section id=\"res-table-block_0144d0e368a1b9ad623984dfbdd8a67b\" class=\"res-block res-table alignfull pt-2 Grau\" style=\"background-color: #eeeff6;\">\n  <div class=\"inner-container container-fluid\" data-aos=\"res-fadeIn\">\n\n\t\t  \n\t \n\t  \n   <div class=\"layout-01 row row-cols-1 row-cols-md-3 no-gutters \">\n\n   <!--   Table Row  -->\n     \t \t  \n\t\t\t\t   <div class=\"col\">\n\t\t    <div class=\"table-spalte table-clean px-3\">\n\t\t\t   <h2>Obbligatorio:<\/h2>\n<p>&nbsp;<\/p>\n<h3>Copertura della responsabilit\u00e0 civile<\/h3>\n<p>L&#8217;unica <strong style=\"font-style: inherit\">assicurazione<\/strong> <em>obbligatoria<\/em> \u00e8 quella per la <strong style=\"font-style: inherit\">responsabilit\u00e0<\/strong> civile (copertura dei danni causati a terzi dal veicolo). Sono volontarie tutte le coperture aggiuntive come: Pericoli naturali, casco totale, danni da parcheggio, supplemento valore corrente, bonus di protezione, negligenza grave, ecc.<\/p>\n\t\t\t<\/div> \n\t\t  <\/div>\n\t\t\t\n\t  \n           \t  \n\t\t\t\t   <div class=\"col\">\n\t\t    <div class=\"table-spalte table-clean px-3\">\n\t\t\t   <h2>Consigliato:<\/h2>\n<p>&nbsp;<\/p>\n<h3>Scafo (collisione)<\/h3>\n<p>Per i veicoli pi\u00f9 recenti, non pi\u00f9 vecchi di 5-6 anni, un&#8217;<strong>assicurazione casco totale<\/strong> (danni propri al veicolo) rende Senso della copertina. L&#8217;assicurazione collisione \u00e8 <em>obbligatoria<\/em> anche per i <strong>veicoli in leasing<\/strong>. Di solito ha senso anche una <strong>copertura parziale<\/strong>. Copre i danni al veicolo non causati dall&#8217;assicurato ma, ad esempio, da eventi naturali o altri fattori esterni<em>(danni da incendio, rottura di vetri, danni da acqua, furto<\/em>).<\/p>\n\t\t\t<\/div> \n\t\t  <\/div>\n\t\t\t\n\t  \n           \t  \n\t\t\t\t   <div class=\"col\">\n\t\t    <div class=\"table-spalte table-clean px-3\">\n\t\t\t   <h2>Volontario e aggiuntivo:<\/h2>\n<p>&nbsp;<\/p>\n<h3>Coperture consigliate<\/h3>\n<p><em>Protezione bonus<\/em> (il livello di bonus non cambia nonostante i sinistri) <em>Negligenza grave<\/em> (se causate un danno non rispettando le regole del traffico, sarete comunque coperti)<\/p>\n<p>&#8211;&gt; Attenzione: ci sono alcune esclusioni come l&#8217;uso di droghe\/alcool, ecc. \/ <i>supplemento valore temporale<\/i> (normalmente un veicolo \u00e8 assicurato solo per il valore al momento del sinistro in caso di perdita totale, che diventa sempre pi\u00f9 basso man mano che il veicolo invecchia &#8211; il supplemento valore temporale fornisce un valore assicurato aggiuntivo in caso di perdita totale).<\/p>\n\t\t\t<\/div> \n\t\t  <\/div>\n\t\t\t\n\t  \n                \t  <\/div> \n\n\t\n\t  \n\t<\/div>\n<\/section>\n\n\n\n\n<div style=\"height:100px\" aria-hidden=\"true\" class=\"wp-block-spacer\"><\/div>\n\n\n\r\n  \r\n\t<style>\r\n\t\t.link-anker-with-no-padding {padding: 0 !important;}\r\n  <\/style>\r\n\r\n<section id=\"disposizione\" class=\"res-block res-link-anker py-4 Transparent link-anker-with-no-padding\" style=\"background: transparent;\">\r\n  <div class=\"inner-container container-off\" data-aos=\"res-fadeIn\">\r\n\t\r\n\t\t\r\n\t  \r\n\r\n\t<\/div>\r\n<\/section>\n\n\n<h2 class=\"wp-block-heading\" id=\"h-pensione-pilastro-3a-e-3b\">Pensione Pilastro 3a e 3b<\/h2>\n\n\n\r\n\r\n<section id=\"res-txt-block_cb5fe307389ae12e75e72b2221f0fa4f\" class=\"res-block res-txt layout01 py-2 Transparent\" style=\"background: transparent;\">\r\n  <div class=\"inner-container container-off\" data-aos=\"res-fadeIn\">\r\n \r\n\t\t  \r\n\t\t \t  \r\n      \r\n      <div class=\"layout-1 txt-section\">\r\n\t\t<div class=\"row\">\t\r\n\t\t\t\r\n\t\t\r\n\t\t\t<div class=\"col-md-10 var-1spalten text-left\">\r\n\t\t\t\t\r\n\t\t\t\t<div class=\"txt-title-field\">\r\n\t\r\n\t\t\t\t\t\r\n\r\n\t\t\t\t\r\n\t\t\t\t \r\n\t\t\t\t   <h3>Il principio dei 3 pilastri in Svizzera<\/h3>\r\n\t\t\t\t\t\r\n\t\t\t\t\t \r\n\t\t\t\t\t<\/div> \r\n\t\t\t\t\t\r\n\t\t\t\t\t<div class=\"txt-textfield postContent pt-md-2\">\r\n\t\t\t\t\t\t\t\t\t\t  <p>Per le conseguenze economiche dell&#8217;<strong>invalidit\u00e0 <\/strong>(per infortunio o malattia<em>)<\/em>, della <strong>vecchiaia <\/strong>(pensione), della <strong>morte <\/strong>(tutela dei superstiti), della<strong> maternit\u00e0<\/strong>, della<strong> disoccupazione<\/strong>, ecc. la Svizzera dispone di un <strong>sistema di &#8220;protezione&#8221; composto da 3 pilastri<\/strong>, di cui due obbligatori e uno volontario.<\/p>\n\t\t\t\t\t\t\t\r\n\t\t\t\t\t<\/div> \r\n\t\t\t\t\t\r\n\t\t\t\t\t <div class=\"txt-textfield-btns pt-2 \">\r\n\t\t\t\t\t\t  \r\n\t\t\t\t\t<\/div> \r\n\t\t\t\t\r\n\t\t\t\t\t\t\r\n\t\r\n\t\t\t\t<\/div>\r\n\r\n\t\t \r\n\t\t\t\r\n\t\t\t\r\n\t\t\t\r\n\r\n\t\t\t\t\t\r\n\t\t <\/div> \t\r\n\t\t<\/div>\r\n\t \r\n\t  \r\n \r\n \r\n\t<\/div>\r\n<\/section>\r\n\r\n\n\n\n<section id=\"res-table-block_050692b487452fe697cb73251ffb2aa4\" class=\"res-block res-table p-no Grau\" style=\"background-color: #eeeff6;\">\n  <div class=\"inner-container container-off\" data-aos=\"res-fadeIn\">\n\n\t\t  \n\t \n\t  \n   <div class=\"layout-01 row row-cols-1 row-cols-md-3 no-gutters \">\n\n   <!--   Table Row  -->\n     \t \t  \n\t\t\t\t   <div class=\"col\">\n\t\t    <div class=\"table-spalte table-clean px-1\">\n\t\t\t   <h2 style=\"text-align: center\"><span style=\"text-decoration: underline\"><strong>I Pilastro &#8211; <\/strong><strong>Pensione statale<\/strong><\/span><\/h2>\n<p>&nbsp;<\/p>\n<p style=\"text-align: center\"><strong>Obbligatorio<\/strong><br \/>\nper tutti i residenti nel<br \/>\nSvizzera<\/p>\n<p>&nbsp;<\/p>\n<p style=\"text-align: center\"><strong>AVS<\/strong><br \/>\nSopravvissuti di vecchiaia e<br \/>\nDisposizioni per la disabilit\u00e0<\/p>\n<p>&nbsp;<\/p>\n<p style=\"text-align: center\"><strong>IV<\/strong><br \/>\nAssicurazione di invalidit\u00e0<\/p>\n<p>&nbsp;<\/p>\n<p style=\"text-align: center\"><strong>EL<\/strong><br \/>\nPrestazioni complementari<\/p>\n\t\t\t<\/div> \n\t\t  <\/div>\n\t\t\t\n\t  \n           \t  \n\t\t\t\t   <div class=\"col\">\n\t\t    <div class=\"table-spalte table-clean px-1\">\n\t\t\t   <h2 style=\"text-align: center\"><span style=\"text-decoration: underline\"><strong>II Pilastro &#8211; <\/strong><strong>Previdenza professionale<\/strong><\/span><\/h2>\n<p>&nbsp;<\/p>\n<p style=\"text-align: center\"><strong>Obbligatorio<\/strong><br \/>\nper (quasi) tutti i dipendenti<br \/>\nin Svizzera<\/p>\n<p>&nbsp;<\/p>\n<p style=\"text-align: center\"><strong>BV<\/strong><br \/>\nEt\u00e0 professionale<br \/>\nSopravvissuti e invalidi<br \/>\nPrecauzione<\/p>\n\t\t\t<\/div> \n\t\t  <\/div>\n\t\t\t\n\t  \n           \t  \n\t\t\t\t   <div class=\"col\">\n\t\t    <div class=\"table-spalte table-clean px-1\">\n\t\t\t   <h2 style=\"text-align: center\"><span style=\"text-decoration: underline\"><strong>III Pilastro &#8211; <\/strong><strong>Previdenza privata<\/strong><\/span><\/h2>\n<p>&nbsp;<\/p>\n<p style=\"text-align: center\"><strong>Volontario<\/strong><\/p>\n<p>&nbsp;<\/p>\n<p>&nbsp;<\/p>\n<p>&nbsp;<\/p>\n<p style=\"text-align: center\"><strong>3a<\/strong><br \/>\nAccantonamento vincolato<\/p>\n<p>&nbsp;<\/p>\n<p style=\"text-align: center\"><strong>3b<\/strong><br \/>\nDisposizione non vincolante<\/p>\n\t\t\t<\/div> \n\t\t  <\/div>\n\t\t\t\n\t  \n                \t  <\/div> \n\n\t\n\t  \n\t<\/div>\n<\/section>\n\n\n\n\r\n\r\n<section id=\"res-txt-block_54ed3ee24ade00d3ec578a397bde45a0\" class=\"res-block res-txt layout01 py-2 Transparent\" style=\"background: transparent;\">\r\n  <div class=\"inner-container container-off\" data-aos=\"res-fadeIn\">\r\n \r\n\t\t  \r\n\t\t \t  \r\n      \r\n      <div class=\"layout-1 txt-section\">\r\n\t\t<div class=\"row\">\t\r\n\t\t\t\r\n\t\t\r\n\t\t\t<div class=\"col-md-12 var-1spalten text-left\">\r\n\t\t\t\t\r\n\t\t\t\t<div class=\"txt-title-field\">\r\n\t\r\n\t\t\t\t\t\r\n\r\n\t\t\t\t\r\n\t\t\t\t\t\r\n\t\t\t\t\t \r\n\t\t\t\t\t<\/div> \r\n\t\t\t\t\t\r\n\t\t\t\t\t<div class=\"txt-textfield postContent pt-md-2\">\r\n\t\t\t\t\t\t\t\t\t\t  <p>L&#8217;assicurazione 3a ti consente di raggiungere gli <strong>obiettivi a breve, medio e lungo termine<\/strong>. Le combinazioni possono essere scelte <em>in modo flessibile<\/em> e adattate alle esigenze del cliente. Per questo motivo si consiglia vivamente una consulenza personale, in modo da analizzare gli obiettivi del cliente ed elaborare, confrontare e suggerire le relative proposte di soluzione.<\/p>\n\t\t\t\t\t\t\t\r\n\t\t\t\t\t<\/div> \r\n\t\t\t\t\t\r\n\t\t\t\t\t <div class=\"txt-textfield-btns pt-2 \">\r\n\t\t\t\t\t\t  \r\n\t\t\t\t\t<\/div> \r\n\t\t\t\t\r\n\t\t\t\t\t\t\r\n\t\r\n\t\t\t\t<\/div>\r\n\r\n\t\t \r\n\t\t\t\r\n\t\t\t\r\n\t\t\t\r\n\r\n\t\t\t\t\t\r\n\t\t <\/div> \t\r\n\t\t<\/div>\r\n\t \r\n\t  \r\n \r\n \r\n\t<\/div>\r\n<\/section>\r\n\r\n\n\n\r\n\r\n\r\n<section id=\"res-btn-block_570b4ce386c5eb77fa8b6e781a0c4b78\" class=\"res-block res-btn pb-3 Transparent\" style=\"background: transparent;\">\r\n  <div class=\"inner-container container-off  \" data-aos=\"res-fadeIn\">\r\n\t  \r\n\t\r\n\t  \t\r\n\t  \r\n\t  \r\n\t\t<div class=\"ausrichtung-btn text-left\">\r\n\r\n\t\t\t\t\t<a class=\"btn  btn-primary \" href=\"https:\/\/onezone.ch\/it\/pensione-pilastro-3a\/\" target=\"_self\">Richiesta di consulenza<\/a>\r\n\t\t\t\t<\/div>\r\n\t\t  \r\n\t  \r\n\t  \r\n\t  \r\n\t<\/div>\r\n<\/section>\r\n\r\n\n\n\r\n\r\n<section id=\"res-txt-block_cbe1ba17fd584ea43578d3d5576e3922\" class=\"res-block res-txt layout01 py-2 Transparent\" style=\"background: transparent;\">\r\n  <div class=\"inner-container container-off\" data-aos=\"res-fadeIn\">\r\n \r\n\t\t  \r\n\t\t \t  \r\n      \r\n      <div class=\"layout-1 txt-section\">\r\n\t\t<div class=\"row\">\t\r\n\t\t\t\r\n\t\t\r\n\t\t\t<div class=\"col-md-10 var-1spalten text-left\">\r\n\t\t\t\t\r\n\t\t\t\t<div class=\"txt-title-field\">\r\n\t\r\n\t\t\t\t\t\r\n\r\n\t\t\t\t\r\n\t\t\t\t\t\r\n\t\t\t\t\t \r\n\t\t\t\t\t<\/div> \r\n\t\t\t\t\t\r\n\t\t\t\t\t<div class=\"txt-textfield postContent pt-md-2\">\r\n\t\t\t\t\t\t\t\t\t\t  <p><strong>I vantaggi di un pilastro 3a in sintesi<\/strong><\/p>\n\t\t\t\t\t\t\t\r\n\t\t\t\t\t<\/div> \r\n\t\t\t\t\t\r\n\t\t\t\t\t <div class=\"txt-textfield-btns pt-2 \">\r\n\t\t\t\t\t\t  \r\n\t\t\t\t\t<\/div> \r\n\t\t\t\t\r\n\t\t\t\t\t\t\r\n\t\r\n\t\t\t\t<\/div>\r\n\r\n\t\t \r\n\t\t\t\r\n\t\t\t\r\n\t\t\t\r\n\r\n\t\t\t\t\t\r\n\t\t <\/div> \t\r\n\t\t<\/div>\r\n\t \r\n\t  \r\n \r\n \r\n\t<\/div>\r\n<\/section>\r\n\r\n\n\n\r\n\r\n<section id=\"res-txt-block_1b2785b2e8d7a06b7123afab5cc554d2\" class=\"res-block res-txt layout01 pb-3 Grau\" style=\"background-color: #eeeff6;\">\r\n  <div class=\"inner-container container-fluid\" data-aos=\"res-fadeIn\">\r\n \r\n\t\t  \r\n\t\t \t  \r\n      \r\n      <div class=\"layout-1 txt-section\">\r\n\t\t<div class=\"row\">\t\r\n\t\t\t\r\n\t\t\r\n\t\t\t<div class=\"col-md-12 var-1spalten text-left\">\r\n\t\t\t\t\r\n\t\t\t\t<div class=\"txt-title-field\">\r\n\t\r\n\t\t\t\t\t\r\n\r\n\t\t\t\t\r\n\t\t\t\t\t\r\n\t\t\t\t\t \r\n\t\t\t\t\t<\/div> \r\n\t\t\t\t\t\r\n\t\t\t\t\t<div class=\"txt-textfield postContent pt-md-1\">\r\n\t\t\t\t\t\t\t\t\t\t  <p>Questo sistema \u00e8 costruito a partire da diverse polizze assicurative concepite per proteggere i residenti in Svizzera. Tuttavia, vi sono alcune <em>lacune<\/em>, soprattutto nel settore della <strong>previdenza per gli anziani<\/strong> e della <strong>disabilit\u00e0<\/strong>. Per questo motivo esiste il 3\u00b0 pilastro, che \u00e8 volontario e offre alla popolazione l&#8217;opportunit\u00e0 di integrare le lacune dei primi due pilastri.<\/p>\n<p>Le prestazioni per la vecchiaia, cio\u00e8 dopo il pensionamento, del I\u00b0 e del II\u00b0 pilastro rappresentano circa il 60% del reddito abituale di un residente. Il divario del 40% \u00e8 enorme e pu\u00f2 essere coperto con un&#8217;offerta privata 3 a\/b adeguata alle esigenze della persona.<\/p>\n<p>Oltre a integrare la <strong>previdenza per la vecchiaia<\/strong>, il 3\u00b0 pilastro offre altri vantaggi molto interessanti: <strong>risparmio fiscale<\/strong>, <strong>finanziamento della propria abitazione<\/strong>, <strong>mantenimento della famiglia<\/strong>.<\/p>\n\t\t\t\t\t\t\t\r\n\t\t\t\t\t<\/div> \r\n\t\t\t\t\t\r\n\t\t\t\t\t <div class=\"txt-textfield-btns pt-2 \">\r\n\t\t\t\t\t\t  \r\n\t\t\t\t\t<\/div> \r\n\t\t\t\t\r\n\t\t\t\t\t\t\r\n\t\r\n\t\t\t\t<\/div>\r\n\r\n\t\t \r\n\t\t\t\r\n\t\t\t\r\n\t\t\t\r\n\r\n\t\t\t\t\t\r\n\t\t <\/div> \t\r\n\t\t<\/div>\r\n\t \r\n\t  \r\n \r\n \r\n\t<\/div>\r\n<\/section>\r\n\r\n\n\n\n<h2 class=\"wp-block-heading\" id=\"h-altre-assicurazioni-utili\">Altre assicurazioni utili<\/h2>\n\n\n\n<section id=\"res-table-block_8e3c9cc8c1084a608d87acc51ff97971\" class=\"res-block res-table p-no Grau\" style=\"background-color: #eeeff6;\">\n  <div class=\"inner-container container-off\" data-aos=\"res-fadeIn\">\n\n\t\t  \n\t \n\t  \n   <div class=\"layout-01 row row-cols-1 row-cols-md-2 no-gutters \">\n\n   <!--   Table Row  -->\n     \t \t  \n\t\t\t\t   <div class=\"col\">\n\t\t    <div class=\"table-spalte table-clean px-3\">\n\t\t\t   <h2>Fondo pensione<\/h2>\n<p>&nbsp;<\/p>\n<p>La pensione privata 3a <strong>copre<\/strong> <strong>le lacune delle prestazioni dei primi pilastri<\/strong>. Per potersi dedicare agli hobby e al tempo libero dopo la pensione, \u00e8 necessario avere almeno il reddito che si aveva prima: pi\u00f9 tempo per il tempo libero e quindi per le spese. Per poter godere della vecchiaia, si raccomanda una pensione di 3a.<\/p>\n<p>&nbsp;<\/p>\n\t\t\t<\/div> \n\t\t  <\/div>\n\t\t\t\n\t  \n           \t  \n\t\t\t\t   <div class=\"col\">\n\t\t    <div class=\"table-spalte table-clean px-3\">\n\t\t\t   <h2>Risparmiare le tasse<\/h2>\n<p>&nbsp;<\/p>\n<p>Versando il vostro pilastro 3a volontario, contribuite a garantire la vostra vecchiaia dopo il pensionamento. Per questo motivo lo Stato vi concede un <strong>regalo fiscale<\/strong>: i contributi versati possono essere dedotti annualmente dal vostro reddito imponibile. Con un deposito massimo, la detrazione fiscale pu\u00f2 arrivare a 2.000 franchi svizzeri all&#8217;anno.<\/p>\n<p>&nbsp;<\/p>\n\t\t\t<\/div> \n\t\t  <\/div>\n\t\t\t\n\t  \n                \t  <\/div> \n\n\t\n\t  \n\t<\/div>\n<\/section>\n\n\n\n\n<section id=\"res-table-block_6d252337331564994e345b7d5afff961\" class=\"res-block res-table p-no Grau\" style=\"background-color: #eeeff6;\">\n  <div class=\"inner-container container-off\" data-aos=\"res-fadeIn\">\n\n\t\t  \n\t \n\t  \n   <div class=\"layout-01 row row-cols-1 row-cols-md-2 no-gutters \">\n\n   <!--   Table Row  -->\n     \t \t  \n\t\t\t\t   <div class=\"col\">\n\t\t    <div class=\"table-spalte table-clean px-3\">\n\t\t\t   <h2>Finanziare la propria casa<\/h2>\n<p>&nbsp;<\/p>\n<p>Con una polizza 3a, potete concedere<strong> parte del capitale proprio<\/strong> utilizzato <strong>per un&#8217;ipoteca<\/strong> e quindi utilizzare indirettamente il capitale risparmiato godendo degli altri vantaggi del terzo pilastro.<\/p>\n\t\t\t<\/div> \n\t\t  <\/div>\n\t\t\t\n\t  \n           \t  \n\t\t\t\t   <div class=\"col\">\n\t\t    <div class=\"table-spalte table-clean px-3\">\n\t\t\t   <h2>Protezione della famiglia e copertura dei rischi<\/h2>\n<p>&nbsp;<\/p>\n<p>Con una polizza 3a \u00e8 possibile assicurare rischi aggiuntivi, come un <em>capitale in caso di decesso <\/em>per la <strong>famiglia<\/strong>, e assicurarsi l&#8217;<em>esonero dal pagamento dei premi in caso di invalidit\u00e0,<\/em> in modo da poter mantenere l&#8217;assicurazione fino alla fine in ogni caso.<\/p>\n\t\t\t<\/div> \n\t\t  <\/div>\n\t\t\t\n\t  \n                \t  <\/div> \n\n\t\n\t  \n\t<\/div>\n<\/section>\n\n\n\n\n<div style=\"height:100px\" aria-hidden=\"true\" class=\"wp-block-spacer\"><\/div>\n\n\n\r\n  \r\n\t<style>\r\n\t\t.link-anker-with-no-padding {padding: 0 !important;}\r\n  <\/style>\r\n\r\n<section id=\"edificiodomestico\" class=\"res-block res-link-anker py-4 Transparent link-anker-with-no-padding\" style=\"background: transparent;\">\r\n  <div class=\"inner-container container-off\" data-aos=\"res-fadeIn\">\r\n\t\r\n\t\t\r\n\t  \r\n\r\n\t<\/div>\r\n<\/section>\n\n\n<h2 class=\"wp-block-heading\" id=\"h-assicurazione-combinata-abitazione-e-fabbricati\">Assicurazione combinata abitazione e fabbricati<\/h2>\n\n\n\r\n\r\n<section id=\"res-txt-block_5928585e5bd619f6b4bfe286f5c624dc\" class=\"res-block res-txt layout01 py-2 Transparent\" style=\"background: transparent;\">\r\n  <div class=\"inner-container container-off\" data-aos=\"res-fadeIn\">\r\n \r\n\t\t  \r\n\t\t \t  \r\n      \r\n      <div class=\"layout-1 txt-section\">\r\n\t\t<div class=\"row\">\t\r\n\t\t\t\r\n\t\t\r\n\t\t\t<div class=\"col-md-10 var-1spalten text-left\">\r\n\t\t\t\t\r\n\t\t\t\t<div class=\"txt-title-field\">\r\n\t\r\n\t\t\t\t\t\r\n\r\n\t\t\t\t\r\n\t\t\t\t \r\n\t\t\t\t   <h3>Assicurazione per i danni che si verificano nell&#8217;abitazione<\/h3>\r\n\t\t\t\t\t\r\n\t\t\t\t\t \r\n\t\t\t\t\t<\/div> \r\n\t\t\t\t\t\r\n\t\t\t\t\t<div class=\"txt-textfield postContent pt-md-2\">\r\n\t\t\t\t\t\t\t\t\t\t  <p>L&#8217;assicurazione sulla casa non \u00e8 obbligatoria nella maggior parte dei cantoni svizzeri, ma \u00e8 consigliata nella maggior parte dei casi.<\/p>\n\t\t\t\t\t\t\t\r\n\t\t\t\t\t<\/div> \r\n\t\t\t\t\t\r\n\t\t\t\t\t <div class=\"txt-textfield-btns pt-2 \">\r\n\t\t\t\t\t\t  \r\n\t\t\t\t\t<\/div> \r\n\t\t\t\t\r\n\t\t\t\t\t\t\r\n\t\r\n\t\t\t\t<\/div>\r\n\r\n\t\t \r\n\t\t\t\r\n\t\t\t\r\n\t\t\t\r\n\r\n\t\t\t\t\t\r\n\t\t <\/div> \t\r\n\t\t<\/div>\r\n\t \r\n\t  \r\n \r\n \r\n\t<\/div>\r\n<\/section>\r\n\r\n\n\n\r\n\r\n<section id=\"res-txt-block_11cb7577e4454af1889770d017f48d16\" class=\"res-block res-txt layout01 pt-2 Transparent\" style=\"background: transparent;\">\r\n  <div class=\"inner-container container-off\" data-aos=\"res-fadeIn\">\r\n \r\n\t\t  \r\n\t\t \t  \r\n      \r\n      <div class=\"layout-1 txt-section\">\r\n\t\t<div class=\"row\">\t\r\n\t\t\t\r\n\t\t\r\n\t\t\t<div class=\"col-md-10 var-1spalten text-left\">\r\n\t\t\t\t\r\n\t\t\t\t<div class=\"txt-title-field\">\r\n\t\r\n\t\t\t\t\t\r\n\r\n\t\t\t\t\r\n\t\t\t\t \r\n\t\t\t\t   <h3>Assicurazione del contenuto della casa<\/h3>\r\n\t\t\t\t\t\r\n\t\t\t\t\t \r\n\t\t\t\t\t<\/div> \r\n\t\t\t\t\t\r\n\t\t\t\t\t<div class=\"txt-textfield postContent pt-md-2\">\r\n\t\t\t\t\t\t\t\t\t\t  <p>Il rischio di <em>&#8220;incendio e pericoli naturali<\/em>&#8221; deve essere assicurato nei cantoni di <strong>Nidvaldo<\/strong>, <strong>Vaud<\/strong>, <strong>Giura<\/strong> e <strong>Friburgo<\/strong>. Nidvaldo e Giura hanno un&#8217;<em>assicurazione antincendio cantonale<\/em>, mentre nel Giura e nel Friburgo l&#8217;assicuratore pu\u00f2 essere scelto liberamente.<\/p>\n<p>Questa assicurazione copre le perdite economiche dovute a &#8220;incendio\/danni elementari&#8221;, &#8220;danni da acqua&#8221;, &#8220;rottura di vetri&#8221; e &#8220;furto&#8221;. I moduli possono essere combinati liberamente.<\/p>\n<p>Gli oggetti assicurati comprendono tutti gli oggetti mobili non fissati in modo permanente all&#8217;edificio. Immaginate di tagliare il tetto di una casa, di metterla sottosopra e che tutto ci\u00f2 che cade appartenga agli oggetti assicurati dell&#8217;assicurazione sulla mobilia domestica.<\/p>\n\t\t\t\t\t\t\t\r\n\t\t\t\t\t<\/div> \r\n\t\t\t\t\t\r\n\t\t\t\t\t <div class=\"txt-textfield-btns pt-2 \">\r\n\t\t\t\t\t\t  \r\n\t\t\t\t\t<\/div> \r\n\t\t\t\t\r\n\t\t\t\t\t\t\r\n\t\r\n\t\t\t\t<\/div>\r\n\r\n\t\t \r\n\t\t\t\r\n\t\t\t\r\n\t\t\t\r\n\r\n\t\t\t\t\t\r\n\t\t <\/div> \t\r\n\t\t<\/div>\r\n\t \r\n\t  \r\n \r\n \r\n\t<\/div>\r\n<\/section>\r\n\r\n\n\n\r\n\t<section id=\"res-collapse-block_6c22c1d407b88594374a13f8716093e7\" class=\"res-collapse pb-2 Transparent\" style=\"background: transparent;\">\r\n\t\t<div class=\"inner-container container-off\" data-aos=\"res-fadeIn\">\r\n\r\n\t\t\t<div id=\"res_collapse_TnDM5ZzeEB\" class=\"collapse-all\">\r\n\t\t\t\t\t\t\t\t\r\n\t\t\t\t<div class=\"card\">\r\n\t\t\t\t\t<a data-anchor=\"#\" class=\"collapsed\" data-toggle=\"collapse\" data-target=\"#collapse-res-collapse-block_6c22c1d407b88594374a13f8716093e7-1\" aria-expanded=\"true\" aria-controls=\"collapse-res-collapse-block_6c22c1d407b88594374a13f8716093e7-1\">\r\n\t\t\t\t\t\t<div class=\"card-header d-flex justify-content-between\" id=\"heading-res-collapse-block_6c22c1d407b88594374a13f8716093e7-1\">\r\n\r\n\t\t\t\t\t\t\t<!-- Title -->\r\n\t\t\t\t\t\t\t<h4 class=\"title-collapse\">Quando \u00e8 consigliata l&#8217;assicurazione sulla casa?<\/h4>\r\n\r\n\t\t\t\t\t\t\t<div class=\"collapse-icon\" id=\"arrow-collapse\"> <i class=\"fal fa-chevron-down rotate-icon\"><\/i><\/div>\r\n\t\t\t\t\t\t<\/div>\r\n\t\t\t\t\t<\/a>\r\n\r\n\t\t\t\t\t<div id=\"collapse-res-collapse-block_6c22c1d407b88594374a13f8716093e7-1\" class=\"collapse\" aria-labelledby=\"heading-res-collapse-block_6c22c1d407b88594374a13f8716093e7-1\" data-parent=\"#res_collapse_TnDM5ZzeEB\">\r\n\t\t\t\t\t\t<div class=\"card-body\">\r\n\t\t\t\t\t\t\t<p>Immagina che la tua casa bruci a causa di un incendio e che tutti i tuoi mobili, accessori, dispositivi elettronici, decorazioni, ecc. vengano danneggiati e debbano essere acquistati di nuovo: se non puoi permetterti di pagare di tasca tua questa somma, \u00e8 consigliabile un&#8217;assicurazione sulla casa. La scelta della somma assicurata \u00e8 molto importante: dipende dal <em>numero di stanze<\/em> e, naturalmente, dall&#8217;<em>arredamento<\/em>: si tratta di mobili costosi, hai molte decorazioni e oggetti di valore costosi? Il prezzo forfettario \u00e8 di circa 20.000 a camera con un arredamento di classe media. La cosa migliore da fare in questo caso \u00e8 fare un elenco di inventari con il tuo consulente e valutare la situazione.<\/p>\n\t\t\t\t\t\t<\/div>\r\n\t\t\t\t\t<\/div>\r\n\r\n\t\t\t\t<\/div>\r\n\r\n\t\t\t\t\t\t\t\t\t\t\t<\/div>\r\n\r\n\t\t<\/div>\r\n\t<\/section>\r\n\r\n\n\n\n<div style=\"height:40px\" aria-hidden=\"true\" class=\"wp-block-spacer\"><\/div>\n\n\n\r\n\r\n\r\n<section id=\"res-btn-block_0e2fbf36d8438c47773c9fc9eb0fa3e2\" class=\"res-block res-btn py-4 Transparent\" style=\"background: transparent;\">\r\n  <div class=\"inner-container container-off  \" data-aos=\"res-fadeIn\">\r\n\t  \r\n\t\r\n\t  \t\r\n\t  \r\n\t  \r\n\t\t<div class=\"ausrichtung-btn text-left\">\r\n\r\n\t\t\t\t\t<a class=\"btn  btn-primary \" href=\"https:\/\/onezone.ch\/it\/responsabilita-civile-e-contenuto-della-casa\/\" target=\"_self\">Richiedi un preventivo per la responsabilit\u00e0 civile della famiglia<\/a>\r\n\t\t\t\t<\/div>\r\n\t\t  \r\n\t  \r\n\t  \r\n\t  \r\n\t<\/div>\r\n<\/section>\r\n\r\n\n\n\r\n\r\n<section id=\"res-txt-block_35e72652dc2234b252378ddc90e7fe03\" class=\"res-block res-txt layout01 py-2 Grau\" style=\"background-color: #eeeff6;\">\r\n  <div class=\"inner-container container-off\" data-aos=\"res-fadeIn\">\r\n \r\n\t\t  \r\n\t\t \t  \r\n      \r\n      <div class=\"layout-1 txt-section\">\r\n\t\t<div class=\"row\">\t\r\n\t\t\t\r\n\t\t\r\n\t\t\t<div class=\"col-md-10 var-1spalten text-left\">\r\n\t\t\t\t\r\n\t\t\t\t<div class=\"txt-title-field\">\r\n\t\r\n\t\t\t\t\t\r\n\r\n\t\t\t\t\r\n\t\t\t\t \r\n\t\t\t\t   <h3>Responsabilit\u00e0 privata<\/h3>\r\n\t\t\t\t\t\r\n\t\t\t\t\t \r\n\t\t\t\t\t<\/div> \r\n\t\t\t\t\t\r\n\t\t\t\t\t<div class=\"txt-textfield postContent pt-md-2\">\r\n\t\t\t\t\t\t\t\t\t\t  <p>L&#8217;assicurazione di responsabilit\u00e0 civile privata non \u00e8 obbligatoria in Svizzera, ma \u00e8 comunque sensata.<\/p>\n<p>Questa assicurazione pu\u00f2 essere stipulata in combinazione con l&#8217;assicurazione sulla casa o separatamente. In combinazione con l&#8217;assicurazione sulla casa, beneficiai di uno sconto combinato nella maggior parte delle polizze.<\/p>\n<p>L&#8217;assicurazione di responsabilit\u00e0 civile copre gli oneri finanziari derivanti da danni che tu, in quanto privato, hai causato a terzi. La responsabilit\u00e0 civile difende anche dalle richieste ingiustificate di prestazioni, motivo per cui viene chiamata colloquialmente &#8220;tutela legale passiva&#8221;.<\/p>\n\t\t\t\t\t\t\t\r\n\t\t\t\t\t<\/div> \r\n\t\t\t\t\t\r\n\t\t\t\t\t <div class=\"txt-textfield-btns pt-2 \">\r\n\t\t\t\t\t\t  \r\n\t\t\t\t\t<\/div> \r\n\t\t\t\t\r\n\t\t\t\t\t\t\r\n\t\r\n\t\t\t\t<\/div>\r\n\r\n\t\t \r\n\t\t\t\r\n\t\t\t\r\n\t\t\t\r\n\r\n\t\t\t\t\t\r\n\t\t <\/div> \t\r\n\t\t<\/div>\r\n\t \r\n\t  \r\n \r\n \r\n\t<\/div>\r\n<\/section>\r\n\r\n\n\n\r\n\t<section id=\"res-collapse-block_1482c0e0aebd4c03b2be743907f1f14c\" class=\"res-collapse py-2 Transparent\" style=\"background: transparent;\">\r\n\t\t<div class=\"inner-container container-off\" data-aos=\"res-fadeIn\">\r\n\r\n\t\t\t<div id=\"res_collapse_pwOY7dLNnC\" class=\"collapse-all\">\r\n\t\t\t\t\t\t\t\t\r\n\t\t\t\t<div class=\"card\">\r\n\t\t\t\t\t<a data-anchor=\"#\" class=\"collapsed\" data-toggle=\"collapse\" data-target=\"#collapse-res-collapse-block_1482c0e0aebd4c03b2be743907f1f14c-1\" aria-expanded=\"true\" aria-controls=\"collapse-res-collapse-block_1482c0e0aebd4c03b2be743907f1f14c-1\">\r\n\t\t\t\t\t\t<div class=\"card-header d-flex justify-content-between\" id=\"heading-res-collapse-block_1482c0e0aebd4c03b2be743907f1f14c-1\">\r\n\r\n\t\t\t\t\t\t\t<!-- Title -->\r\n\t\t\t\t\t\t\t<h4 class=\"title-collapse\">Con un&#8217;assicurazione di responsabilit\u00e0 civile personale sei assicurazo in vari ruoli<\/h4>\r\n\r\n\t\t\t\t\t\t\t<div class=\"collapse-icon\" id=\"arrow-collapse\"> <i class=\"fal fa-chevron-down rotate-icon\"><\/i><\/div>\r\n\t\t\t\t\t\t<\/div>\r\n\t\t\t\t\t<\/a>\r\n\r\n\t\t\t\t\t<div id=\"collapse-res-collapse-block_1482c0e0aebd4c03b2be743907f1f14c-1\" class=\"collapse\" aria-labelledby=\"heading-res-collapse-block_1482c0e0aebd4c03b2be743907f1f14c-1\" data-parent=\"#res_collapse_pwOY7dLNnC\">\r\n\t\t\t\t\t\t<div class=\"card-body\">\r\n\t\t\t\t\t\t\t<p>Come <strong>privato<\/strong>, se danneggi un oggetto altrui per incuria, come <strong>genitore<\/strong> se tuo figlio manda in frantumi il vetro della finestra del vicino con una pallonata andata male mentre gioca a calcio, come <strong>proprietario di un animale domestico<\/strong> se il tuo cane impaurito morde un&#8217;altra persona, come <strong>inquilino<\/strong> se la boccetta di profumo ti scivola di mano e danneggia il lavandino del tuo appartamento in affitto, come <strong>sportivo<\/strong>, come <strong>detentore di un&#8217;arma<\/strong>, come <strong>ciclista<\/strong>, o se stai utilizzando un oggetto appartenente a un&#8217;altra persona, come la bicicletta di un collega, e la danneggi in una caduta, ecc.<\/p>\n<p><em>Importante<\/em>: al momento della stipula dell&#8217;assicurazione, \u00e8 necessario comunicare se si possiedono animali, se si va a cavallo, a caccia, se si guidano occasionalmente veicoli di propriet\u00e0 altrui. Questi rischi devono essere elencati nella polizza affinch\u00e9 la copertura sia garantita.<\/p>\n\t\t\t\t\t\t<\/div>\r\n\t\t\t\t\t<\/div>\r\n\r\n\t\t\t\t<\/div>\r\n\r\n\t\t\t\t\t\t\t\t\t\t\t<\/div>\r\n\r\n\t\t<\/div>\r\n\t<\/section>\r\n\r\n\n\n\n<div style=\"height:40px\" aria-hidden=\"true\" class=\"wp-block-spacer\"><\/div>\n\n\n\r\n\r\n<section id=\"res-txt-block_dbebdde58fb24d68dca3315de6d54a52\" class=\"res-block res-txt layout01 pt-2 Transparent\" style=\"background: transparent;\">\r\n  <div class=\"inner-container container-off\" data-aos=\"res-fadeIn\">\r\n \r\n\t\t  \r\n\t\t \t  \r\n      \r\n      <div class=\"layout-1 txt-section\">\r\n\t\t<div class=\"row\">\t\r\n\t\t\t\r\n\t\t\r\n\t\t\t<div class=\"col-md-10 var-1spalten text-left\">\r\n\t\t\t\t\r\n\t\t\t\t<div class=\"txt-title-field\">\r\n\t\r\n\t\t\t\t\t\r\n\r\n\t\t\t\t\r\n\t\t\t\t \r\n\t\t\t\t   <h3>Assicurazione edifici<\/h3>\r\n\t\t\t\t\t\r\n\t\t\t\t\t \r\n\t\t\t\t\t<\/div> \r\n\t\t\t\t\t\r\n\t\t\t\t\t<div class=\"txt-textfield postContent pt-md-2\">\r\n\t\t\t\t\t\t\t\t\t\t  <p>Se non sei affittuaro bens\u00ec il <strong>proprietario di una casa<\/strong>, devi stipulare anche un&#8217;assicurazione (antiincendio) dell&#8217;edificio, a determinate condizioni.<\/p>\n<p>Questa assicurazione \u00e8 obbligatoria in 22 cantoni e deve essere stipulata con una compagnia cantonale di assicurazione antincendio. L&#8217;assicurazione \u00e8 facoltativa nei cantoni: <em>Ginevra<\/em>, <em>Ticino<\/em>, <em>Appenzello<\/em> <em>Interno<\/em>, <em>Vallese<\/em>. Anche nei cantoni di <em>Uri<\/em>, <em>Svitto<\/em> e <em>Obvaldo<\/em> l&#8217;assicurazione \u00e8 obbligatoria, ma l&#8217;assicuratore pu\u00f2 essere scelto liberamente e non \u00e8 obbligatorio assicurarsi presso l&#8217;ufficio cantonale.<\/p>\n<p>A differenza dell&#8217;assicurazione sulla casa, in questo caso sono assicurate le &#8220;parti&#8221; collegate all&#8217;edificio, ossia l&#8217;edificio stesso con i suoi componenti (tetto, finestre, porte,&#8230;) e l&#8217;arredamento strutturale (armadi a muro, cucina incorporata,&#8230;). I rischi assicurati sono gli stessi delle assicurazioni domestiche: incendio, furto, acqua e rottura di vetri.<\/p>\n<p>Qui \u00e8 possibile stipulare anche una <strong>copertura di responsabilit\u00e0 civile<\/strong>. In particolare, dovrebbe essere stipulata dai proprietari che possiedono un condominio con pi\u00f9 di 3 appartamenti, o che affittano l&#8217;appartamento occupato dal proprietario come casa per le vacanze, o che possiedono un condominio con meno di 3 appartamenti ma non ne occupano almeno uno. I proprietari che non soddisfano le condizioni citate non hanno bisogno di un&#8217;assicurazione di responsabilit\u00e0 civile per l&#8217;edificio, perch\u00e9 la copertura della responsabilit\u00e0 civile in questi casi \u00e8 gi\u00e0 coperta dalla responsabilit\u00e0 privata.<\/p>\n<p>&nbsp;<\/p>\n\t\t\t\t\t\t\t\r\n\t\t\t\t\t<\/div> \r\n\t\t\t\t\t\r\n\t\t\t\t\t <div class=\"txt-textfield-btns pt-2 \">\r\n\t\t\t\t\t\t  \r\n\t\t\t\t\t<\/div> \r\n\t\t\t\t\r\n\t\t\t\t\t\t\r\n\t\r\n\t\t\t\t<\/div>\r\n\r\n\t\t \r\n\t\t\t\r\n\t\t\t\r\n\t\t\t\r\n\r\n\t\t\t\t\t\r\n\t\t <\/div> \t\r\n\t\t<\/div>\r\n\t \r\n\t  \r\n \r\n \r\n\t<\/div>\r\n<\/section>\r\n\r\n\n\n\n<div style=\"height:40px\" aria-hidden=\"true\" class=\"wp-block-spacer\"><\/div>\n\n\n\r\n\r\n<section id=\"res-txt-block_b4f1343bf4601256e9818b6916674c16\" class=\"res-block res-txt layout01 py-2 Grau\" style=\"background-color: #eeeff6;\">\r\n  <div class=\"inner-container container-off\" data-aos=\"res-fadeIn\">\r\n \r\n\t\t  \r\n\t\t \t  \r\n      \r\n      <div class=\"layout-1 txt-section\">\r\n\t\t<div class=\"row\">\t\r\n\t\t\t\r\n\t\t\r\n\t\t\t<div class=\"col-md-10 var-1spalten text-left\">\r\n\t\t\t\t\r\n\t\t\t\t<div class=\"txt-title-field\">\r\n\t\r\n\t\t\t\t\t\r\n\r\n\t\t\t\t\r\n\t\t\t\t \r\n\t\t\t\t   <h3>Assicurazione oggetti di valore<\/h3>\r\n\t\t\t\t\t\r\n\t\t\t\t\t \r\n\t\t\t\t\t<\/div> \r\n\t\t\t\t\t\r\n\t\t\t\t\t<div class=\"txt-textfield postContent pt-md-2\">\r\n\t\t\t\t\t\t\t\t\t\t  <p>Se possedete diversi gioielli costosi, quadri, vasi di valore, orologi da polso costosi, pellicce o altri oggetti di valore, vale la pena di stipulare una polizza di assicurazione per oggetti di valore separata in aggiunta alla polizza di assicurazione del contenuto dell&#8217;abitazione, che gi\u00e0 copre un importo di oggetti di valore concordato in base alla polizza.<\/p>\n<p>Questa assicurazione risarcisce i tuoi oggetti di valore in &#8220;all risk&#8221;, cio\u00e8 oltre ai danni causati da acqua, incendio, furto o rottura di vetri, anche in caso di perdita, smarrimento, distruzione (ossia da eventi diversi da quelli naturali).<\/p>\n<p>Un&#8217;assicurazione di questo tipo \u00e8 solitamente conveniente se si possiedono oggetti di valore pari o superiore a CHF 3000. Altrimenti, questo potrebbe gi\u00e0 essere incluso e assicurato nell&#8217;assicurazione domestica senza un eccessivo sovrapprezzo.<\/p>\n\t\t\t\t\t\t\t\r\n\t\t\t\t\t<\/div> \r\n\t\t\t\t\t\r\n\t\t\t\t\t <div class=\"txt-textfield-btns pt-2 \">\r\n\t\t\t\t\t\t  \r\n\t\t\t\t\t<\/div> \r\n\t\t\t\t\r\n\t\t\t\t\t\t\r\n\t\r\n\t\t\t\t<\/div>\r\n\r\n\t\t \r\n\t\t\t\r\n\t\t\t\r\n\t\t\t\r\n\r\n\t\t\t\t\t\r\n\t\t <\/div> \t\r\n\t\t<\/div>\r\n\t \r\n\t  \r\n \r\n \r\n\t<\/div>\r\n<\/section>\r\n\r\n\n\n\n<div style=\"height:80px\" aria-hidden=\"true\" class=\"wp-block-spacer\"><\/div>\n\n\n\n<h2 class=\"wp-block-heading\" id=\"h-cos-altro-c-e\">Cos&#8217;altro c&#8217;\u00e8<\/h2>\n\n\n\r\n  \r\n\t<style>\r\n\t\t.link-anker-with-no-padding {padding: 0 !important;}\r\n  <\/style>\r\n\r\n<section id=\"assicurazioni\" class=\"res-block res-link-anker py-4  link-anker-with-no-padding\" style=\"sfondo: trasparente;\">\r\n  <div class=\"inner-container contenitore-off\" data-aos=\"res-fadeIn\">\r\n\t\r\n\t\t\r\n\t  \r\n\r\n\t<\/div>\r\n<\/section>\n\n\t<section id=\"res-slider-content-block_7f359cbde6538d31dc05096540764b8e\" class=\"res-block res-slider-content py-4 Transparent\" style=\"background: transparent;\">\r\n\t\t<div class=\"inner-container container-off\" data-aos=\"res-fadeIn\">\r\n\t\t\t<div class=\"slider-outside-frame\r\n\t\t\t\tno-center-mode-desktop\t\t\t\t\">\r\n\r\n\t\t\t\t<style>\r\n                    #res-slider-content-block_7f359cbde6538d31dc05096540764b8e .box-item {margin-right: 10px;}\r\n\t\t\t\t\t\r\n                    @media only screen and (min-width: 970px) {\r\n\t\t\t\t\t                    #res-slider-content-block_7f359cbde6538d31dc05096540764b8e .box-item .postContent h2,\r\n                    #res-slider-content-block_7f359cbde6538d31dc05096540764b8e .box-item .postContent h3,\r\n                    #res-slider-content-block_7f359cbde6538d31dc05096540764b8e .box-item .postContent h4 {\r\n                      font-size: 100%; line-height: 120%;font-weight: 400;}\r\n                    #res-slider-content-block_7f359cbde6538d31dc05096540764b8e .box-item .postContent .vorschau-text {font-size: 90%; line-height: 140%;}\r\n\t\t\t\t\t\r\n\t\t\t\t\t\t\t\t\t\t#res-slider-content-block_7f359cbde6538d31dc05096540764b8e.alignfull .no-center-mode-desktop .slider {margin-left: 100px;}\r\n\t\t\t\t\t\r\n\t\t\t\t\t\r\n                    }\r\n\t\t\t\t<\/style>\r\n\r\n\t\t\t\t\t\t\t\t\t\t\r\n\r\n\r\n\t\t\t\t\t\t<div id=\"res_slider_content_oTYxpIqVl3\"\r\n\t\t\t\t\t\t\t class=\"slider d-md-block d-block equal-boxheight\" >\r\n\t\t\t\t\t\t\t\r\n\t\t\t\t\t\t\t\t\t\t\t\t\t\t\t\t\t\t<div class=\"box-item my-1 boxlayout01  icon-slider \r\n\t\t\t\t\t\t\t\t\t\t\t\" data-aos=\"res-rightIncoming\">\r\n\r\n\t\t\t\t\t\t\t\t\t\t\t<div class=\"box-inner shadow scale-sliderbox h-100\">\r\n\r\n\t\t\t\t\t\t\t\t\t\t\t\t\t\t\t\t\t\t\t\t\t\t\t\t<a href=\"https:\/\/onezone.ch\/it\/assicurazione-del-deposito-per-laffitto\/\" target=\"_parent\">\r\n\t\t\t\t\t\t\t\t\t\t\t\t\t\t\t\t\t\t\t\t\t\t\t\t\t\t<div class=\"postBox text-left\">\r\n\r\n\t\t\t\t\t\t\t\t\t\t\t\t\t\t\t\t\t\t\t\t\t\t\t\t\t\t\t\t\t<div class=\"postImg mb-1 overflow-hidden\">\r\n\t\t\t\t\t\t\t\t\t\t\t\t\t\t\t\t<img decoding=\"async\" width=\"1\" height=\"1\" src=\"https:\/\/onezone.ch\/wp-content\/uploads\/2022\/07\/icon-hausrat.svg\" class=\"img-fluid w-100 \" alt=\"icona assicurazione domestica\" \/>\t\t\t\t\t\t\t\t\t\t\t\t\t\t\t<\/div>\r\n\t\t\t\t\t\t\t\t\t\t\t\t\t\t\r\n\t\t\t\t\t\t\t\t\t\t\t\t\t\t<div class=\"postContent p-2 px-md-2 pt-md-2 h-100\">\r\n\r\n\t\t\t\t\t\t\t\t\t\t\t\t\t\t\t\r\n\t\t\t\t\t\t\t\t\t\t\t\t\t\t\t<h4>Deposito per l&#8217;affitto<\/h4>\r\n\r\n\t\t\t\t\t\t\t\t\t\t\t\t\t\t\t\r\n\t\t\t\t\t\t\t\t\t\t\t\t\t\t\t\t\t\t\t\t\t\t\t\t\t\t\t\t\t\t\t\t\t\t\t\t\t\t\t\t\t\t\t\t\t\t\t\t\t\t\t\t\t\t\t\t\t\t\t\t\t\t\r\n\t\t\t\t\t\t\t\t\t\t\t\t\t\t<\/div>\r\n\t\t\t\t\t\t\t\t\t\t\t\t\t<\/div>\r\n\r\n\t\t\t\t\t\t\t\t\t\t\t\t\t\t\t\t\t\t\t\t\t\t\t\t\t<\/a>\r\n\t\t\t\t\t\t\t\t\t\t\t\r\n\t\t\t\t\t\t\t\t\t\t\t\r\n\t\t\t\t\t\t\t\t\t\t\t<\/div>\r\n\r\n\t\t\t\t\t\t\t\t\t\t<\/div>\r\n\t\t\t\t\t\t\t\t\t\r\n\t\t\t\t\t\t\t\t\t\t\t\t\t\t\t\t\t\t<div class=\"box-item my-1 boxlayout01  icon-slider \r\n\t\t\t\t\t\t\t\t\t\t\t\" data-aos=\"res-rightIncoming\">\r\n\r\n\t\t\t\t\t\t\t\t\t\t\t<div class=\"box-inner shadow scale-sliderbox h-100\">\r\n\r\n\t\t\t\t\t\t\t\t\t\t\t\t\t\t\t\t\t\t\t\t\t\t\t\t<a href=\"https:\/\/onezone.ch\/it\/assicurazione-di-tutela-legale\/\" target=\"_parent\">\r\n\t\t\t\t\t\t\t\t\t\t\t\t\t\t\t\t\t\t\t\t\t\t\t\t\t\t<div class=\"postBox text-left\">\r\n\r\n\t\t\t\t\t\t\t\t\t\t\t\t\t\t\t\t\t\t\t\t\t\t\t\t\t\t\t\t\t<div class=\"postImg mb-1 overflow-hidden\">\r\n\t\t\t\t\t\t\t\t\t\t\t\t\t\t\t\t<img decoding=\"async\" width=\"1\" height=\"1\" src=\"https:\/\/onezone.ch\/wp-content\/uploads\/2022\/07\/icon-zusatzversicherung.svg\" class=\"img-fluid w-100 \" alt=\"icona Schtuz\" \/>\t\t\t\t\t\t\t\t\t\t\t\t\t\t\t<\/div>\r\n\t\t\t\t\t\t\t\t\t\t\t\t\t\t\r\n\t\t\t\t\t\t\t\t\t\t\t\t\t\t<div class=\"postContent p-2 px-md-2 pt-md-2 h-100\">\r\n\r\n\t\t\t\t\t\t\t\t\t\t\t\t\t\t\t\r\n\t\t\t\t\t\t\t\t\t\t\t\t\t\t\t<h4>Assicurazione di tutela legale<\/h4>\r\n\r\n\t\t\t\t\t\t\t\t\t\t\t\t\t\t\t\r\n\t\t\t\t\t\t\t\t\t\t\t\t\t\t\t\t\t\t\t\t\t\t\t\t\t\t\t\t\t\t\t\t\t\t\t\t\t\t\t\t\t\t\t\t\t\t\t\t\t\t\t\t\t\t\t\t\t\t\t\t\t\t\r\n\t\t\t\t\t\t\t\t\t\t\t\t\t\t<\/div>\r\n\t\t\t\t\t\t\t\t\t\t\t\t\t<\/div>\r\n\r\n\t\t\t\t\t\t\t\t\t\t\t\t\t\t\t\t\t\t\t\t\t\t\t\t\t<\/a>\r\n\t\t\t\t\t\t\t\t\t\t\t\r\n\t\t\t\t\t\t\t\t\t\t\t\r\n\t\t\t\t\t\t\t\t\t\t\t<\/div>\r\n\r\n\t\t\t\t\t\t\t\t\t\t<\/div>\r\n\t\t\t\t\t\t\t\t\t\r\n\t\t\t\t\t\t\t\t\t\t\t\t\t\t\t\t\t\t<div class=\"box-item my-1 boxlayout01  icon-slider \r\n\t\t\t\t\t\t\t\t\t\t\t\" data-aos=\"res-rightIncoming\">\r\n\r\n\t\t\t\t\t\t\t\t\t\t\t<div class=\"box-inner shadow scale-sliderbox h-100\">\r\n\r\n\t\t\t\t\t\t\t\t\t\t\t\t\t\t\t\t\t\t\t\t\t\t\t\t<a href=\"https:\/\/onezone.ch\/it\/assicurazione-di-viaggio\/\" target=\"_parent\">\r\n\t\t\t\t\t\t\t\t\t\t\t\t\t\t\t\t\t\t\t\t\t\t\t\t\t\t<div class=\"postBox text-left\">\r\n\r\n\t\t\t\t\t\t\t\t\t\t\t\t\t\t\t\t\t\t\t\t\t\t\t\t\t\t\t\t\t<div class=\"postImg mb-1 overflow-hidden\">\r\n\t\t\t\t\t\t\t\t\t\t\t\t\t\t\t\t<img decoding=\"async\" width=\"1\" height=\"1\" src=\"https:\/\/onezone.ch\/wp-content\/uploads\/2022\/07\/icon-notfaelle-ausland.svg\" class=\"img-fluid w-100 \" alt=\"assicurazione viaggio icon\" \/>\t\t\t\t\t\t\t\t\t\t\t\t\t\t\t<\/div>\r\n\t\t\t\t\t\t\t\t\t\t\t\t\t\t\r\n\t\t\t\t\t\t\t\t\t\t\t\t\t\t<div class=\"postContent p-2 px-md-2 pt-md-2 h-100\">\r\n\r\n\t\t\t\t\t\t\t\t\t\t\t\t\t\t\t\r\n\t\t\t\t\t\t\t\t\t\t\t\t\t\t\t<h4>Assicurazione di viaggio<\/h4>\r\n\r\n\t\t\t\t\t\t\t\t\t\t\t\t\t\t\t\r\n\t\t\t\t\t\t\t\t\t\t\t\t\t\t\t\t\t\t\t\t\t\t\t\t\t\t\t\t\t\t\t\t\t\t\t\t\t\t\t\t\t\t\t\t\t\t\t\t\t\t\t\t\t\t\t\t\t\t\t\t\t\t\r\n\t\t\t\t\t\t\t\t\t\t\t\t\t\t<\/div>\r\n\t\t\t\t\t\t\t\t\t\t\t\t\t<\/div>\r\n\r\n\t\t\t\t\t\t\t\t\t\t\t\t\t\t\t\t\t\t\t\t\t\t\t\t\t<\/a>\r\n\t\t\t\t\t\t\t\t\t\t\t\r\n\t\t\t\t\t\t\t\t\t\t\t\r\n\t\t\t\t\t\t\t\t\t\t\t<\/div>\r\n\r\n\t\t\t\t\t\t\t\t\t\t<\/div>\r\n\t\t\t\t\t\t\t\t\t\r\n\t\t\t\t\t\t\t\t\t\t\t\t\t\t\t\t\t\t<div class=\"box-item my-1 boxlayout01  icon-slider \r\n\t\t\t\t\t\t\t\t\t\t\t\" data-aos=\"res-rightIncoming\">\r\n\r\n\t\t\t\t\t\t\t\t\t\t\t<div class=\"box-inner shadow scale-sliderbox h-100\">\r\n\r\n\t\t\t\t\t\t\t\t\t\t\t\t\t\t\t\t\t\t\t\t\t\t\t\t<a href=\"https:\/\/onezone.ch\/it\/assicurazione-animali-domestici\/\" target=\"_parent\">\r\n\t\t\t\t\t\t\t\t\t\t\t\t\t\t\t\t\t\t\t\t\t\t\t\t\t\t<div class=\"postBox text-left\">\r\n\r\n\t\t\t\t\t\t\t\t\t\t\t\t\t\t\t\t\t\t\t\t\t\t\t\t\t\t\t\t\t<div class=\"postImg mb-1 overflow-hidden\">\r\n\t\t\t\t\t\t\t\t\t\t\t\t\t\t\t\t<img loading=\"lazy\" decoding=\"async\" width=\"1\" height=\"1\" src=\"https:\/\/onezone.ch\/wp-content\/uploads\/2022\/07\/icon-notfaelle-ausland.svg\" class=\"img-fluid w-100 \" alt=\"\" \/>\t\t\t\t\t\t\t\t\t\t\t\t\t\t\t<\/div>\r\n\t\t\t\t\t\t\t\t\t\t\t\t\t\t\r\n\t\t\t\t\t\t\t\t\t\t\t\t\t\t<div class=\"postContent p-2 px-md-2 pt-md-2 h-100\">\r\n\r\n\t\t\t\t\t\t\t\t\t\t\t\t\t\t\t\r\n\t\t\t\t\t\t\t\t\t\t\t\t\t\t\t<h4>Assicurazione animali domestici<\/h4>\r\n\r\n\t\t\t\t\t\t\t\t\t\t\t\t\t\t\t\r\n\t\t\t\t\t\t\t\t\t\t\t\t\t\t\t\t\t\t\t\t\t\t\t\t\t\t\t\t\t\t\t\t\t\t\t\t\t\t\t\t\t\t\t\t\t\t\t\t\t\t\t\t\t\t\t\t\t\t\t\t\t\t\r\n\t\t\t\t\t\t\t\t\t\t\t\t\t\t<\/div>\r\n\t\t\t\t\t\t\t\t\t\t\t\t\t<\/div>\r\n\r\n\t\t\t\t\t\t\t\t\t\t\t\t\t\t\t\t\t\t\t\t\t\t\t\t\t<\/a>\r\n\t\t\t\t\t\t\t\t\t\t\t\r\n\t\t\t\t\t\t\t\t\t\t\t\r\n\t\t\t\t\t\t\t\t\t\t\t<\/div>\r\n\r\n\t\t\t\t\t\t\t\t\t\t<\/div>\r\n\t\t\t\t\t\t\t\t\t\t\t\t\t\t\t<\/div>\r\n\t\t\t\t\t\t\t\t<\/div>\r\n\t\t<\/div>\r\n\r\n\t\t\t<\/section>\r\n\r\n","protected":false},"excerpt":{"rendered":"<p>Assicurazione malattia obbligatoria Veicolo a motore Pensione Pilastro 3a e&#8230;<\/p>\n","protected":false},"author":2,"featured_media":0,"parent":0,"menu_order":0,"comment_status":"closed","ping_status":"closed","template":"","meta":{"_acf_changed":false,"footnotes":""},"class_list":["post-6705","page","type-page","status-publish","hentry"],"acf":[],"yoast_head":"<!-- This site is optimized with the Yoast SEO Premium plugin v23.6 (Yoast SEO v27.1.1) - https:\/\/yoast.com\/product\/yoast-seo-premium-wordpress\/ -->\n<title>Panoramica Assicurazioni: Assicurazioni svizzere - Versicherungs app - digitaler Versicherungsbroker Schweiz<\/title>\n<meta name=\"description\" content=\"Vi trasferite in Svizzera e volete sapere di quale assicurazione avete bisogno e come funziona. Qui troverete tutto ci\u00f2 di cui avete bisogno.\" \/>\n<meta name=\"robots\" content=\"index, follow, max-snippet:-1, max-image-preview:large, max-video-preview:-1\" \/>\n<link rel=\"canonical\" href=\"https:\/\/onezone.ch\/it\/panoramica-assicurazioni-svizzere\/\" \/>\n<meta property=\"og:locale\" content=\"it_IT\" \/>\n<meta property=\"og:type\" content=\"article\" \/>\n<meta property=\"og:title\" content=\"Panoramica Assicurazioni: Assicurazioni svizzere\" \/>\n<meta property=\"og:description\" content=\"Vi trasferite in Svizzera e volete sapere di quale assicurazione avete bisogno e come funziona. Qui troverete tutto ci\u00f2 di cui avete bisogno.\" \/>\n<meta property=\"og:url\" content=\"https:\/\/onezone.ch\/it\/panoramica-assicurazioni-svizzere\/\" \/>\n<meta property=\"og:site_name\" content=\"Versicherungs app - digitaler Versicherungsbroker Schweiz\" \/>\n<meta property=\"article:publisher\" content=\"https:\/\/www.facebook.com\/onezone.ch\/\" \/>\n<meta property=\"article:modified_time\" content=\"2023-08-10T13:04:11+00:00\" \/>\n<meta property=\"og:image\" content=\"https:\/\/onezone.ch\/wp-content\/uploads\/2022\/09\/fb-bild-oneZone.png\" \/>\n\t<meta property=\"og:image:width\" content=\"1640\" \/>\n\t<meta property=\"og:image:height\" content=\"924\" \/>\n\t<meta property=\"og:image:type\" content=\"image\/png\" \/>\n<meta name=\"twitter:card\" content=\"summary_large_image\" \/>\n<meta name=\"twitter:label1\" content=\"Tempo di lettura stimato\" \/>\n\t<meta name=\"twitter:data1\" content=\"1 minuto\" \/>\n<script type=\"application\/ld+json\" class=\"yoast-schema-graph\">{\"@context\":\"https:\/\/schema.org\",\"@graph\":[{\"@type\":\"WebPage\",\"@id\":\"https:\/\/onezone.ch\/it\/panoramica-assicurazioni-svizzere\/\",\"url\":\"https:\/\/onezone.ch\/it\/panoramica-assicurazioni-svizzere\/\",\"name\":\"Panoramica Assicurazioni: Assicurazioni svizzere - Versicherungs app - digitaler Versicherungsbroker Schweiz\",\"isPartOf\":{\"@id\":\"https:\/\/onezone.ch\/it\/#website\"},\"datePublished\":\"2022-08-08T14:21:31+00:00\",\"dateModified\":\"2023-08-10T13:04:11+00:00\",\"description\":\"Vi trasferite in Svizzera e volete sapere di quale assicurazione avete bisogno e come funziona. Qui troverete tutto ci\u00f2 di cui avete bisogno.\",\"breadcrumb\":{\"@id\":\"https:\/\/onezone.ch\/it\/panoramica-assicurazioni-svizzere\/#breadcrumb\"},\"inLanguage\":\"it-IT\",\"potentialAction\":[{\"@type\":\"ReadAction\",\"target\":[\"https:\/\/onezone.ch\/it\/panoramica-assicurazioni-svizzere\/\"]}]},{\"@type\":\"BreadcrumbList\",\"@id\":\"https:\/\/onezone.ch\/it\/panoramica-assicurazioni-svizzere\/#breadcrumb\",\"itemListElement\":[{\"@type\":\"ListItem\",\"position\":1,\"name\":\"Home\",\"item\":\"https:\/\/onezone.ch\/it\/\"},{\"@type\":\"ListItem\",\"position\":2,\"name\":\"Panoramica Assicurazioni: Assicurazioni svizzere\"}]},{\"@type\":\"WebSite\",\"@id\":\"https:\/\/onezone.ch\/it\/#website\",\"url\":\"https:\/\/onezone.ch\/it\/\",\"name\":\"Versicherungs app - Versicherungsbroker Schweiz\",\"description\":\"versicherungs app, digitaler versicherungsmakler schweiz, autoversicherung, lebensversicherung, s\u00e4ule 3a, rechtsschutzversicherung, krankenkasse, reiseversicherung, mietkautionsversicherung, tierversicherung, hausratversicherung, privathaftpflicht versicherung, versicherungsbroker\",\"publisher\":{\"@id\":\"https:\/\/onezone.ch\/it\/#organization\"},\"potentialAction\":[{\"@type\":\"SearchAction\",\"target\":{\"@type\":\"EntryPoint\",\"urlTemplate\":\"https:\/\/onezone.ch\/it\/?s={search_term_string}\"},\"query-input\":{\"@type\":\"PropertyValueSpecification\",\"valueRequired\":true,\"valueName\":\"search_term_string\"}}],\"inLanguage\":\"it-IT\"},{\"@type\":\"Organization\",\"@id\":\"https:\/\/onezone.ch\/it\/#organization\",\"name\":\"oneZone Versicherung Schweiz\",\"url\":\"https:\/\/onezone.ch\/it\/\",\"logo\":{\"@type\":\"ImageObject\",\"inLanguage\":\"it-IT\",\"@id\":\"https:\/\/onezone.ch\/it\/#\/schema\/logo\/image\/\",\"url\":\"https:\/\/onezone.ch\/wp-content\/uploads\/2022\/07\/onezone-logo-pos-RGB.svg\",\"contentUrl\":\"https:\/\/onezone.ch\/wp-content\/uploads\/2022\/07\/onezone-logo-pos-RGB.svg\",\"width\":1,\"height\":1,\"caption\":\"oneZone Versicherung Schweiz\"},\"image\":{\"@id\":\"https:\/\/onezone.ch\/it\/#\/schema\/logo\/image\/\"},\"sameAs\":[\"https:\/\/www.facebook.com\/onezone.ch\/\",\"https:\/\/www.instagram.com\/oneZone.ch\/\",\"https:\/\/www.youtube.com\/channel\/UCkADqFvOChofZlL-UkA85mg\/featured\"]}]}<\/script>\n<!-- \/ Yoast SEO Premium plugin. -->","yoast_head_json":{"title":"Panoramica Assicurazioni: Assicurazioni svizzere - Versicherungs app - digitaler Versicherungsbroker Schweiz","description":"Vi trasferite in Svizzera e volete sapere di quale assicurazione avete bisogno e come funziona. Qui troverete tutto ci\u00f2 di cui avete bisogno.","robots":{"index":"index","follow":"follow","max-snippet":"max-snippet:-1","max-image-preview":"max-image-preview:large","max-video-preview":"max-video-preview:-1"},"canonical":"https:\/\/onezone.ch\/it\/panoramica-assicurazioni-svizzere\/","og_locale":"it_IT","og_type":"article","og_title":"Panoramica Assicurazioni: Assicurazioni svizzere","og_description":"Vi trasferite in Svizzera e volete sapere di quale assicurazione avete bisogno e come funziona. Qui troverete tutto ci\u00f2 di cui avete bisogno.","og_url":"https:\/\/onezone.ch\/it\/panoramica-assicurazioni-svizzere\/","og_site_name":"Versicherungs app - digitaler Versicherungsbroker Schweiz","article_publisher":"https:\/\/www.facebook.com\/onezone.ch\/","article_modified_time":"2023-08-10T13:04:11+00:00","og_image":[{"width":1640,"height":924,"url":"https:\/\/onezone.ch\/wp-content\/uploads\/2022\/09\/fb-bild-oneZone.png","type":"image\/png"}],"twitter_card":"summary_large_image","twitter_misc":{"Tempo di lettura stimato":"1 minuto"},"schema":{"@context":"https:\/\/schema.org","@graph":[{"@type":"WebPage","@id":"https:\/\/onezone.ch\/it\/panoramica-assicurazioni-svizzere\/","url":"https:\/\/onezone.ch\/it\/panoramica-assicurazioni-svizzere\/","name":"Panoramica Assicurazioni: Assicurazioni svizzere - Versicherungs app - digitaler Versicherungsbroker Schweiz","isPartOf":{"@id":"https:\/\/onezone.ch\/it\/#website"},"datePublished":"2022-08-08T14:21:31+00:00","dateModified":"2023-08-10T13:04:11+00:00","description":"Vi trasferite in Svizzera e volete sapere di quale assicurazione avete bisogno e come funziona. Qui troverete tutto ci\u00f2 di cui avete bisogno.","breadcrumb":{"@id":"https:\/\/onezone.ch\/it\/panoramica-assicurazioni-svizzere\/#breadcrumb"},"inLanguage":"it-IT","potentialAction":[{"@type":"ReadAction","target":["https:\/\/onezone.ch\/it\/panoramica-assicurazioni-svizzere\/"]}]},{"@type":"BreadcrumbList","@id":"https:\/\/onezone.ch\/it\/panoramica-assicurazioni-svizzere\/#breadcrumb","itemListElement":[{"@type":"ListItem","position":1,"name":"Home","item":"https:\/\/onezone.ch\/it\/"},{"@type":"ListItem","position":2,"name":"Panoramica Assicurazioni: Assicurazioni svizzere"}]},{"@type":"WebSite","@id":"https:\/\/onezone.ch\/it\/#website","url":"https:\/\/onezone.ch\/it\/","name":"Versicherungs app - Versicherungsbroker Schweiz","description":"versicherungs app, digitaler versicherungsmakler schweiz, autoversicherung, lebensversicherung, s\u00e4ule 3a, rechtsschutzversicherung, krankenkasse, reiseversicherung, mietkautionsversicherung, tierversicherung, hausratversicherung, privathaftpflicht versicherung, versicherungsbroker","publisher":{"@id":"https:\/\/onezone.ch\/it\/#organization"},"potentialAction":[{"@type":"SearchAction","target":{"@type":"EntryPoint","urlTemplate":"https:\/\/onezone.ch\/it\/?s={search_term_string}"},"query-input":{"@type":"PropertyValueSpecification","valueRequired":true,"valueName":"search_term_string"}}],"inLanguage":"it-IT"},{"@type":"Organization","@id":"https:\/\/onezone.ch\/it\/#organization","name":"oneZone Versicherung Schweiz","url":"https:\/\/onezone.ch\/it\/","logo":{"@type":"ImageObject","inLanguage":"it-IT","@id":"https:\/\/onezone.ch\/it\/#\/schema\/logo\/image\/","url":"https:\/\/onezone.ch\/wp-content\/uploads\/2022\/07\/onezone-logo-pos-RGB.svg","contentUrl":"https:\/\/onezone.ch\/wp-content\/uploads\/2022\/07\/onezone-logo-pos-RGB.svg","width":1,"height":1,"caption":"oneZone Versicherung Schweiz"},"image":{"@id":"https:\/\/onezone.ch\/it\/#\/schema\/logo\/image\/"},"sameAs":["https:\/\/www.facebook.com\/onezone.ch\/","https:\/\/www.instagram.com\/oneZone.ch\/","https:\/\/www.youtube.com\/channel\/UCkADqFvOChofZlL-UkA85mg\/featured"]}]}},"_links":{"self":[{"href":"https:\/\/onezone.ch\/it\/wp-json\/wp\/v2\/pages\/6705","targetHints":{"allow":["GET"]}}],"collection":[{"href":"https:\/\/onezone.ch\/it\/wp-json\/wp\/v2\/pages"}],"about":[{"href":"https:\/\/onezone.ch\/it\/wp-json\/wp\/v2\/types\/page"}],"author":[{"embeddable":true,"href":"https:\/\/onezone.ch\/it\/wp-json\/wp\/v2\/users\/2"}],"replies":[{"embeddable":true,"href":"https:\/\/onezone.ch\/it\/wp-json\/wp\/v2\/comments?post=6705"}],"version-history":[{"count":50,"href":"https:\/\/onezone.ch\/it\/wp-json\/wp\/v2\/pages\/6705\/revisions"}],"predecessor-version":[{"id":14715,"href":"https:\/\/onezone.ch\/it\/wp-json\/wp\/v2\/pages\/6705\/revisions\/14715"}],"wp:attachment":[{"href":"https:\/\/onezone.ch\/it\/wp-json\/wp\/v2\/media?parent=6705"}],"curies":[{"name":"wp","href":"https:\/\/api.w.org\/{rel}","templated":true}]}}